{"id":11,"date":"2020-08-10T05:01:12","date_gmt":"2020-08-10T05:01:12","guid":{"rendered":"https:\/\/enfermeriayvacunas.es\/faq\/?page_id=11"},"modified":"2021-12-14T20:38:05","modified_gmt":"2021-12-14T20:38:05","slug":"faq-sobre-vacunas-y-vacunaciones","status":"publish","type":"page","link":"https:\/\/enfermeriayvacunas.es\/faq\/","title":{"rendered":"FAQ Sobre vacunas y vacunaciones"},"content":{"rendered":"\t\t<div data-elementor-type=\"wp-page\" data-elementor-id=\"11\" class=\"elementor elementor-11\">\n\t\t\t\t\t\t<section class=\"elementor-section elementor-top-section elementor-element elementor-element-3c8a29db elementor-section-boxed elementor-section-height-default elementor-section-height-default\" data-id=\"3c8a29db\" data-element_type=\"section\" data-e-type=\"section\">\n\t\t\t\t\t\t<div class=\"elementor-container elementor-column-gap-default\">\n\t\t\t\t\t<div class=\"elementor-column elementor-col-100 elementor-top-column elementor-element elementor-element-604fb4b7\" data-id=\"604fb4b7\" data-element_type=\"column\" data-e-type=\"column\">\n\t\t\t<div class=\"elementor-widget-wrap elementor-element-populated\">\n\t\t\t\t\t\t<div class=\"elementor-element elementor-element-1416384d elementor-widget elementor-widget-text-editor\" data-id=\"1416384d\" data-element_type=\"widget\" data-e-type=\"widget\" data-widget_type=\"text-editor.default\">\n\t\t\t\t<div class=\"elementor-widget-container\">\n\t\t\t\t\t\t\t\t\t<p><\/p>\n<figure class=\"wp-block-pullquote has-background is-style-solid-color\" style=\"background-color:#f1efef\">\n<blockquote class=\"has-text-color\" style=\"color:#111111\">\n<p>Introduzca los datos de su pregunta en el buscador, si no encuentra la respuesta, puede enviarla a trav\u00e9s del formulario y le responderemos a la mayor brevedad posible.<\/p>\n<\/blockquote>\n<\/figure>\n<p><\/p>\n<p><p><\/p>\n<div id=\"epkb-modular-main-page-container\" role=\"main\" aria-labelledby=\"epkb-modular-main-page-container\" class=\"epkb-css-full-reset eckb_mp_active_theme_twentynineteen\">\n<div id=\"epkb-ml__row-1\" data-feature=\"search\" class=\"epkb-ml__row\">\n<div id=\"epkb-ml__module-search\" class=\"epkb-ml__module \">\n\t\t\t<!-- Classic Search Layout --><\/p>\n<div id=\"epkb-ml-search-classic-layout\">\n<h2 class=\"epkb-ml-search-title\">\u00bfEn qu\u00e9 podemos ayudarte?<\/h2>\n<form id=\"epkb-ml-search-form\" class=\"epkb-ml-search-input-height--large\" method=\"get\" onsubmit=\"return false;\" data-collection-id=\"1\" data-collection-token=\"b23d1f12f7\">\n\t\t\t\t<input type=\"hidden\" id=\"epkb_kb_id\" value=\"1\" ><\/p>\n<p>\t\t\t\t<!-- Search Input Box --><\/p>\n<div id=\"epkb-ml-search-box\">\n\t\t\t\t\t<input class=\"epkb-ml-search-box__input\" type=\"text\" name=\"s\" value=\"\" aria-label=\"Buscar la documentaci\u00f3n...\"\n\t\t\t\t\t        placeholder=\"Buscar la documentaci\u00f3n...\" aria-controls=\"epkb-ml-search-results\" ><br \/>\n\t\t\t\t\t<button class=\"epkb-ml-search-box__btn\" type=\"submit\"><br \/>\n                        <span class=\"epkb-ml-search-box__text\"> Buscar<\/span><br \/>\n                        <span class=\"epkbfa epkbfa-spinner epkbfa-ml-loading-icon\"><\/span><br \/>\n                    <\/button>\n\t\t\t\t<\/div>\n<p>\t\t\t\t<!-- Search Results --><\/p>\n<div id=\"epkb-ml-search-results\" aria-live=\"polite\"><\/div>\n<\/p><\/form>\n<\/p><\/div>\n<\/p><\/div>\n<\/p><\/div>\n<div id=\"epkb-ml__row-2\" data-feature=\"categories_articles\" class=\"epkb-ml__row\">\n<div id=\"epkb-ml__module-categories-articles\" class=\"epkb-ml__module \">\n<div id=\"epkb-ml-basic-layout\" role=\"main\" aria-labelledby=\"epkb-ml-basic-layout\" class=\"epkb-layout-container epkb-css-full-reset epkb-basic-template\">\n<div id=\"epkb-content-container\">\n<div class=\"epkb-section-container\">\n<div class=\"epkb-one-col eckb-categories-list\" >\n<div class=\"epkb-ml__module-categories-articles__row\">\n\t\t\t\t<!-- Section Container ( Category Box ) --><\/p>\n<section id=\"epkb_cat_1\" class=\"no_shadow epkb-top-category-box\"  style=\"border-radius: 4px; border-width: 1px; border-color: #f7f7f7; background-color: #ffffff; border-style: solid;\"  >\n<p>\t\t\t\t\t<!-- Section Head --><\/p>\n<div class=\"section-head section_divider\"  style=\"--section-head-bg: #ffffff; border-bottom-width: 5px; background-color: #ffffff; border-top-left-radius: 4px; border-top-right-radius: 4px; border-bottom-color: #edf2f6; padding-top: 10px; padding-bottom: 10px; padding-left: 4px; padding-right: 4px;\"  >\n<p>\t\t\t\t\t\t<!-- Category Name + Icon --><\/p>\n<div class=\"epkb-category-level-1 epkb-category--left-cat-icon\" aria-expanded=\"false\"\n\t\t\t\t\t\t            data-kb-category-id=\"9\" data-kb-type=\"category\"  style=\"color: #40474f; text-align: start; justify-content: flex-start; padding-left: 10px;\"  role=\"region\"><\/p>\n<p>\t\t\t\t\t\t\t<!-- Icon Top \/ Left -->\t                            \t\t\t\t\t\t\t\t\t<span class=\"epkb-cat-icon epkbfa ep_font_icon_folder\" data-kb-category-icon=\"ep_font_icon_folder\"  style=\"color: #f7941d; font-size: 21px;\" ><\/span>\t\t\t\t\t\t\t\t\t<\/p>\n<h2 class=\"epkb-cat-name\"><a href=\"https:\/\/enfermeriayvacunas.es\/faq\/faq-sobre-vacunas-y-vacunaciones\/categor\u00eda\/reacciones-adversas-contraindicaciones-precauciones-y-falsas-contraindicaciones\/\"  style=\"color: #40474f;\" >1. Reacciones adversas, contraindicaciones, precauciones y falsas contraindicaciones<\/a><\/h2>\n<p>\t\t\t\t\t\t\t<!-- Icon Right -->\n\t\t\t\t\t\t<\/div>\n<p>\t\t\t\t\t\t<!-- Category Description -->\t\t\t\t\t\t\t\t\t\t\t<\/div>\n<p>\t\t\t\t\t<!-- Section Body --><\/p>\n<div class=\"epkb-section-body\"  style=\"border-bottom-width: 1px; padding-top: 4px; padding-bottom: 4px; padding-left: 10px; padding-right: 10px;\"  >\n<ul class=\"epkb-main-category epkb-articles\"  style=\"padding-left: 10px;\"  data-list-id=\"9\">\n<li class=\"epkb-article-level-1 \" data-kb-article-id=\"594\"\n\t\t\t\t        data-kb-type=\"article\"  style=\"padding-bottom: 8px; padding-top: 8px;\"  ><br \/>\n\t\t<a href=\"https:\/\/enfermeriayvacunas.es\/faq\/faq-sobre-vacunas-y-vacunaciones\/cual-es-la-distancia-que-se-debe-dejar-entre-2-tipos-diferentes-de-vacuna-que-se-administren-en-el-mismo-miembro-y-o-en-la-misma-zona-anatomica\/\"  class=\"epkb-mp-article \"\n\t\t            data-kb-article-id=\"594\" ><br \/>\n\t\t\t<span class=\"eckb-article-title\"  style=\"color: #dd9933;\"  ><br \/>\n\t\t\t\t<span class=\"eckb-article-title__icon ep_font_icon_document\"  style=\"color: #b3b3b3;\"  aria-hidden=\"true\"><\/span><br \/>\n\t\t\t\t<span class=\"eckb-article-title__text\" >\u00bfCu\u00e1l es la distancia que se debe dejar entre 2 tipos diferentes de vacuna que se administren en el mismo miembro y\/o en la misma zona anat\u00f3mica?<\/span><br \/>\n\t\t\t<\/span> \t\t<\/a>    \t\t\t\t<\/li>\n<li class=\"epkb-article-level-1 \" data-kb-article-id=\"623\"\n\t\t\t\t        data-kb-type=\"article\"  style=\"padding-bottom: 8px; padding-top: 8px;\"  ><br \/>\n\t\t<a href=\"https:\/\/enfermeriayvacunas.es\/faq\/faq-sobre-vacunas-y-vacunaciones\/debe-haber-un-intervalo-minimo-entre-las-vacunas-de-la-alergia-y-las-vacunas-del-nino-sano-2\/\"  class=\"epkb-mp-article \"\n\t\t            data-kb-article-id=\"623\" ><br \/>\n\t\t\t<span class=\"eckb-article-title\"  style=\"color: #dd9933;\"  ><br \/>\n\t\t\t\t<span class=\"eckb-article-title__icon ep_font_icon_document\"  style=\"color: #b3b3b3;\"  aria-hidden=\"true\"><\/span><br \/>\n\t\t\t\t<span class=\"eckb-article-title__text\" >\u00bfDebe haber un intervalo m\u00ednimo entre las vacunas de la alergia y las vacunas del ni\u00f1o sano?<\/span><br \/>\n\t\t\t<\/span> \t\t<\/a>    \t\t\t\t<\/li>\n<li class=\"epkb-article-level-1 \" data-kb-article-id=\"564\"\n\t\t\t\t        data-kb-type=\"article\"  style=\"padding-bottom: 8px; padding-top: 8px;\"  ><br \/>\n\t\t<a href=\"https:\/\/enfermeriayvacunas.es\/faq\/faq-sobre-vacunas-y-vacunaciones\/es-recomendable-el-uso-de-antitermicos-en-la-profilaxis-de-las-reacciones-adversas-2\/\"  class=\"epkb-mp-article \"\n\t\t            data-kb-article-id=\"564\" ><br \/>\n\t\t\t<span class=\"eckb-article-title\"  style=\"color: #dd9933;\"  ><br \/>\n\t\t\t\t<span class=\"eckb-article-title__icon ep_font_icon_document\"  style=\"color: #b3b3b3;\"  aria-hidden=\"true\"><\/span><br \/>\n\t\t\t\t<span class=\"eckb-article-title__text\" >\u00bfEs recomendable el uso de antit\u00e9rmicos en la profilaxis de las reacciones adversas?<\/span><br \/>\n\t\t\t<\/span> \t\t<\/a>    \t\t\t\t<\/li>\n<li class=\"epkb-article-level-1 \" data-kb-article-id=\"572\"\n\t\t\t\t        data-kb-type=\"article\"  style=\"padding-bottom: 8px; padding-top: 8px;\"  ><br \/>\n\t\t<a href=\"https:\/\/enfermeriayvacunas.es\/faq\/faq-sobre-vacunas-y-vacunaciones\/esta-contraindicada-la-administracion-de-la-vacuna-triple-virica-en-ninos-alergicos-al-huevo-2\/\"  class=\"epkb-mp-article \"\n\t\t            data-kb-article-id=\"572\" ><br \/>\n\t\t\t<span class=\"eckb-article-title\"  style=\"color: #dd9933;\"  ><br \/>\n\t\t\t\t<span class=\"eckb-article-title__icon ep_font_icon_document\"  style=\"color: #b3b3b3;\"  aria-hidden=\"true\"><\/span><br \/>\n\t\t\t\t<span class=\"eckb-article-title__text\" >\u00bfEst\u00e1 contraindicada la administraci\u00f3n de la vacuna Triple V\u00edrica en ni\u00f1os al\u00e9rgicos al huevo?<\/span><br \/>\n\t\t\t<\/span> \t\t<\/a>    \t\t\t\t<\/li>\n<li class=\"epkb-article-level-1 \" data-kb-article-id=\"611\"\n\t\t\t\t        data-kb-type=\"article\"  style=\"padding-bottom: 8px; padding-top: 8px;\"  ><br \/>\n\t\t<a href=\"https:\/\/enfermeriayvacunas.es\/faq\/faq-sobre-vacunas-y-vacunaciones\/por-que-se-deben-notificar-las-reacciones-adversas-tras-la-administracion-de-una-vacuna-2\/\"  class=\"epkb-mp-article \"\n\t\t            data-kb-article-id=\"611\" ><br \/>\n\t\t\t<span class=\"eckb-article-title\"  style=\"color: #dd9933;\"  ><br \/>\n\t\t\t\t<span class=\"eckb-article-title__icon ep_font_icon_document\"  style=\"color: #b3b3b3;\"  aria-hidden=\"true\"><\/span><br \/>\n\t\t\t\t<span class=\"eckb-article-title__text\" >\u00bfPor qu\u00e9 se deben notificar las reacciones adversas tras la administraci\u00f3n de una vacuna?<\/span><br \/>\n\t\t\t<\/span> \t\t<\/a>    \t\t\t\t<\/li>\n<li class=\"epkb-article-level-1 epkb-hide-elem\" data-kb-article-id=\"559\"\n\t\t\t\t        data-kb-type=\"article\"  style=\"padding-bottom: 8px; padding-top: 8px;\"  ><br \/>\n\t\t<a href=\"https:\/\/enfermeriayvacunas.es\/faq\/faq-sobre-vacunas-y-vacunaciones\/puede-ser-peligrosa-la-administracion-de-una-vacuna-en-una-persona-que-ha-pasado-la-enfermedad-para-la-que-se-le-esta-vacunando-2\/\"  class=\"epkb-mp-article \"\n\t\t            data-kb-article-id=\"559\" ><br \/>\n\t\t\t<span class=\"eckb-article-title\"  style=\"color: #dd9933;\"  ><br \/>\n\t\t\t\t<span class=\"eckb-article-title__icon ep_font_icon_document\"  style=\"color: #b3b3b3;\"  aria-hidden=\"true\"><\/span><br \/>\n\t\t\t\t<span class=\"eckb-article-title__text\" >\u00bfPuede ser peligrosa la administraci\u00f3n de una vacuna en una persona que ha pasado la enfermedad para la que se le est\u00e1 vacunando?<\/span><br \/>\n\t\t\t<\/span> \t\t<\/a>    \t\t\t\t<\/li>\n<li class=\"epkb-article-level-1 epkb-hide-elem\" data-kb-article-id=\"562\"\n\t\t\t\t        data-kb-type=\"article\"  style=\"padding-bottom: 8px; padding-top: 8px;\"  ><br \/>\n\t\t<a href=\"https:\/\/enfermeriayvacunas.es\/faq\/faq-sobre-vacunas-y-vacunaciones\/que-complicaciones-puede-tener-la-vacuna-frente-a-fiebre-amarilla-y-su-frecuencia-3\/\"  class=\"epkb-mp-article \"\n\t\t            data-kb-article-id=\"562\" ><br \/>\n\t\t\t<span class=\"eckb-article-title\"  style=\"color: #dd9933;\"  ><br \/>\n\t\t\t\t<span class=\"eckb-article-title__icon ep_font_icon_document\"  style=\"color: #b3b3b3;\"  aria-hidden=\"true\"><\/span><br \/>\n\t\t\t\t<span class=\"eckb-article-title__text\" >\u00bfQu\u00e9 complicaciones puede tener la vacuna frente a fiebre amarilla y su frecuencia?<\/span><br \/>\n\t\t\t<\/span> \t\t<\/a>    \t\t\t\t<\/li>\n<li class=\"epkb-article-level-1 epkb-hide-elem\" data-kb-article-id=\"557\"\n\t\t\t\t        data-kb-type=\"article\"  style=\"padding-bottom: 8px; padding-top: 8px;\"  ><br \/>\n\t\t<a href=\"https:\/\/enfermeriayvacunas.es\/faq\/faq-sobre-vacunas-y-vacunaciones\/que-diferencia-exacta-existe-entre-sindrome-vasovagal-y-anafilaxia-tras-la-adminsitracion-de-una-vacuna-2\/\"  class=\"epkb-mp-article \"\n\t\t            data-kb-article-id=\"557\" ><br \/>\n\t\t\t<span class=\"eckb-article-title\"  style=\"color: #dd9933;\"  ><br \/>\n\t\t\t\t<span class=\"eckb-article-title__icon ep_font_icon_document\"  style=\"color: #b3b3b3;\"  aria-hidden=\"true\"><\/span><br \/>\n\t\t\t\t<span class=\"eckb-article-title__text\" >\u00bfQu\u00e9 diferencia exacta existe entre s\u00edndrome vasovagal y anafilaxia, tras la adminsitraci\u00f3n\u00a0de una vacuna?<\/span><br \/>\n\t\t\t<\/span> \t\t<\/a>    \t\t\t\t<\/li>\n<li class=\"epkb-article-level-1 epkb-hide-elem\" data-kb-article-id=\"600\"\n\t\t\t\t        data-kb-type=\"article\"  style=\"padding-bottom: 8px; padding-top: 8px;\"  ><br \/>\n\t\t<a href=\"https:\/\/enfermeriayvacunas.es\/faq\/faq-sobre-vacunas-y-vacunaciones\/que-intervalo-de-tiempo-se-debe-esperar-entre-1-dosis-de-vacunas-inactivadas-y-1-dosis-de-vacuna-de-virus-vivos-atenuados-2\/\"  class=\"epkb-mp-article \"\n\t\t            data-kb-article-id=\"600\" ><br \/>\n\t\t\t<span class=\"eckb-article-title\"  style=\"color: #dd9933;\"  ><br \/>\n\t\t\t\t<span class=\"eckb-article-title__icon ep_font_icon_document\"  style=\"color: #b3b3b3;\"  aria-hidden=\"true\"><\/span><br \/>\n\t\t\t\t<span class=\"eckb-article-title__text\" >\u00bfQu\u00e9 intervalo de tiempo se debe esperar entre 1 dosis de vacunas inactivadas y 1 dosis de vacuna de virus vivos atenuados?<\/span><br \/>\n\t\t\t<\/span> \t\t<\/a>    \t\t\t\t<\/li>\n<li class=\"epkb-article-level-1 epkb-hide-elem\" data-kb-article-id=\"596\"\n\t\t\t\t        data-kb-type=\"article\"  style=\"padding-bottom: 8px; padding-top: 8px;\"  ><br \/>\n\t\t<a href=\"https:\/\/enfermeriayvacunas.es\/faq\/faq-sobre-vacunas-y-vacunaciones\/que-intervalo-de-tiempo-se-debe-esperar-entre-2-dosis-de-vacunas-de-virus-vivos-atenuados-2\/\"  class=\"epkb-mp-article \"\n\t\t            data-kb-article-id=\"596\" ><br \/>\n\t\t\t<span class=\"eckb-article-title\"  style=\"color: #dd9933;\"  ><br \/>\n\t\t\t\t<span class=\"eckb-article-title__icon ep_font_icon_document\"  style=\"color: #b3b3b3;\"  aria-hidden=\"true\"><\/span><br \/>\n\t\t\t\t<span class=\"eckb-article-title__text\" >\u00bfQu\u00e9 intervalo de tiempo se debe esperar entre 2 dosis de vacunas de virus vivos atenuados?<\/span><br \/>\n\t\t\t<\/span> \t\t<\/a>    \t\t\t\t<\/li>\n<li class=\"epkb-article-level-1 epkb-hide-elem\" data-kb-article-id=\"598\"\n\t\t\t\t        data-kb-type=\"article\"  style=\"padding-bottom: 8px; padding-top: 8px;\"  ><br \/>\n\t\t<a href=\"https:\/\/enfermeriayvacunas.es\/faq\/faq-sobre-vacunas-y-vacunaciones\/que-intervalo-de-tiempo-se-debe-esperar-entre-2-dosis-de-vacunas-inactivadas-2\/\"  class=\"epkb-mp-article \"\n\t\t            data-kb-article-id=\"598\" ><br \/>\n\t\t\t<span class=\"eckb-article-title\"  style=\"color: #dd9933;\"  ><br \/>\n\t\t\t\t<span class=\"eckb-article-title__icon ep_font_icon_document\"  style=\"color: #b3b3b3;\"  aria-hidden=\"true\"><\/span><br \/>\n\t\t\t\t<span class=\"eckb-article-title__text\" >\u00bfQu\u00e9 intervalo de tiempo se debe esperar entre 2 dosis de vacunas inactivadas?<\/span><br \/>\n\t\t\t<\/span> \t\t<\/a>    \t\t\t\t<\/li>\n<li class=\"epkb-article-level-1 epkb-hide-elem\" data-kb-article-id=\"566\"\n\t\t\t\t        data-kb-type=\"article\"  style=\"padding-bottom: 8px; padding-top: 8px;\"  ><br \/>\n\t\t<a href=\"https:\/\/enfermeriayvacunas.es\/faq\/faq-sobre-vacunas-y-vacunaciones\/que-vacunas-estan-contraindicadas-en-personas-con-alergia-al-huevo-2\/\"  class=\"epkb-mp-article \"\n\t\t            data-kb-article-id=\"566\" ><br \/>\n\t\t\t<span class=\"eckb-article-title\"  style=\"color: #dd9933;\"  ><br \/>\n\t\t\t\t<span class=\"eckb-article-title__icon ep_font_icon_document\"  style=\"color: #b3b3b3;\"  aria-hidden=\"true\"><\/span><br \/>\n\t\t\t\t<span class=\"eckb-article-title__text\" >\u00bfQu\u00e9 vacunas est\u00e1n contraindicadas en personas con alergia al huevo?<\/span><br \/>\n\t\t\t<\/span> \t\t<\/a>    \t\t\t\t<\/li>\n<li class=\"epkb-article-level-1 epkb-hide-elem\" data-kb-article-id=\"633\"\n\t\t\t\t        data-kb-type=\"article\"  style=\"padding-bottom: 8px; padding-top: 8px;\"  ><br \/>\n\t\t<a href=\"https:\/\/enfermeriayvacunas.es\/faq\/faq-sobre-vacunas-y-vacunaciones\/se-puede-administrar-a-un-lactante-de-12-meses-la-vacuna-antimeningococica-tetravalente-acwy-de-marca-comercial-menveo-2\/\"  class=\"epkb-mp-article \"\n\t\t            data-kb-article-id=\"633\" ><br \/>\n\t\t\t<span class=\"eckb-article-title\"  style=\"color: #dd9933;\"  ><br \/>\n\t\t\t\t<span class=\"eckb-article-title__icon ep_font_icon_document\"  style=\"color: #b3b3b3;\"  aria-hidden=\"true\"><\/span><br \/>\n\t\t\t\t<span class=\"eckb-article-title__text\" >\u00bfSe puede administrar a un lactante de 12 meses la vacuna antimeningoc\u00f3cica tetravalente ACWY de marca comercial Menveo?<\/span><br \/>\n\t\t\t<\/span> \t\t<\/a>    \t\t\t\t<\/li>\n<li class=\"epkb-article-level-1 epkb-hide-elem\" data-kb-article-id=\"621\"\n\t\t\t\t        data-kb-type=\"article\"  style=\"padding-bottom: 8px; padding-top: 8px;\"  ><br \/>\n\t\t<a href=\"https:\/\/enfermeriayvacunas.es\/faq\/faq-sobre-vacunas-y-vacunaciones\/se-puede-administrar-a-un-paciente-alergico-al-huevo-la-vacuna-de-la-gripe-2\/\"  class=\"epkb-mp-article \"\n\t\t            data-kb-article-id=\"621\" ><br \/>\n\t\t\t<span class=\"eckb-article-title\"  style=\"color: #dd9933;\"  ><br \/>\n\t\t\t\t<span class=\"eckb-article-title__icon ep_font_icon_document\"  style=\"color: #b3b3b3;\"  aria-hidden=\"true\"><\/span><br \/>\n\t\t\t\t<span class=\"eckb-article-title__text\" >\u00bfSe puede administrar a un paciente al\u00e9rgico al huevo la vacuna de la gripe?<\/span><br \/>\n\t\t\t<\/span> \t\t<\/a>    \t\t\t\t<\/li>\n<li class=\"epkb-article-level-1 epkb-hide-elem\" data-kb-article-id=\"615\"\n\t\t\t\t        data-kb-type=\"article\"  style=\"padding-bottom: 8px; padding-top: 8px;\"  ><br \/>\n\t\t<a href=\"https:\/\/enfermeriayvacunas.es\/faq\/faq-sobre-vacunas-y-vacunaciones\/se-pueden-administrar-una-vacuna-via-im-a-personas-que-esten-en-tratamiento-con-sintrom-2\/\"  class=\"epkb-mp-article \"\n\t\t            data-kb-article-id=\"615\" ><br \/>\n\t\t\t<span class=\"eckb-article-title\"  style=\"color: #dd9933;\"  ><br \/>\n\t\t\t\t<span class=\"eckb-article-title__icon ep_font_icon_document\"  style=\"color: #b3b3b3;\"  aria-hidden=\"true\"><\/span><br \/>\n\t\t\t\t<span class=\"eckb-article-title__text\" >\u00bfSe pueden administrar una vacuna v\u00eda IM a personas que est\u00e9n en tratamiento con Sintrom?\u00a0<\/span><br \/>\n\t\t\t<\/span> \t\t<\/a>    \t\t\t\t<\/li>\n<li class=\"epkb-article-level-1 epkb-hide-elem\" data-kb-article-id=\"582\"\n\t\t\t\t        data-kb-type=\"article\"  style=\"padding-bottom: 8px; padding-top: 8px;\"  ><br \/>\n\t\t<a href=\"https:\/\/enfermeriayvacunas.es\/faq\/faq-sobre-vacunas-y-vacunaciones\/se-pueden-administrar-vacunas-a-madres-que-esten-dando-lactancia-materna-a-sus-hijos-2\/\"  class=\"epkb-mp-article \"\n\t\t            data-kb-article-id=\"582\" ><br \/>\n\t\t\t<span class=\"eckb-article-title\"  style=\"color: #dd9933;\"  ><br \/>\n\t\t\t\t<span class=\"eckb-article-title__icon ep_font_icon_document\"  style=\"color: #b3b3b3;\"  aria-hidden=\"true\"><\/span><br \/>\n\t\t\t\t<span class=\"eckb-article-title__text\" >\u00bfSe pueden administrar vacunas a madres que est\u00e9n dando lactancia materna a sus hijos?<\/span><br \/>\n\t\t\t<\/span> \t\t<\/a>    \t\t\t\t<\/li>\n<li class=\"epkb-article-level-1 epkb-hide-elem\" data-kb-article-id=\"580\"\n\t\t\t\t        data-kb-type=\"article\"  style=\"padding-bottom: 8px; padding-top: 8px;\"  ><br \/>\n\t\t<a href=\"https:\/\/enfermeriayvacunas.es\/faq\/faq-sobre-vacunas-y-vacunaciones\/se-pueden-administrar-vacunas-a-pacientes-que-esten-en-tratamiento-con-antibioticos\/\"  class=\"epkb-mp-article \"\n\t\t            data-kb-article-id=\"580\" ><br \/>\n\t\t\t<span class=\"eckb-article-title\"  style=\"color: #dd9933;\"  ><br \/>\n\t\t\t\t<span class=\"eckb-article-title__icon ep_font_icon_document\"  style=\"color: #b3b3b3;\"  aria-hidden=\"true\"><\/span><br \/>\n\t\t\t\t<span class=\"eckb-article-title__text\" >\u00bfSe pueden administrar vacunas a pacientes que est\u00e9n en tratamiento con antibi\u00f3ticos?<\/span><br \/>\n\t\t\t<\/span> \t\t<\/a>    \t\t\t\t<\/li>\n<li class=\"epkb-article-level-1 epkb-hide-elem\" data-kb-article-id=\"574\"\n\t\t\t\t        data-kb-type=\"article\"  style=\"padding-bottom: 8px; padding-top: 8px;\"  ><br \/>\n\t\t<a href=\"https:\/\/enfermeriayvacunas.es\/faq\/faq-sobre-vacunas-y-vacunaciones\/se-pueden-administrar-vacunas-a-pacientes-que-presenten-febricula-en-el-momento-de-la-vacunacion-2\/\"  class=\"epkb-mp-article \"\n\t\t            data-kb-article-id=\"574\" ><br \/>\n\t\t\t<span class=\"eckb-article-title\"  style=\"color: #dd9933;\"  ><br \/>\n\t\t\t\t<span class=\"eckb-article-title__icon ep_font_icon_document\"  style=\"color: #b3b3b3;\"  aria-hidden=\"true\"><\/span><br \/>\n\t\t\t\t<span class=\"eckb-article-title__text\" >\u00bfSe pueden administrar vacunas a pacientes que presenten febr\u00edcula en el momento de la vacunaci\u00f3n?<\/span><br \/>\n\t\t\t<\/span> \t\t<\/a>    \t\t\t\t<\/li>\n<li class=\"epkb-article-level-1 epkb-hide-elem\" data-kb-article-id=\"576\"\n\t\t\t\t        data-kb-type=\"article\"  style=\"padding-bottom: 8px; padding-top: 8px;\"  ><br \/>\n\t\t<a href=\"https:\/\/enfermeriayvacunas.es\/faq\/faq-sobre-vacunas-y-vacunaciones\/se-pueden-administrar-vacunas-a-pacientes-que-presenten-fiebre-2\/\"  class=\"epkb-mp-article \"\n\t\t            data-kb-article-id=\"576\" ><br \/>\n\t\t\t<span class=\"eckb-article-title\"  style=\"color: #dd9933;\"  ><br \/>\n\t\t\t\t<span class=\"eckb-article-title__icon ep_font_icon_document\"  style=\"color: #b3b3b3;\"  aria-hidden=\"true\"><\/span><br \/>\n\t\t\t\t<span class=\"eckb-article-title__text\" >\u00bfSe pueden administrar vacunas a pacientes que presenten fiebre?<\/span><br \/>\n\t\t\t<\/span> \t\t<\/a>    \t\t\t\t<\/li>\n<li class=\"epkb-article-level-1 epkb-hide-elem\" data-kb-article-id=\"617\"\n\t\t\t\t        data-kb-type=\"article\"  style=\"padding-bottom: 8px; padding-top: 8px;\"  ><br \/>\n\t\t<a href=\"https:\/\/enfermeriayvacunas.es\/faq\/faq-sobre-vacunas-y-vacunaciones\/se-pueden-coadministrar-en-la-misma-visita-las-vacunas-frente-al-rotavirus-y-la-vacuna-antimeningococica-b-2\/\"  class=\"epkb-mp-article \"\n\t\t            data-kb-article-id=\"617\" ><br \/>\n\t\t\t<span class=\"eckb-article-title\"  style=\"color: #dd9933;\"  ><br \/>\n\t\t\t\t<span class=\"eckb-article-title__icon ep_font_icon_document\"  style=\"color: #b3b3b3;\"  aria-hidden=\"true\"><\/span><br \/>\n\t\t\t\t<span class=\"eckb-article-title__text\" >\u00bfSe pueden coadministrar en la misma visita las vacunas frente al rotavirus y la vacuna antimeningoc\u00f3cica B?<\/span><br \/>\n\t\t\t<\/span> \t\t<\/a>    \t\t\t\t<\/li>\n<li class=\"epkb-article-level-1 epkb-hide-elem\" data-kb-article-id=\"570\"\n\t\t\t\t        data-kb-type=\"article\"  style=\"padding-bottom: 8px; padding-top: 8px;\"  ><br \/>\n\t\t<a href=\"https:\/\/enfermeriayvacunas.es\/faq\/faq-sobre-vacunas-y-vacunaciones\/se-pueden-coadministrar-las-vacuna-antimeningococicas-b-y-acwy-2\/\"  class=\"epkb-mp-article \"\n\t\t            data-kb-article-id=\"570\" ><br \/>\n\t\t\t<span class=\"eckb-article-title\"  style=\"color: #dd9933;\"  ><br \/>\n\t\t\t\t<span class=\"eckb-article-title__icon ep_font_icon_document\"  style=\"color: #b3b3b3;\"  aria-hidden=\"true\"><\/span><br \/>\n\t\t\t\t<span class=\"eckb-article-title__text\" >\u00bfSe pueden coadministrar las vacuna antimeningoc\u00f3cicas B y ACWY?<\/span><br \/>\n\t\t\t<\/span> \t\t<\/a>    \t\t\t\t<\/li>\n<li class=\"epkb-article-level-1 epkb-hide-elem\" data-kb-article-id=\"631\"\n\t\t\t\t        data-kb-type=\"article\"  style=\"padding-bottom: 8px; padding-top: 8px;\"  ><br \/>\n\t\t<a href=\"https:\/\/enfermeriayvacunas.es\/faq\/faq-sobre-vacunas-y-vacunaciones\/se-pueden-intercambiar-las-vacunas-antimeningococicas-b-bexsero-y-trumenba-2\/\"  class=\"epkb-mp-article \"\n\t\t            data-kb-article-id=\"631\" ><br \/>\n\t\t\t<span class=\"eckb-article-title\"  style=\"color: #dd9933;\"  ><br \/>\n\t\t\t\t<span class=\"eckb-article-title__icon ep_font_icon_document\"  style=\"color: #b3b3b3;\"  aria-hidden=\"true\"><\/span><br \/>\n\t\t\t\t<span class=\"eckb-article-title__text\" >\u00bfSe pueden intercambiar las vacunas antimeningoc\u00f3cicas B, Bexsero y Trumenba?<\/span><br \/>\n\t\t\t<\/span> \t\t<\/a>    \t\t\t\t<\/li>\n<li class=\"epkb-article-level-1 epkb-hide-elem\" data-kb-article-id=\"627\"\n\t\t\t\t        data-kb-type=\"article\"  style=\"padding-bottom: 8px; padding-top: 8px;\"  ><br \/>\n\t\t<a href=\"https:\/\/enfermeriayvacunas.es\/faq\/faq-sobre-vacunas-y-vacunaciones\/se-pueden-intercambiar-las-vacunas-frente-al-rotavirus-rotateq-y-rotarix-en-el-supuesto-que-la-farmacia-no-dispusiera-de-una-de-ellas-2\/\"  class=\"epkb-mp-article \"\n\t\t            data-kb-article-id=\"627\" ><br \/>\n\t\t\t<span class=\"eckb-article-title\"  style=\"color: #dd9933;\"  ><br \/>\n\t\t\t\t<span class=\"eckb-article-title__icon ep_font_icon_document\"  style=\"color: #b3b3b3;\"  aria-hidden=\"true\"><\/span><br \/>\n\t\t\t\t<span class=\"eckb-article-title__text\" >\u00bfSe pueden intercambiar las vacunas frente al rotavirus, Rotateq y Rotarix en el supuesto que la Farmacia no dispusiera de una de ellas?<\/span><br \/>\n\t\t\t<\/span> \t\t<\/a>    \t\t\t\t<\/li>\n<li class=\"epkb-article-level-1 epkb-hide-elem\" data-kb-article-id=\"629\"\n\t\t\t\t        data-kb-type=\"article\"  style=\"padding-bottom: 8px; padding-top: 8px;\"  ><br \/>\n\t\t<a href=\"https:\/\/enfermeriayvacunas.es\/faq\/faq-sobre-vacunas-y-vacunaciones\/se-pueden-intercambiar-las-vacunas-frente-al-virus-del-papiloma-humano-cervarix-gardasil-4-y-gardasil-9-2\/\"  class=\"epkb-mp-article \"\n\t\t            data-kb-article-id=\"629\" ><br \/>\n\t\t\t<span class=\"eckb-article-title\"  style=\"color: #dd9933;\"  ><br \/>\n\t\t\t\t<span class=\"eckb-article-title__icon ep_font_icon_document\"  style=\"color: #b3b3b3;\"  aria-hidden=\"true\"><\/span><br \/>\n\t\t\t\t<span class=\"eckb-article-title__text\" >\u00bfSe pueden intercambiar las vacunas frente al virus del papiloma humano Cervarix, Gardasil 4 y Gardasil 9?<\/span><br \/>\n\t\t\t<\/span> \t\t<\/a>    \t\t\t\t<\/li>\n<li class=\"epkb-article-level-1 epkb-hide-elem\" data-kb-article-id=\"584\"\n\t\t\t\t        data-kb-type=\"article\"  style=\"padding-bottom: 8px; padding-top: 8px;\"  ><br \/>\n\t\t<a href=\"https:\/\/enfermeriayvacunas.es\/faq\/faq-sobre-vacunas-y-vacunaciones\/se-pueden-vacunar-a-ninos-que-tengan-antecedentes-familiares-de-convulsiones-tras-la-vacunacion-2\/\"  class=\"epkb-mp-article \"\n\t\t            data-kb-article-id=\"584\" ><br \/>\n\t\t\t<span class=\"eckb-article-title\"  style=\"color: #dd9933;\"  ><br \/>\n\t\t\t\t<span class=\"eckb-article-title__icon ep_font_icon_document\"  style=\"color: #b3b3b3;\"  aria-hidden=\"true\"><\/span><br \/>\n\t\t\t\t<span class=\"eckb-article-title__text\" >\u00bfSe pueden vacunar a ni\u00f1os que tengan antecedentes familiares de convulsiones tras la vacunaci\u00f3n?<\/span><br \/>\n\t\t\t<\/span> \t\t<\/a>    \t\t\t\t<\/li>\n<li class=\"epkb-article-level-1 epkb-hide-elem\" data-kb-article-id=\"603\"\n\t\t\t\t        data-kb-type=\"article\"  style=\"padding-bottom: 8px; padding-top: 8px;\"  ><br \/>\n\t\t<a href=\"https:\/\/enfermeriayvacunas.es\/faq\/faq-sobre-vacunas-y-vacunaciones\/acude-a-consulta-un-nino-de-14-anos-para-vacunacion-frente-a-td-y-nos-dice-que-esta-tomando-corticoides-inhalados-se-puede-administrar-la-vacuna-2\/\"  class=\"epkb-mp-article \"\n\t\t            data-kb-article-id=\"603\" ><br \/>\n\t\t\t<span class=\"eckb-article-title\"  style=\"color: #dd9933;\"  ><br \/>\n\t\t\t\t<span class=\"eckb-article-title__icon ep_font_icon_document\"  style=\"color: #b3b3b3;\"  aria-hidden=\"true\"><\/span><br \/>\n\t\t\t\t<span class=\"eckb-article-title__text\" >Acude a consulta un ni\u00f1o de 14 a\u00f1os para vacunaci\u00f3n frente a Td y nos dice que est\u00e1 tomando corticoides inhalados. \u00bfSe puede administrar la vacuna?<\/span><br \/>\n\t\t\t<\/span> \t\t<\/a>    \t\t\t\t<\/li>\n<li class=\"epkb-article-level-1 epkb-hide-elem\" data-kb-article-id=\"586\"\n\t\t\t\t        data-kb-type=\"article\"  style=\"padding-bottom: 8px; padding-top: 8px;\"  ><br \/>\n\t\t<a href=\"https:\/\/enfermeriayvacunas.es\/faq\/faq-sobre-vacunas-y-vacunaciones\/en-el-caso-de-tener-que-administrar-a-un-paciente-adulto-4-vacunas-en-la-misma-visita-se-pueden-administrar-vacunas-en-ambos-gluteos-2\/\"  class=\"epkb-mp-article \"\n\t\t            data-kb-article-id=\"586\" ><br \/>\n\t\t\t<span class=\"eckb-article-title\"  style=\"color: #dd9933;\"  ><br \/>\n\t\t\t\t<span class=\"eckb-article-title__icon ep_font_icon_document\"  style=\"color: #b3b3b3;\"  aria-hidden=\"true\"><\/span><br \/>\n\t\t\t\t<span class=\"eckb-article-title__text\" >En el caso de tener que administrar a un paciente adulto 4 vacunas en la misma visita. \u00bfse pueden administrar vacunas en ambos gl\u00fateos?<\/span><br \/>\n\t\t\t<\/span> \t\t<\/a>    \t\t\t\t<\/li>\n<li class=\"epkb-article-level-1 epkb-hide-elem\" data-kb-article-id=\"609\"\n\t\t\t\t        data-kb-type=\"article\"  style=\"padding-bottom: 8px; padding-top: 8px;\"  ><br \/>\n\t\t<a href=\"https:\/\/enfermeriayvacunas.es\/faq\/faq-sobre-vacunas-y-vacunaciones\/es-recomendable-esperar-siempre-tras-la-administracion-de-la-vacuna-en-el-centro-de-salud-cual-es-el-tiempo-minimo-recomendado-2\/\"  class=\"epkb-mp-article \"\n\t\t            data-kb-article-id=\"609\" ><br \/>\n\t\t\t<span class=\"eckb-article-title\"  style=\"color: #dd9933;\"  ><br \/>\n\t\t\t\t<span class=\"eckb-article-title__icon ep_font_icon_document\"  style=\"color: #b3b3b3;\"  aria-hidden=\"true\"><\/span><br \/>\n\t\t\t\t<span class=\"eckb-article-title__text\" >Es recomendable esperar siempre tras la administraci\u00f3n de la vacuna en el centro de salud. \u00bfCu\u00e1l es el tiempo m\u00ednimo recomendado?<\/span><br \/>\n\t\t\t<\/span> \t\t<\/a>    \t\t\t\t<\/li>\n<li class=\"epkb-article-level-1 epkb-hide-elem\" data-kb-article-id=\"588\"\n\t\t\t\t        data-kb-type=\"article\"  style=\"padding-bottom: 8px; padding-top: 8px;\"  ><br \/>\n\t\t<a href=\"https:\/\/enfermeriayvacunas.es\/faq\/faq-sobre-vacunas-y-vacunaciones\/si-a-un-paciente-le-administramos-una-vacuna-via-intramuscular-cuando-se-debe-hacer-via-subcutanea-se-debe-repetir-la-dosis-2\/\"  class=\"epkb-mp-article \"\n\t\t            data-kb-article-id=\"588\" ><br \/>\n\t\t\t<span class=\"eckb-article-title\"  style=\"color: #dd9933;\"  ><br \/>\n\t\t\t\t<span class=\"eckb-article-title__icon ep_font_icon_document\"  style=\"color: #b3b3b3;\"  aria-hidden=\"true\"><\/span><br \/>\n\t\t\t\t<span class=\"eckb-article-title__text\" >Si a un paciente le administramos una vacuna v\u00eda intramuscular cuando se debe hacer v\u00eda subcut\u00e1nea, \u00bfse debe repetir la dosis?<\/span><br \/>\n\t\t\t<\/span> \t\t<\/a>    \t\t\t\t<\/li>\n<li class=\"epkb-article-level-1 epkb-hide-elem\" data-kb-article-id=\"592\"\n\t\t\t\t        data-kb-type=\"article\"  style=\"padding-bottom: 8px; padding-top: 8px;\"  ><br \/>\n\t\t<a href=\"https:\/\/enfermeriayvacunas.es\/faq\/faq-sobre-vacunas-y-vacunaciones\/si-a-un-paciente-le-administramos-una-vacuna-via-subcutanea-cuando-se-debe-hacer-via-intramuscular-se-debe-repetir-la-dosis-3\/\"  class=\"epkb-mp-article \"\n\t\t            data-kb-article-id=\"592\" ><br \/>\n\t\t\t<span class=\"eckb-article-title\"  style=\"color: #dd9933;\"  ><br \/>\n\t\t\t\t<span class=\"eckb-article-title__icon ep_font_icon_document\"  style=\"color: #b3b3b3;\"  aria-hidden=\"true\"><\/span><br \/>\n\t\t\t\t<span class=\"eckb-article-title__text\" >Si a un paciente le administramos una vacuna v\u00eda subcut\u00e1nea cuando se debe hacer v\u00eda intramuscular, \u00bfse debe repetir la dosis?<\/span><br \/>\n\t\t\t<\/span> \t\t<\/a>    \t\t\t\t<\/li>\n<li class=\"epkb-article-level-1 epkb-hide-elem\" data-kb-article-id=\"619\"\n\t\t\t\t        data-kb-type=\"article\"  style=\"padding-bottom: 8px; padding-top: 8px;\"  ><br \/>\n\t\t<a href=\"https:\/\/enfermeriayvacunas.es\/faq\/faq-sobre-vacunas-y-vacunaciones\/si-administro-dos-vacunas-atenuadas-sin-respetar-el-intervalo-entre-ambas-cual-de-las-dos-se-considera-no-valida-y-habria-que-volver-a-administrar-2\/\"  class=\"epkb-mp-article \"\n\t\t            data-kb-article-id=\"619\" ><br \/>\n\t\t\t<span class=\"eckb-article-title\"  style=\"color: #dd9933;\"  ><br \/>\n\t\t\t\t<span class=\"eckb-article-title__icon ep_font_icon_document\"  style=\"color: #b3b3b3;\"  aria-hidden=\"true\"><\/span><br \/>\n\t\t\t\t<span class=\"eckb-article-title__text\" >Si administro dos vacunas atenuadas sin respetar el intervalo entre ambas \u00bfcu\u00e1l de las dos se considera no v\u00e1lida y habr\u00eda que volver a administrar?<\/span><br \/>\n\t\t\t<\/span> \t\t<\/a>    \t\t\t\t<\/li>\n<li class=\"epkb-article-level-1 epkb-hide-elem\" data-kb-article-id=\"625\"\n\t\t\t\t        data-kb-type=\"article\"  style=\"padding-bottom: 8px; padding-top: 8px;\"  ><br \/>\n\t\t<a href=\"https:\/\/enfermeriayvacunas.es\/faq\/faq-sobre-vacunas-y-vacunaciones\/si-al-administrar-una-vacuna-noto-que-refluye-sangre-hacia-la-jeringa-incluso-sin-aspirar-que-actitud-deberia-tomar-2\/\"  class=\"epkb-mp-article \"\n\t\t            data-kb-article-id=\"625\" ><br \/>\n\t\t\t<span class=\"eckb-article-title\"  style=\"color: #dd9933;\"  ><br \/>\n\t\t\t\t<span class=\"eckb-article-title__icon ep_font_icon_document\"  style=\"color: #b3b3b3;\"  aria-hidden=\"true\"><\/span><br \/>\n\t\t\t\t<span class=\"eckb-article-title__text\" >Si al administrar una vacuna, noto que refluye sangre hacia la jeringa incluso sin aspirar \u00bfqu\u00e9 actitud deber\u00eda tomar?<\/span><br \/>\n\t\t\t<\/span> \t\t<\/a>    \t\t\t\t<\/li>\n<li class=\"epkb-article-level-1 epkb-hide-elem\" data-kb-article-id=\"568\"\n\t\t\t\t        data-kb-type=\"article\"  style=\"padding-bottom: 8px; padding-top: 8px;\"  ><br \/>\n\t\t<a href=\"https:\/\/enfermeriayvacunas.es\/faq\/faq-sobre-vacunas-y-vacunaciones\/si-un-paciente-ha-sufrido-una-reaccion-vasovagal-tras-la-administracion-de-una-dosis-vacunal-esta-contraindicado-la-administracion-de-una-nueva-dosis-del-mismo-preparado-vacunal-2\/\"  class=\"epkb-mp-article \"\n\t\t            data-kb-article-id=\"568\" ><br \/>\n\t\t\t<span class=\"eckb-article-title\"  style=\"color: #dd9933;\"  ><br \/>\n\t\t\t\t<span class=\"eckb-article-title__icon ep_font_icon_document\"  style=\"color: #b3b3b3;\"  aria-hidden=\"true\"><\/span><br \/>\n\t\t\t\t<span class=\"eckb-article-title__text\" >Si un paciente ha sufrido una reacci\u00f3n vasovagal tras la administraci\u00f3n de una dosis vacunal, \u00bfest\u00e1 contraindicado la administraci\u00f3n de una nueva dosis del mismo preparado vacunal?<\/span><br \/>\n\t\t\t<\/span> \t\t<\/a>    \t\t\t\t<\/li>\n<li class=\"epkb-article-level-1 epkb-hide-elem\" data-kb-article-id=\"605\"\n\t\t\t\t        data-kb-type=\"article\"  style=\"padding-bottom: 8px; padding-top: 8px;\"  ><br \/>\n\t\t<a href=\"https:\/\/enfermeriayvacunas.es\/faq\/faq-sobre-vacunas-y-vacunaciones\/un-paciente-refiere-haber-tenido-una-reaccion-anafilactica-a-uno-de-los-compuestos-de-la-vacuna-se-debe-administrar-la-vacuna-2\/\"  class=\"epkb-mp-article \"\n\t\t            data-kb-article-id=\"605\" ><br \/>\n\t\t\t<span class=\"eckb-article-title\"  style=\"color: #dd9933;\"  ><br \/>\n\t\t\t\t<span class=\"eckb-article-title__icon ep_font_icon_document\"  style=\"color: #b3b3b3;\"  aria-hidden=\"true\"><\/span><br \/>\n\t\t\t\t<span class=\"eckb-article-title__text\" >Un paciente refiere haber tenido una reacci\u00f3n anafil\u00e1ctica a uno de los compuestos de la vacuna. \u00bfSe debe administrar la vacuna?<\/span><br \/>\n\t\t\t<\/span> \t\t<\/a>    \t\t\t\t<\/li>\n<li class=\"epkb-article-level-1 epkb-hide-elem\" data-kb-article-id=\"607\"\n\t\t\t\t        data-kb-type=\"article\"  style=\"padding-bottom: 8px; padding-top: 8px;\"  ><br \/>\n\t\t<a href=\"https:\/\/enfermeriayvacunas.es\/faq\/faq-sobre-vacunas-y-vacunaciones\/un-paciente-refiere-haber-tenido-una-reaccion-vaso-vagal-a-uno-de-los-compuestos-de-la-vacuna-se-debe-administrar-la-vacuna-2\/\"  class=\"epkb-mp-article \"\n\t\t            data-kb-article-id=\"607\" ><br \/>\n\t\t\t<span class=\"eckb-article-title\"  style=\"color: #dd9933;\"  ><br \/>\n\t\t\t\t<span class=\"eckb-article-title__icon ep_font_icon_document\"  style=\"color: #b3b3b3;\"  aria-hidden=\"true\"><\/span><br \/>\n\t\t\t\t<span class=\"eckb-article-title__text\" >Un paciente refiere haber tenido una reacci\u00f3n vaso-vagal a uno de los compuestos de la vacuna. \u00bfSe debe administrar la vacuna?<\/span><br \/>\n\t\t\t<\/span> \t\t<\/a>    \t\t\t\t<\/li>\n<\/ul>\n<p> \t\t\t<button class=\"epkb-show-all-articles\" aria-expanded=\"false\" data-btn-id=\"9\"><br \/>\n\t\t\t\t<span class=\"epkb-show-text\">\t\t\t\t\t\tMostrar todos los art\u00edculos ( 30 )<br \/>\n\t\t\t\t<\/span><br \/>\n\t\t\t\t<span class=\"epkb-hide-text epkb-hide-elem\">Contraer art\u00edculos<\/span><br \/>\n\t\t\t<\/button>\n\t\t\t\t\t<\/div>\n<p><!-- Section Body End --><\/p>\n<\/section>\n<p><!-- Section End -->  \t\t\t\t\t<\/div>\n<div class=\"epkb-ml__module-categories-articles__row\">\n\t\t\t\t<!-- Section Container ( Category Box ) --><\/p>\n<section id=\"epkb_cat_2\" class=\"no_shadow epkb-top-category-box\"  style=\"border-radius: 4px; border-width: 1px; border-color: #f7f7f7; background-color: #ffffff; border-style: solid;\"  >\n<p>\t\t\t\t\t<!-- Section Head --><\/p>\n<div class=\"section-head section_divider\"  style=\"--section-head-bg: #ffffff; border-bottom-width: 5px; background-color: #ffffff; border-top-left-radius: 4px; border-top-right-radius: 4px; border-bottom-color: #edf2f6; padding-top: 10px; padding-bottom: 10px; padding-left: 4px; padding-right: 4px;\"  >\n<p>\t\t\t\t\t\t<!-- Category Name + Icon --><\/p>\n<div class=\"epkb-category-level-1 epkb-category--left-cat-icon\" aria-expanded=\"false\"\n\t\t\t\t\t\t            data-kb-category-id=\"10\" data-kb-type=\"category\"  style=\"color: #40474f; text-align: start; justify-content: flex-start; padding-left: 10px;\"  role=\"region\"><\/p>\n<p>\t\t\t\t\t\t\t<!-- Icon Top \/ Left -->\t                            \t\t\t\t\t\t\t\t\t<span class=\"epkb-cat-icon epkbfa ep_font_icon_folder\" data-kb-category-icon=\"ep_font_icon_folder\"  style=\"color: #f7941d; font-size: 21px;\" ><\/span>\t\t\t\t\t\t\t\t\t<\/p>\n<h2 class=\"epkb-cat-name\"><a href=\"https:\/\/enfermeriayvacunas.es\/faq\/faq-sobre-vacunas-y-vacunaciones\/categor\u00eda\/calendarios-de-rescate\/\"  style=\"color: #40474f;\" >2. Calendarios de rescate<\/a><\/h2>\n<p>\t\t\t\t\t\t\t<!-- Icon Right -->\n\t\t\t\t\t\t<\/div>\n<p>\t\t\t\t\t\t<!-- Category Description -->\t\t\t\t\t\t\t\t\t\t\t<\/div>\n<p>\t\t\t\t\t<!-- Section Body --><\/p>\n<div class=\"epkb-section-body\"  style=\"border-bottom-width: 1px; padding-top: 4px; padding-bottom: 4px; padding-left: 10px; padding-right: 10px;\"  >\n\t\t\t\t\t<\/div>\n<p><!-- Section Body End --><\/p>\n<\/section>\n<p><!-- Section End -->  \t\t\t\t\t<\/div>\n<div class=\"epkb-ml__module-categories-articles__row\">\n\t\t\t\t<!-- Section Container ( Category Box ) --><\/p>\n<section id=\"epkb_cat_3\" class=\"no_shadow epkb-top-category-box\"  style=\"border-radius: 4px; border-width: 1px; border-color: #f7f7f7; background-color: #ffffff; border-style: solid;\"  >\n<p>\t\t\t\t\t<!-- Section Head --><\/p>\n<div class=\"section-head section_divider\"  style=\"--section-head-bg: #ffffff; border-bottom-width: 5px; background-color: #ffffff; border-top-left-radius: 4px; border-top-right-radius: 4px; border-bottom-color: #edf2f6; padding-top: 10px; padding-bottom: 10px; padding-left: 4px; padding-right: 4px;\"  >\n<p>\t\t\t\t\t\t<!-- Category Name + Icon --><\/p>\n<div class=\"epkb-category-level-1 epkb-category--left-cat-icon\" aria-expanded=\"false\"\n\t\t\t\t\t\t            data-kb-category-id=\"11\" data-kb-type=\"category\"  style=\"color: #40474f; text-align: start; justify-content: flex-start; padding-left: 10px;\"  role=\"region\"><\/p>\n<p>\t\t\t\t\t\t\t<!-- Icon Top \/ Left -->\t                            \t\t\t\t\t\t\t\t\t<span class=\"epkb-cat-icon epkbfa ep_font_icon_folder\" data-kb-category-icon=\"ep_font_icon_folder\"  style=\"color: #f7941d; font-size: 21px;\" ><\/span>\t\t\t\t\t\t\t\t\t<\/p>\n<h2 class=\"epkb-cat-name\"><a href=\"https:\/\/enfermeriayvacunas.es\/faq\/faq-sobre-vacunas-y-vacunaciones\/categor\u00eda\/plazos-entre-vacunas-y-entre-vacunas-y-productos-biologicos\/\"  style=\"color: #40474f;\" >3. Plazos entre vacunas y entre vacunas y productos biol\u00f3gicos<\/a><\/h2>\n<p>\t\t\t\t\t\t\t<!-- Icon Right -->\n\t\t\t\t\t\t<\/div>\n<p>\t\t\t\t\t\t<!-- Category Description -->\t\t\t\t\t\t\t\t\t\t\t<\/div>\n<p>\t\t\t\t\t<!-- Section Body --><\/p>\n<div class=\"epkb-section-body\"  style=\"border-bottom-width: 1px; padding-top: 4px; padding-bottom: 4px; padding-left: 10px; padding-right: 10px;\"  >\n<ul class=\"epkb-main-category epkb-articles\"  style=\"padding-left: 10px;\"  data-list-id=\"11\">\n<li class=\"epkb-article-level-1 \" data-kb-article-id=\"408\"\n\t\t\t\t        data-kb-type=\"article\"  style=\"padding-bottom: 8px; padding-top: 8px;\"  ><br \/>\n\t\t<a href=\"https:\/\/enfermeriayvacunas.es\/faq\/faq-sobre-vacunas-y-vacunaciones\/existe-interferencia-entre-la-ganmaglobulina-antid-y-la-vacuna-de-tosferina-del-embarazo\/\"  class=\"epkb-mp-article \"\n\t\t            data-kb-article-id=\"408\" ><br \/>\n\t\t\t<span class=\"eckb-article-title\"  style=\"color: #dd9933;\"  ><br \/>\n\t\t\t\t<span class=\"eckb-article-title__icon ep_font_icon_document\"  style=\"color: #b3b3b3;\"  aria-hidden=\"true\"><\/span><br \/>\n\t\t\t\t<span class=\"eckb-article-title__text\" >\u00bfExiste interferencia entre la ganmaglobulina antiD y la vacuna de tosferina del embarazo?<\/span><br \/>\n\t\t\t<\/span> \t\t<\/a>    \t\t\t\t<\/li>\n<li class=\"epkb-article-level-1 \" data-kb-article-id=\"406\"\n\t\t\t\t        data-kb-type=\"article\"  style=\"padding-bottom: 8px; padding-top: 8px;\"  ><br \/>\n\t\t<a href=\"https:\/\/enfermeriayvacunas.es\/faq\/faq-sobre-vacunas-y-vacunaciones\/puedo-administrar-una-vacuna-vph-virus-papiloma-a-una-nina-que-recibio-hace-3-dias-una-vacuna-de-fiebre-amarilla\/\"  class=\"epkb-mp-article \"\n\t\t            data-kb-article-id=\"406\" ><br \/>\n\t\t\t<span class=\"eckb-article-title\"  style=\"color: #dd9933;\"  ><br \/>\n\t\t\t\t<span class=\"eckb-article-title__icon ep_font_icon_document\"  style=\"color: #b3b3b3;\"  aria-hidden=\"true\"><\/span><br \/>\n\t\t\t\t<span class=\"eckb-article-title__text\" >\u00bfPuedo administrar una vacuna VPH (virus papiloma) a una ni\u00f1a que recibi\u00f3 hace 3 d\u00edas una vacuna de Fiebre Amarilla?<\/span><br \/>\n\t\t\t<\/span> \t\t<\/a>    \t\t\t\t<\/li>\n<li class=\"epkb-article-level-1 \" data-kb-article-id=\"400\"\n\t\t\t\t        data-kb-type=\"article\"  style=\"padding-bottom: 8px; padding-top: 8px;\"  ><br \/>\n\t\t<a href=\"https:\/\/enfermeriayvacunas.es\/faq\/faq-sobre-vacunas-y-vacunaciones\/puedo-intercambiar-en-la-misma-pauta-vacunas-combinadas-hepatitis-a-b-con-vacunas-monovalentes-de-hepatitis-a-y-hepatitis-b\/\"  class=\"epkb-mp-article \"\n\t\t            data-kb-article-id=\"400\" ><br \/>\n\t\t\t<span class=\"eckb-article-title\"  style=\"color: #dd9933;\"  ><br \/>\n\t\t\t\t<span class=\"eckb-article-title__icon ep_font_icon_document\"  style=\"color: #b3b3b3;\"  aria-hidden=\"true\"><\/span><br \/>\n\t\t\t\t<span class=\"eckb-article-title__text\" >\u00bfPuedo intercambiar en la misma pauta vacunas combinadas hepatitis A-B con vacunas monovalentes de hepatitis A y Hepatitis B?<\/span><br \/>\n\t\t\t<\/span> \t\t<\/a>    \t\t\t\t<\/li>\n<li class=\"epkb-article-level-1 \" data-kb-article-id=\"404\"\n\t\t\t\t        data-kb-type=\"article\"  style=\"padding-bottom: 8px; padding-top: 8px;\"  ><br \/>\n\t\t<a href=\"https:\/\/enfermeriayvacunas.es\/faq\/faq-sobre-vacunas-y-vacunaciones\/puedo-vacunar-con-tv-a-un-nino-o-a-un-adulto-que-esta-con-tit-tratamiento-de-infeccion-tuberculosa-latente\/\"  class=\"epkb-mp-article \"\n\t\t            data-kb-article-id=\"404\" ><br \/>\n\t\t\t<span class=\"eckb-article-title\"  style=\"color: #dd9933;\"  ><br \/>\n\t\t\t\t<span class=\"eckb-article-title__icon ep_font_icon_document\"  style=\"color: #b3b3b3;\"  aria-hidden=\"true\"><\/span><br \/>\n\t\t\t\t<span class=\"eckb-article-title__text\" >\u00bfPuedo vacunar con TV a un ni\u00f1o o a un adulto que est\u00e1 con TIT (tratamiento de infecci\u00f3n tuberculosa latente?<\/span><br \/>\n\t\t\t<\/span> \t\t<\/a>    \t\t\t\t<\/li>\n<li class=\"epkb-article-level-1 \" data-kb-article-id=\"405\"\n\t\t\t\t        data-kb-type=\"article\"  style=\"padding-bottom: 8px; padding-top: 8px;\"  ><br \/>\n\t\t<a href=\"https:\/\/enfermeriayvacunas.es\/faq\/faq-sobre-vacunas-y-vacunaciones\/puedo-vacunar-frente-a-varicela-a-un-nino-de-10-anos-al-que-ayer-se-le-hizo-una-prueba-de-tuberculina\/\"  class=\"epkb-mp-article \"\n\t\t            data-kb-article-id=\"405\" ><br \/>\n\t\t\t<span class=\"eckb-article-title\"  style=\"color: #dd9933;\"  ><br \/>\n\t\t\t\t<span class=\"eckb-article-title__icon ep_font_icon_document\"  style=\"color: #b3b3b3;\"  aria-hidden=\"true\"><\/span><br \/>\n\t\t\t\t<span class=\"eckb-article-title__text\" >\u00bfPuedo vacunar frente a varicela a un ni\u00f1o de 10 a\u00f1os al que ayer se le hizo una prueba de tuberculina?<\/span><br \/>\n\t\t\t<\/span> \t\t<\/a>    \t\t\t\t<\/li>\n<li class=\"epkb-article-level-1 epkb-hide-elem\" data-kb-article-id=\"398\"\n\t\t\t\t        data-kb-type=\"article\"  style=\"padding-bottom: 8px; padding-top: 8px;\"  ><br \/>\n\t\t<a href=\"https:\/\/enfermeriayvacunas.es\/faq\/faq-sobre-vacunas-y-vacunaciones\/se-puede-administrar-una-segunda-dosis-de-vacuna-frente-a-hepatitis-a-si-han-pasado-2-meses-desde-la-1a-dosis\/\"  class=\"epkb-mp-article \"\n\t\t            data-kb-article-id=\"398\" ><br \/>\n\t\t\t<span class=\"eckb-article-title\"  style=\"color: #dd9933;\"  ><br \/>\n\t\t\t\t<span class=\"eckb-article-title__icon ep_font_icon_document\"  style=\"color: #b3b3b3;\"  aria-hidden=\"true\"><\/span><br \/>\n\t\t\t\t<span class=\"eckb-article-title__text\" >\u00bfSe puede administrar una segunda dosis de vacuna frente a hepatitis A si han pasado 2 meses desde la 1\u00aa dosis?<\/span><br \/>\n\t\t\t<\/span> \t\t<\/a>    \t\t\t\t<\/li>\n<li class=\"epkb-article-level-1 epkb-hide-elem\" data-kb-article-id=\"403\"\n\t\t\t\t        data-kb-type=\"article\"  style=\"padding-bottom: 8px; padding-top: 8px;\"  ><br \/>\n\t\t<a href=\"https:\/\/enfermeriayvacunas.es\/faq\/faq-sobre-vacunas-y-vacunaciones\/se-puede-hacer-una-pauta-rapida-con-vacuna-combinada-frente-a-hepatitis-a-y-b-cual\/\"  class=\"epkb-mp-article \"\n\t\t            data-kb-article-id=\"403\" ><br \/>\n\t\t\t<span class=\"eckb-article-title\"  style=\"color: #dd9933;\"  ><br \/>\n\t\t\t\t<span class=\"eckb-article-title__icon ep_font_icon_document\"  style=\"color: #b3b3b3;\"  aria-hidden=\"true\"><\/span><br \/>\n\t\t\t\t<span class=\"eckb-article-title__text\" >\u00bfSe puede hacer una pauta r\u00e1pida con vacuna combinada frente a hepatitis A y B? \u00bfCu\u00e1l?<\/span><br \/>\n\t\t\t<\/span> \t\t<\/a>    \t\t\t\t<\/li>\n<li class=\"epkb-article-level-1 epkb-hide-elem\" data-kb-article-id=\"407\"\n\t\t\t\t        data-kb-type=\"article\"  style=\"padding-bottom: 8px; padding-top: 8px;\"  ><br \/>\n\t\t<a href=\"https:\/\/enfermeriayvacunas.es\/faq\/faq-sobre-vacunas-y-vacunaciones\/en-una-mujer-embarazada-no-vacunada-en-la-infancia-puedo-considerar-la-vacuna-de-tosferina-del-embarazo-como-primovacunacion-para-el-tetanos\/\"  class=\"epkb-mp-article \"\n\t\t            data-kb-article-id=\"407\" ><br \/>\n\t\t\t<span class=\"eckb-article-title\"  style=\"color: #dd9933;\"  ><br \/>\n\t\t\t\t<span class=\"eckb-article-title__icon ep_font_icon_document\"  style=\"color: #b3b3b3;\"  aria-hidden=\"true\"><\/span><br \/>\n\t\t\t\t<span class=\"eckb-article-title__text\" >En una mujer embarazada no vacunada en la infancia \u00bfpuedo considerar la vacuna de tosferina del embarazo como primovacunaci\u00f3n para el t\u00e9tanos?<\/span><br \/>\n\t\t\t<\/span> \t\t<\/a>    \t\t\t\t<\/li>\n<\/ul>\n<p> \t\t\t<button class=\"epkb-show-all-articles\" aria-expanded=\"false\" data-btn-id=\"11\"><br \/>\n\t\t\t\t<span class=\"epkb-show-text\">\t\t\t\t\t\tMostrar todos los art\u00edculos ( 3 )<br \/>\n\t\t\t\t<\/span><br \/>\n\t\t\t\t<span class=\"epkb-hide-text epkb-hide-elem\">Contraer art\u00edculos<\/span><br \/>\n\t\t\t<\/button>\n\t\t\t\t\t<\/div>\n<p><!-- Section Body End --><\/p>\n<\/section>\n<p><!-- Section End -->  \t\t\t\t\t<\/div>\n<div class=\"epkb-ml__module-categories-articles__row\">\n\t\t\t\t<!-- Section Container ( Category Box ) --><\/p>\n<section id=\"epkb_cat_4\" class=\"no_shadow epkb-top-category-box\"  style=\"border-radius: 4px; border-width: 1px; border-color: #f7f7f7; background-color: #ffffff; border-style: solid;\"  >\n<p>\t\t\t\t\t<!-- Section Head --><\/p>\n<div class=\"section-head section_divider\"  style=\"--section-head-bg: #ffffff; border-bottom-width: 5px; background-color: #ffffff; border-top-left-radius: 4px; border-top-right-radius: 4px; border-bottom-color: #edf2f6; padding-top: 10px; padding-bottom: 10px; padding-left: 4px; padding-right: 4px;\"  >\n<p>\t\t\t\t\t\t<!-- Category Name + Icon --><\/p>\n<div class=\"epkb-category-level-1 epkb-category--left-cat-icon\" aria-expanded=\"false\"\n\t\t\t\t\t\t            data-kb-category-id=\"12\" data-kb-type=\"category\"  style=\"color: #40474f; text-align: start; justify-content: flex-start; padding-left: 10px;\"  role=\"region\"><\/p>\n<p>\t\t\t\t\t\t\t<!-- Icon Top \/ Left -->\t                            \t\t\t\t\t\t\t\t\t<span class=\"epkb-cat-icon epkbfa ep_font_icon_folder\" data-kb-category-icon=\"ep_font_icon_folder\"  style=\"color: #f7941d; font-size: 21px;\" ><\/span>\t\t\t\t\t\t\t\t\t<\/p>\n<h2 class=\"epkb-cat-name\"><a href=\"https:\/\/enfermeriayvacunas.es\/faq\/faq-sobre-vacunas-y-vacunaciones\/categor\u00eda\/cadena-de-frio\/\"  style=\"color: #40474f;\" >4. Cadena de fr\u00edo<\/a><\/h2>\n<p>\t\t\t\t\t\t\t<!-- Icon Right -->\n\t\t\t\t\t\t<\/div>\n<p>\t\t\t\t\t\t<!-- Category Description -->\t\t\t\t\t\t\t\t\t\t\t<\/div>\n<p>\t\t\t\t\t<!-- Section Body --><\/p>\n<div class=\"epkb-section-body\"  style=\"border-bottom-width: 1px; padding-top: 4px; padding-bottom: 4px; padding-left: 10px; padding-right: 10px;\"  >\n\t\t\t\t\t<\/div>\n<p><!-- Section Body End --><\/p>\n<\/section>\n<p><!-- Section End -->  \t\t\t\t\t<\/div>\n<div class=\"epkb-ml__module-categories-articles__row\">\n\t\t\t\t<!-- Section Container ( Category Box ) --><\/p>\n<section id=\"epkb_cat_5\" class=\"no_shadow epkb-top-category-box\"  style=\"border-radius: 4px; border-width: 1px; border-color: #f7f7f7; background-color: #ffffff; border-style: solid;\"  >\n<p>\t\t\t\t\t<!-- Section Head --><\/p>\n<div class=\"section-head section_divider\"  style=\"--section-head-bg: #ffffff; border-bottom-width: 5px; background-color: #ffffff; border-top-left-radius: 4px; border-top-right-radius: 4px; border-bottom-color: #edf2f6; padding-top: 10px; padding-bottom: 10px; padding-left: 4px; padding-right: 4px;\"  >\n<p>\t\t\t\t\t\t<!-- Category Name + Icon --><\/p>\n<div class=\"epkb-category-level-1 epkb-category--left-cat-icon\" aria-expanded=\"false\"\n\t\t\t\t\t\t            data-kb-category-id=\"13\" data-kb-type=\"category\"  style=\"color: #40474f; text-align: start; justify-content: flex-start; padding-left: 10px;\"  role=\"region\"><\/p>\n<p>\t\t\t\t\t\t\t<!-- Icon Top \/ Left -->\t                            \t\t\t\t\t\t\t\t\t<span class=\"epkb-cat-icon epkbfa ep_font_icon_folder\" data-kb-category-icon=\"ep_font_icon_folder\"  style=\"color: #f7941d; font-size: 21px;\" ><\/span>\t\t\t\t\t\t\t\t\t<\/p>\n<h2 class=\"epkb-cat-name\"><a href=\"https:\/\/enfermeriayvacunas.es\/faq\/faq-sobre-vacunas-y-vacunaciones\/categor\u00eda\/vacunacion-antigripal\/\"  style=\"color: #40474f;\" >5. Vacunaci\u00f3n antigripal<\/a><\/h2>\n<p>\t\t\t\t\t\t\t<!-- Icon Right -->\n\t\t\t\t\t\t<\/div>\n<p>\t\t\t\t\t\t<!-- Category Description -->\t\t\t\t\t\t\t\t\t\t\t<\/div>\n<p>\t\t\t\t\t<!-- Section Body --><\/p>\n<div class=\"epkb-section-body\"  style=\"border-bottom-width: 1px; padding-top: 4px; padding-bottom: 4px; padding-left: 10px; padding-right: 10px;\"  >\n\t\t\t\t\t<\/div>\n<p><!-- Section Body End --><\/p>\n<\/section>\n<p><!-- Section End -->  \t\t\t\t\t<\/div>\n<div class=\"epkb-ml__module-categories-articles__row\">\n\t\t\t\t<!-- Section Container ( Category Box ) --><\/p>\n<section id=\"epkb_cat_6\" class=\"no_shadow epkb-top-category-box\"  style=\"border-radius: 4px; border-width: 1px; border-color: #f7f7f7; background-color: #ffffff; border-style: solid;\"  >\n<p>\t\t\t\t\t<!-- Section Head --><\/p>\n<div class=\"section-head section_divider\"  style=\"--section-head-bg: #ffffff; border-bottom-width: 5px; background-color: #ffffff; border-top-left-radius: 4px; border-top-right-radius: 4px; border-bottom-color: #edf2f6; padding-top: 10px; padding-bottom: 10px; padding-left: 4px; padding-right: 4px;\"  >\n<p>\t\t\t\t\t\t<!-- Category Name + Icon --><\/p>\n<div class=\"epkb-category-level-1 epkb-category--left-cat-icon\" aria-expanded=\"false\"\n\t\t\t\t\t\t            data-kb-category-id=\"14\" data-kb-type=\"category\"  style=\"color: #40474f; text-align: start; justify-content: flex-start; padding-left: 10px;\"  role=\"region\"><\/p>\n<p>\t\t\t\t\t\t\t<!-- Icon Top \/ Left -->\t                            \t\t\t\t\t\t\t\t\t<span class=\"epkb-cat-icon epkbfa ep_font_icon_folder\" data-kb-category-icon=\"ep_font_icon_folder\"  style=\"color: #f7941d; font-size: 21px;\" ><\/span>\t\t\t\t\t\t\t\t\t<\/p>\n<h2 class=\"epkb-cat-name\"><a href=\"https:\/\/enfermeriayvacunas.es\/faq\/faq-sobre-vacunas-y-vacunaciones\/categor\u00eda\/mitos-bulos-fake-news-sobre-vacunas-afrontamiento-de-los-reticentes-a-las-vacunas\/\"  style=\"color: #40474f;\" >6. Mitos, bulos, fake news sobre vacunas. Afrontamiento de los reticentes a las vacunas<\/a><\/h2>\n<p>\t\t\t\t\t\t\t<!-- Icon Right -->\n\t\t\t\t\t\t<\/div>\n<p>\t\t\t\t\t\t<!-- Category Description -->\t\t\t\t\t\t\t\t\t\t\t<\/div>\n<p>\t\t\t\t\t<!-- Section Body --><\/p>\n<div class=\"epkb-section-body\"  style=\"border-bottom-width: 1px; padding-top: 4px; padding-bottom: 4px; padding-left: 10px; padding-right: 10px;\"  >\n\t\t\t\t\t<\/div>\n<p><!-- Section Body End --><\/p>\n<\/section>\n<p><!-- Section End -->  \t\t\t\t\t<\/div>\n<div class=\"epkb-ml__module-categories-articles__row\">\n\t\t\t\t<!-- Section Container ( Category Box ) --><\/p>\n<section id=\"epkb_cat_7\" class=\"no_shadow epkb-top-category-box\"  style=\"border-radius: 4px; border-width: 1px; border-color: #f7f7f7; background-color: #ffffff; border-style: solid;\"  >\n<p>\t\t\t\t\t<!-- Section Head --><\/p>\n<div class=\"section-head section_divider\"  style=\"--section-head-bg: #ffffff; border-bottom-width: 5px; background-color: #ffffff; border-top-left-radius: 4px; border-top-right-radius: 4px; border-bottom-color: #edf2f6; padding-top: 10px; padding-bottom: 10px; padding-left: 4px; padding-right: 4px;\"  >\n<p>\t\t\t\t\t\t<!-- Category Name + Icon --><\/p>\n<div class=\"epkb-category-level-1 epkb-category--left-cat-icon\" aria-expanded=\"false\"\n\t\t\t\t\t\t            data-kb-category-id=\"15\" data-kb-type=\"category\"  style=\"color: #40474f; text-align: start; justify-content: flex-start; padding-left: 10px;\"  role=\"region\"><\/p>\n<p>\t\t\t\t\t\t\t<!-- Icon Top \/ Left -->\t                            \t\t\t\t\t\t\t\t\t<span class=\"epkb-cat-icon epkbfa ep_font_icon_folder\" data-kb-category-icon=\"ep_font_icon_folder\"  style=\"color: #f7941d; font-size: 21px;\" ><\/span>\t\t\t\t\t\t\t\t\t<\/p>\n<h2 class=\"epkb-cat-name\"><a href=\"https:\/\/enfermeriayvacunas.es\/faq\/faq-sobre-vacunas-y-vacunaciones\/categor\u00eda\/vacunaciones-infantiles\/\"  style=\"color: #40474f;\" >7. Vacunaciones infantiles<\/a><\/h2>\n<p>\t\t\t\t\t\t\t<!-- Icon Right -->\n\t\t\t\t\t\t<\/div>\n<p>\t\t\t\t\t\t<!-- Category Description -->\t\t\t\t\t\t\t\t\t\t\t<\/div>\n<p>\t\t\t\t\t<!-- Section Body --><\/p>\n<div class=\"epkb-section-body\"  style=\"border-bottom-width: 1px; padding-top: 4px; padding-bottom: 4px; padding-left: 10px; padding-right: 10px;\"  >\n<ul class=\"epkb-main-category epkb-articles\"  style=\"padding-left: 10px;\"  data-list-id=\"15\">\n<li class=\"epkb-article-level-1 \" data-kb-article-id=\"243\"\n\t\t\t\t        data-kb-type=\"article\"  style=\"padding-bottom: 8px; padding-top: 8px;\"  ><br \/>\n\t\t<a href=\"https:\/\/enfermeriayvacunas.es\/faq\/faq-sobre-vacunas-y-vacunaciones\/cuando-esta-indicado-el-uso-de-tetravirica\/\"  class=\"epkb-mp-article \"\n\t\t            data-kb-article-id=\"243\" ><br \/>\n\t\t\t<span class=\"eckb-article-title\"  style=\"color: #dd9933;\"  ><br \/>\n\t\t\t\t<span class=\"eckb-article-title__icon ep_font_icon_document\"  style=\"color: #b3b3b3;\"  aria-hidden=\"true\"><\/span><br \/>\n\t\t\t\t<span class=\"eckb-article-title__text\" >\u00bfCu\u00e1ndo est\u00e1 indicado el uso de vacuna tetrav\u00edrica?<\/span><br \/>\n\t\t\t<\/span> \t\t<\/a>    \t\t\t\t<\/li>\n<li class=\"epkb-article-level-1 \" data-kb-article-id=\"250\"\n\t\t\t\t        data-kb-type=\"article\"  style=\"padding-bottom: 8px; padding-top: 8px;\"  ><br \/>\n\t\t<a href=\"https:\/\/enfermeriayvacunas.es\/faq\/faq-sobre-vacunas-y-vacunaciones\/es-posible-la-administracion-de-solo-una-vacuna-del-sarampion-si-asi-nos-los-piden-los-padres\/\"  class=\"epkb-mp-article \"\n\t\t            data-kb-article-id=\"250\" ><br \/>\n\t\t\t<span class=\"eckb-article-title\"  style=\"color: #dd9933;\"  ><br \/>\n\t\t\t\t<span class=\"eckb-article-title__icon ep_font_icon_document\"  style=\"color: #b3b3b3;\"  aria-hidden=\"true\"><\/span><br \/>\n\t\t\t\t<span class=\"eckb-article-title__text\" >\u00bfEs posible la administraci\u00f3n de solo una vacuna del sarampi\u00f3n si as\u00ed nos los piden los padres?<\/span><br \/>\n\t\t\t<\/span> \t\t<\/a>    \t\t\t\t<\/li>\n<li class=\"epkb-article-level-1 \" data-kb-article-id=\"259\"\n\t\t\t\t        data-kb-type=\"article\"  style=\"padding-bottom: 8px; padding-top: 8px;\"  ><br \/>\n\t\t<a href=\"https:\/\/enfermeriayvacunas.es\/faq\/faq-sobre-vacunas-y-vacunaciones\/esta-indicada-la-vacunacion-para-la-gripe-en-todos-los-ninos\/\"  class=\"epkb-mp-article \"\n\t\t            data-kb-article-id=\"259\" ><br \/>\n\t\t\t<span class=\"eckb-article-title\"  style=\"color: #dd9933;\"  ><br \/>\n\t\t\t\t<span class=\"eckb-article-title__icon ep_font_icon_document\"  style=\"color: #b3b3b3;\"  aria-hidden=\"true\"><\/span><br \/>\n\t\t\t\t<span class=\"eckb-article-title__text\" >\u00bfEst\u00e1 indicada la vacunaci\u00f3n para la gripe en todos los ni\u00f1os?<\/span><br \/>\n\t\t\t<\/span> \t\t<\/a>    \t\t\t\t<\/li>\n<li class=\"epkb-article-level-1 \" data-kb-article-id=\"231\"\n\t\t\t\t        data-kb-type=\"article\"  style=\"padding-bottom: 8px; padding-top: 8px;\"  ><br \/>\n\t\t<a href=\"https:\/\/enfermeriayvacunas.es\/faq\/faq-sobre-vacunas-y-vacunaciones\/hasta-que-edad-puedo-administrar-la-hexavalente\/\"  class=\"epkb-mp-article \"\n\t\t            data-kb-article-id=\"231\" ><br \/>\n\t\t\t<span class=\"eckb-article-title\"  style=\"color: #dd9933;\"  ><br \/>\n\t\t\t\t<span class=\"eckb-article-title__icon ep_font_icon_document\"  style=\"color: #b3b3b3;\"  aria-hidden=\"true\"><\/span><br \/>\n\t\t\t\t<span class=\"eckb-article-title__text\" >\u00bfHasta qu\u00e9 edad puedo administrar la hexavalente?<\/span><br \/>\n\t\t\t<\/span> \t\t<\/a>    \t\t\t\t<\/li>\n<li class=\"epkb-article-level-1 \" data-kb-article-id=\"257\"\n\t\t\t\t        data-kb-type=\"article\"  style=\"padding-bottom: 8px; padding-top: 8px;\"  ><br \/>\n\t\t<a href=\"https:\/\/enfermeriayvacunas.es\/faq\/faq-sobre-vacunas-y-vacunaciones\/incurrimos-en-alguna-falta-vacunando-de-men-acwy-en-la-pauta-24-y-12-meses-sustituyendo-la-men-c-que-esta-en-calendario\/\"  class=\"epkb-mp-article \"\n\t\t            data-kb-article-id=\"257\" ><br \/>\n\t\t\t<span class=\"eckb-article-title\"  style=\"color: #dd9933;\"  ><br \/>\n\t\t\t\t<span class=\"eckb-article-title__icon ep_font_icon_document\"  style=\"color: #b3b3b3;\"  aria-hidden=\"true\"><\/span><br \/>\n\t\t\t\t<span class=\"eckb-article-title__text\" >\u00bfIncurrimos en alguna falta vacunando de Men ACWY en la pauta 2,4 y 12 meses sustituyendo la Men C que est\u00e1 en calendario?<\/span><br \/>\n\t\t\t<\/span> \t\t<\/a>    \t\t\t\t<\/li>\n<li class=\"epkb-article-level-1 epkb-hide-elem\" data-kb-article-id=\"236\"\n\t\t\t\t        data-kb-type=\"article\"  style=\"padding-bottom: 8px; padding-top: 8px;\"  ><br \/>\n\t\t<a href=\"https:\/\/enfermeriayvacunas.es\/faq\/faq-sobre-vacunas-y-vacunaciones\/los-ninos-varones-tienen-recomendada-la-vacunacion-frente-al-vph\/\"  class=\"epkb-mp-article \"\n\t\t            data-kb-article-id=\"236\" ><br \/>\n\t\t\t<span class=\"eckb-article-title\"  style=\"color: #dd9933;\"  ><br \/>\n\t\t\t\t<span class=\"eckb-article-title__icon ep_font_icon_document\"  style=\"color: #b3b3b3;\"  aria-hidden=\"true\"><\/span><br \/>\n\t\t\t\t<span class=\"eckb-article-title__text\" >\u00bfLos ni\u00f1os varones tienen recomendada la vacunaci\u00f3n frente al VPH?<\/span><br \/>\n\t\t\t<\/span> \t\t<\/a>    \t\t\t\t<\/li>\n<li class=\"epkb-article-level-1 epkb-hide-elem\" data-kb-article-id=\"258\"\n\t\t\t\t        data-kb-type=\"article\"  style=\"padding-bottom: 8px; padding-top: 8px;\"  ><br \/>\n\t\t<a href=\"https:\/\/enfermeriayvacunas.es\/faq\/faq-sobre-vacunas-y-vacunaciones\/por-que-es-importante-la-vacuna-del-rotavirus-en-prematuros-2\/\"  class=\"epkb-mp-article \"\n\t\t            data-kb-article-id=\"258\" ><br \/>\n\t\t\t<span class=\"eckb-article-title\"  style=\"color: #dd9933;\"  ><br \/>\n\t\t\t\t<span class=\"eckb-article-title__icon ep_font_icon_document\"  style=\"color: #b3b3b3;\"  aria-hidden=\"true\"><\/span><br \/>\n\t\t\t\t<span class=\"eckb-article-title__text\" >\u00bfPor qu\u00e9 es importante la vacuna del rotavirus en prematuros?<\/span><br \/>\n\t\t\t<\/span> \t\t<\/a>    \t\t\t\t<\/li>\n<li class=\"epkb-article-level-1 epkb-hide-elem\" data-kb-article-id=\"246\"\n\t\t\t\t        data-kb-type=\"article\"  style=\"padding-bottom: 8px; padding-top: 8px;\"  ><br \/>\n\t\t<a href=\"https:\/\/enfermeriayvacunas.es\/faq\/faq-sobre-vacunas-y-vacunaciones\/por-que-existen-algunas-vacunas-que-no-estan-incluidas-en-el-calendario-vacunal-de-todos-los-ninos-en-todas-las-comunidades-autonomas\/\"  class=\"epkb-mp-article \"\n\t\t            data-kb-article-id=\"246\" ><br \/>\n\t\t\t<span class=\"eckb-article-title\"  style=\"color: #dd9933;\"  ><br \/>\n\t\t\t\t<span class=\"eckb-article-title__icon ep_font_icon_document\"  style=\"color: #b3b3b3;\"  aria-hidden=\"true\"><\/span><br \/>\n\t\t\t\t<span class=\"eckb-article-title__text\" >\u00bfPor qu\u00e9 existen algunas vacunas que no est\u00e1n incluidas en el calendario vacunal de todos los ni\u00f1os en todas las comunidades aut\u00f3nomas?<\/span><br \/>\n\t\t\t<\/span> \t\t<\/a>    \t\t\t\t<\/li>\n<li class=\"epkb-article-level-1 epkb-hide-elem\" data-kb-article-id=\"254\"\n\t\t\t\t        data-kb-type=\"article\"  style=\"padding-bottom: 8px; padding-top: 8px;\"  ><br \/>\n\t\t<a href=\"https:\/\/enfermeriayvacunas.es\/faq\/faq-sobre-vacunas-y-vacunaciones\/que-eventos-actuales-motivan-al-personal-sanitario-a-recomendar-la-vacunacion-frente-a-meningococo\/\"  class=\"epkb-mp-article \"\n\t\t            data-kb-article-id=\"254\" ><br \/>\n\t\t\t<span class=\"eckb-article-title\"  style=\"color: #dd9933;\"  ><br \/>\n\t\t\t\t<span class=\"eckb-article-title__icon ep_font_icon_document\"  style=\"color: #b3b3b3;\"  aria-hidden=\"true\"><\/span><br \/>\n\t\t\t\t<span class=\"eckb-article-title__text\" >\u00bfQu\u00e9 eventos actuales motivan al personal sanitario a recomendar la vacunaci\u00f3n frente a meningococo?<\/span><br \/>\n\t\t\t<\/span> \t\t<\/a>    \t\t\t\t<\/li>\n<li class=\"epkb-article-level-1 epkb-hide-elem\" data-kb-article-id=\"248\"\n\t\t\t\t        data-kb-type=\"article\"  style=\"padding-bottom: 8px; padding-top: 8px;\"  ><br \/>\n\t\t<a href=\"https:\/\/enfermeriayvacunas.es\/faq\/faq-sobre-vacunas-y-vacunaciones\/que-ocurre-si-a-un-nino-se-le-administra-una-vacuna-para-una-enfermedad-que-ya-ha-pasado\/\"  class=\"epkb-mp-article \"\n\t\t            data-kb-article-id=\"248\" ><br \/>\n\t\t\t<span class=\"eckb-article-title\"  style=\"color: #dd9933;\"  ><br \/>\n\t\t\t\t<span class=\"eckb-article-title__icon ep_font_icon_document\"  style=\"color: #b3b3b3;\"  aria-hidden=\"true\"><\/span><br \/>\n\t\t\t\t<span class=\"eckb-article-title__text\" >\u00bfQu\u00e9 ocurre si a un ni\u00f1o se le administra una vacuna para una enfermedad que ya ha pasado?<\/span><br \/>\n\t\t\t<\/span> \t\t<\/a>    \t\t\t\t<\/li>\n<li class=\"epkb-article-level-1 epkb-hide-elem\" data-kb-article-id=\"241\"\n\t\t\t\t        data-kb-type=\"article\"  style=\"padding-bottom: 8px; padding-top: 8px;\"  ><br \/>\n\t\t<a href=\"https:\/\/enfermeriayvacunas.es\/faq\/faq-sobre-vacunas-y-vacunaciones\/que-vacuna-puedo-administrar-para-el-papiloma-en-varones\/\"  class=\"epkb-mp-article \"\n\t\t            data-kb-article-id=\"241\" ><br \/>\n\t\t\t<span class=\"eckb-article-title\"  style=\"color: #dd9933;\"  ><br \/>\n\t\t\t\t<span class=\"eckb-article-title__icon ep_font_icon_document\"  style=\"color: #b3b3b3;\"  aria-hidden=\"true\"><\/span><br \/>\n\t\t\t\t<span class=\"eckb-article-title__text\" >\u00bfQu\u00e9 vacuna puedo administrar para el papiloma en varones?<\/span><br \/>\n\t\t\t<\/span> \t\t<\/a>    \t\t\t\t<\/li>\n<li class=\"epkb-article-level-1 epkb-hide-elem\" data-kb-article-id=\"256\"\n\t\t\t\t        data-kb-type=\"article\"  style=\"padding-bottom: 8px; padding-top: 8px;\"  ><br \/>\n\t\t<a href=\"https:\/\/enfermeriayvacunas.es\/faq\/faq-sobre-vacunas-y-vacunaciones\/se-considera-adecuado-vacunar-de-men-acwy-segun-la-ficha-tecnica-a-los-24-y-12-meses-de-edad-a-pesar-de-no-estar-implementada-esta-vacuna\/\"  class=\"epkb-mp-article \"\n\t\t            data-kb-article-id=\"256\" ><br \/>\n\t\t\t<span class=\"eckb-article-title\"  style=\"color: #dd9933;\"  ><br \/>\n\t\t\t\t<span class=\"eckb-article-title__icon ep_font_icon_document\"  style=\"color: #b3b3b3;\"  aria-hidden=\"true\"><\/span><br \/>\n\t\t\t\t<span class=\"eckb-article-title__text\" >\u00bfSe considera adecuado vacunar de Men ACWY seg\u00fan la ficha t\u00e9cnica a los 2,4 y 12 meses de edad a pesar de no estar implementada esta vacuna?<\/span><br \/>\n\t\t\t<\/span> \t\t<\/a>    \t\t\t\t<\/li>\n<li class=\"epkb-article-level-1 epkb-hide-elem\" data-kb-article-id=\"252\"\n\t\t\t\t        data-kb-type=\"article\"  style=\"padding-bottom: 8px; padding-top: 8px;\"  ><br \/>\n\t\t<a href=\"https:\/\/enfermeriayvacunas.es\/faq\/faq-sobre-vacunas-y-vacunaciones\/se-consideran-los-anticuerpos-monoclonales-un-impedimento-para-la-vacunacion\/\"  class=\"epkb-mp-article \"\n\t\t            data-kb-article-id=\"252\" ><br \/>\n\t\t\t<span class=\"eckb-article-title\"  style=\"color: #dd9933;\"  ><br \/>\n\t\t\t\t<span class=\"eckb-article-title__icon ep_font_icon_document\"  style=\"color: #b3b3b3;\"  aria-hidden=\"true\"><\/span><br \/>\n\t\t\t\t<span class=\"eckb-article-title__text\" >\u00bfSe consideran los anticuerpos monoclonales un impedimento para la vacunaci\u00f3n?<\/span><br \/>\n\t\t\t<\/span> \t\t<\/a>    \t\t\t\t<\/li>\n<li class=\"epkb-article-level-1 epkb-hide-elem\" data-kb-article-id=\"270\"\n\t\t\t\t        data-kb-type=\"article\"  style=\"padding-bottom: 8px; padding-top: 8px;\"  ><br \/>\n\t\t<a href=\"https:\/\/enfermeriayvacunas.es\/faq\/faq-sobre-vacunas-y-vacunaciones\/se-puede-administrar-en-el-mismo-acto-vacunal-una-dosis-de-vacuna-desensibilizante-con-alguna-vacuna-del-calendario\/\"  class=\"epkb-mp-article \"\n\t\t            data-kb-article-id=\"270\" ><br \/>\n\t\t\t<span class=\"eckb-article-title\"  style=\"color: #dd9933;\"  ><br \/>\n\t\t\t\t<span class=\"eckb-article-title__icon ep_font_icon_document\"  style=\"color: #b3b3b3;\"  aria-hidden=\"true\"><\/span><br \/>\n\t\t\t\t<span class=\"eckb-article-title__text\" >\u00bfSe puede administrar en el mismo acto vacunal una dosis de vacuna desensibilizante con alguna vacuna del calendario?<\/span><br \/>\n\t\t\t<\/span> \t\t<\/a>    \t\t\t\t<\/li>\n<li class=\"epkb-article-level-1 epkb-hide-elem\" data-kb-article-id=\"269\"\n\t\t\t\t        data-kb-type=\"article\"  style=\"padding-bottom: 8px; padding-top: 8px;\"  ><br \/>\n\t\t<a href=\"https:\/\/enfermeriayvacunas.es\/faq\/faq-sobre-vacunas-y-vacunaciones\/se-puede-vacunar-a-los-12-meses-de-nimenrix-habiendo-vacunado-a-los-11-con-una-vacuna-que-lleva-toxoide-tetanico-cuando-la-ficha-de-nimenrix-dice-expresamente-que-no\/\"  class=\"epkb-mp-article \"\n\t\t            data-kb-article-id=\"269\" ><br \/>\n\t\t\t<span class=\"eckb-article-title\"  style=\"color: #dd9933;\"  ><br \/>\n\t\t\t\t<span class=\"eckb-article-title__icon ep_font_icon_document\"  style=\"color: #b3b3b3;\"  aria-hidden=\"true\"><\/span><br \/>\n\t\t\t\t<span class=\"eckb-article-title__text\" >\u00bfSe puede vacunar a los 12 meses de Nimenrix habiendo vacunado a los 11 con una vacuna que lleva toxoide tet\u00e1nico cuando la ficha de Nimenrix dice expresamente que no?<\/span><br \/>\n\t\t\t<\/span> \t\t<\/a>    \t\t\t\t<\/li>\n<li class=\"epkb-article-level-1 epkb-hide-elem\" data-kb-article-id=\"260\"\n\t\t\t\t        data-kb-type=\"article\"  style=\"padding-bottom: 8px; padding-top: 8px;\"  ><br \/>\n\t\t<a href=\"https:\/\/enfermeriayvacunas.es\/faq\/faq-sobre-vacunas-y-vacunaciones\/se-pueden-administrar-a-los-ninos-las-vacunas-orales-en-casa\/\"  class=\"epkb-mp-article \"\n\t\t            data-kb-article-id=\"260\" ><br \/>\n\t\t\t<span class=\"eckb-article-title\"  style=\"color: #dd9933;\"  ><br \/>\n\t\t\t\t<span class=\"eckb-article-title__icon ep_font_icon_document\"  style=\"color: #b3b3b3;\"  aria-hidden=\"true\"><\/span><br \/>\n\t\t\t\t<span class=\"eckb-article-title__text\" >\u00bfSe pueden administrar a los ni\u00f1os las vacunas orales en casa?<\/span><br \/>\n\t\t\t<\/span> \t\t<\/a>    \t\t\t\t<\/li>\n<li class=\"epkb-article-level-1 epkb-hide-elem\" data-kb-article-id=\"268\"\n\t\t\t\t        data-kb-type=\"article\"  style=\"padding-bottom: 8px; padding-top: 8px;\"  ><br \/>\n\t\t<a href=\"https:\/\/enfermeriayvacunas.es\/faq\/faq-sobre-vacunas-y-vacunaciones\/se-pueden-administrar-en-el-mismo-acto-vacunal-nimenrix-y-men-b\/\"  class=\"epkb-mp-article \"\n\t\t            data-kb-article-id=\"268\" ><br \/>\n\t\t\t<span class=\"eckb-article-title\"  style=\"color: #dd9933;\"  ><br \/>\n\t\t\t\t<span class=\"eckb-article-title__icon ep_font_icon_document\"  style=\"color: #b3b3b3;\"  aria-hidden=\"true\"><\/span><br \/>\n\t\t\t\t<span class=\"eckb-article-title__text\" >\u00bfSe pueden administrar en el mismo acto vacunal Nimenrix y Men B?<\/span><br \/>\n\t\t\t<\/span> \t\t<\/a>    \t\t\t\t<\/li>\n<li class=\"epkb-article-level-1 epkb-hide-elem\" data-kb-article-id=\"234\"\n\t\t\t\t        data-kb-type=\"article\"  style=\"padding-bottom: 8px; padding-top: 8px;\"  ><br \/>\n\t\t<a href=\"https:\/\/enfermeriayvacunas.es\/faq\/faq-sobre-vacunas-y-vacunaciones\/en-caso-de-desabastecimiento-puedo-intercambiar-alguna-de-las-vacunas-hexavalentes\/\"  class=\"epkb-mp-article \"\n\t\t            data-kb-article-id=\"234\" ><br \/>\n\t\t\t<span class=\"eckb-article-title\"  style=\"color: #dd9933;\"  ><br \/>\n\t\t\t\t<span class=\"eckb-article-title__icon ep_font_icon_document\"  style=\"color: #b3b3b3;\"  aria-hidden=\"true\"><\/span><br \/>\n\t\t\t\t<span class=\"eckb-article-title__text\" >En caso de desabastecimiento, \u00bfpuedo intercambiar alguna de las vacunas hexavalentes?<\/span><br \/>\n\t\t\t<\/span> \t\t<\/a>    \t\t\t\t<\/li>\n<\/ul>\n<p> \t\t\t<button class=\"epkb-show-all-articles\" aria-expanded=\"false\" data-btn-id=\"15\"><br \/>\n\t\t\t\t<span class=\"epkb-show-text\">\t\t\t\t\t\tMostrar todos los art\u00edculos ( 13 )<br \/>\n\t\t\t\t<\/span><br \/>\n\t\t\t\t<span class=\"epkb-hide-text epkb-hide-elem\">Contraer art\u00edculos<\/span><br \/>\n\t\t\t<\/button>\n\t\t\t\t\t<\/div>\n<p><!-- Section Body End --><\/p>\n<\/section>\n<p><!-- Section End -->  \t\t\t\t\t<\/div>\n<div class=\"epkb-ml__module-categories-articles__row\">\n\t\t\t\t<!-- Section Container ( Category Box ) --><\/p>\n<section id=\"epkb_cat_8\" class=\"no_shadow epkb-top-category-box\"  style=\"border-radius: 4px; border-width: 1px; border-color: #f7f7f7; background-color: #ffffff; border-style: solid;\"  >\n<p>\t\t\t\t\t<!-- Section Head --><\/p>\n<div class=\"section-head section_divider\"  style=\"--section-head-bg: #ffffff; border-bottom-width: 5px; background-color: #ffffff; border-top-left-radius: 4px; border-top-right-radius: 4px; border-bottom-color: #edf2f6; padding-top: 10px; padding-bottom: 10px; padding-left: 4px; padding-right: 4px;\"  >\n<p>\t\t\t\t\t\t<!-- Category Name + Icon --><\/p>\n<div class=\"epkb-category-level-1 epkb-category--left-cat-icon\" aria-expanded=\"false\"\n\t\t\t\t\t\t            data-kb-category-id=\"16\" data-kb-type=\"category\"  style=\"color: #40474f; text-align: start; justify-content: flex-start; padding-left: 10px;\"  role=\"region\"><\/p>\n<p>\t\t\t\t\t\t\t<!-- Icon Top \/ Left -->\t                            \t\t\t\t\t\t\t\t\t<span class=\"epkb-cat-icon epkbfa ep_font_icon_folder\" data-kb-category-icon=\"ep_font_icon_folder\"  style=\"color: #f7941d; font-size: 21px;\" ><\/span>\t\t\t\t\t\t\t\t\t<\/p>\n<h2 class=\"epkb-cat-name\"><a href=\"https:\/\/enfermeriayvacunas.es\/faq\/faq-sobre-vacunas-y-vacunaciones\/categor\u00eda\/vacunaciones-en-adolescentes\/\"  style=\"color: #40474f;\" >8. Vacunaciones en adolescentes<\/a><\/h2>\n<p>\t\t\t\t\t\t\t<!-- Icon Right -->\n\t\t\t\t\t\t<\/div>\n<p>\t\t\t\t\t\t<!-- Category Description -->\t\t\t\t\t\t\t\t\t\t\t<\/div>\n<p>\t\t\t\t\t<!-- Section Body --><\/p>\n<div class=\"epkb-section-body\"  style=\"border-bottom-width: 1px; padding-top: 4px; padding-bottom: 4px; padding-left: 10px; padding-right: 10px;\"  >\n<ul class=\"epkb-main-category epkb-articles\"  style=\"padding-left: 10px;\"  data-list-id=\"16\">\n<li class=\"epkb-article-level-1 \" data-kb-article-id=\"485\"\n\t\t\t\t        data-kb-type=\"article\"  style=\"padding-bottom: 8px; padding-top: 8px;\"  ><br \/>\n\t\t<a href=\"https:\/\/enfermeriayvacunas.es\/faq\/faq-sobre-vacunas-y-vacunaciones\/debo-aconsejar-a-las-adolescentes-que-no-se-deben-quedar-embarazadas-al-mes-siguiente-de-recibir-vacuna-frente-vhp9-valente\/\"  class=\"epkb-mp-article \"\n\t\t            data-kb-article-id=\"485\" ><br \/>\n\t\t\t<span class=\"eckb-article-title\"  style=\"color: #dd9933;\"  ><br \/>\n\t\t\t\t<span class=\"eckb-article-title__icon ep_font_icon_document\"  style=\"color: #b3b3b3;\"  aria-hidden=\"true\"><\/span><br \/>\n\t\t\t\t<span class=\"eckb-article-title__text\" >\u00bfDebo aconsejar a las adolescentes que no se deben quedar embarazadas al mes siguiente de recibir la vacuna frente a VHP 9 valente?<\/span><br \/>\n\t\t\t<\/span> \t\t<\/a>    \t\t\t\t<\/li>\n<li class=\"epkb-article-level-1 \" data-kb-article-id=\"427\"\n\t\t\t\t        data-kb-type=\"article\"  style=\"padding-bottom: 8px; padding-top: 8px;\"  ><br \/>\n\t\t<a href=\"https:\/\/enfermeriayvacunas.es\/faq\/faq-sobre-vacunas-y-vacunaciones\/esta-incluida-la-vacunacion-frente-al-virus-del-papiloma-humano-en-varones-dentro-del-calendario-comun-de-vacunacion-para-toda-la-vida-2\/\"  class=\"epkb-mp-article \"\n\t\t            data-kb-article-id=\"427\" ><br \/>\n\t\t\t<span class=\"eckb-article-title\"  style=\"color: #dd9933;\"  ><br \/>\n\t\t\t\t<span class=\"eckb-article-title__icon ep_font_icon_document\"  style=\"color: #b3b3b3;\"  aria-hidden=\"true\"><\/span><br \/>\n\t\t\t\t<span class=\"eckb-article-title__text\" >\u00bfEst\u00e1 incluida la vacunaci\u00f3n frente al virus del papiloma humano en varones dentro del calendario com\u00fan de vacunaci\u00f3n para toda la vida?<\/span><br \/>\n\t\t\t<\/span> \t\t<\/a>    \t\t\t\t<\/li>\n<li class=\"epkb-article-level-1 \" data-kb-article-id=\"521\"\n\t\t\t\t        data-kb-type=\"article\"  style=\"padding-bottom: 8px; padding-top: 8px;\"  ><br \/>\n\t\t<a href=\"https:\/\/enfermeriayvacunas.es\/faq\/faq-sobre-vacunas-y-vacunaciones\/esta-indicada-la-vacunacion-antineumococica-13-valente-en-un-adolescente-previamente-vacunado-con-vacuna-antineumococica-7-o-10-valente-2\/\"  class=\"epkb-mp-article \"\n\t\t            data-kb-article-id=\"521\" ><br \/>\n\t\t\t<span class=\"eckb-article-title\"  style=\"color: #dd9933;\"  ><br \/>\n\t\t\t\t<span class=\"eckb-article-title__icon ep_font_icon_document\"  style=\"color: #b3b3b3;\"  aria-hidden=\"true\"><\/span><br \/>\n\t\t\t\t<span class=\"eckb-article-title__text\" >\u00bfEst\u00e1 indicada la vacunaci\u00f3n antineumoc\u00f3cica 13 valente en un adolescente previamente vacunado con vacuna antineumoc\u00f3cica 7 o 10 valente?<\/span><br \/>\n\t\t\t<\/span> \t\t<\/a>    \t\t\t\t<\/li>\n<li class=\"epkb-article-level-1 \" data-kb-article-id=\"483\"\n\t\t\t\t        data-kb-type=\"article\"  style=\"padding-bottom: 8px; padding-top: 8px;\"  ><br \/>\n\t\t<a href=\"https:\/\/enfermeriayvacunas.es\/faq\/faq-sobre-vacunas-y-vacunaciones\/esta-indicada-la-vacunacion-con-vph-en-una-mujer-adolescente-conizada-2\/\"  class=\"epkb-mp-article \"\n\t\t            data-kb-article-id=\"483\" ><br \/>\n\t\t\t<span class=\"eckb-article-title\"  style=\"color: #dd9933;\"  ><br \/>\n\t\t\t\t<span class=\"eckb-article-title__icon ep_font_icon_document\"  style=\"color: #b3b3b3;\"  aria-hidden=\"true\"><\/span><br \/>\n\t\t\t\t<span class=\"eckb-article-title__text\" >\u00bfEst\u00e1 indicada la vacunaci\u00f3n con VPH en una mujer adolescente conizada?<\/span><br \/>\n\t\t\t<\/span> \t\t<\/a>    \t\t\t\t<\/li>\n<li class=\"epkb-article-level-1 \" data-kb-article-id=\"487\"\n\t\t\t\t        data-kb-type=\"article\"  style=\"padding-bottom: 8px; padding-top: 8px;\"  ><br \/>\n\t\t<a href=\"https:\/\/enfermeriayvacunas.es\/faq\/faq-sobre-vacunas-y-vacunaciones\/esta-indicada-la-vacunacion-de-men-acwy-en-el-adolescente-si-ha-sido-vacunado-previamente-de-la-men-c-2\/\"  class=\"epkb-mp-article \"\n\t\t            data-kb-article-id=\"487\" ><br \/>\n\t\t\t<span class=\"eckb-article-title\"  style=\"color: #dd9933;\"  ><br \/>\n\t\t\t\t<span class=\"eckb-article-title__icon ep_font_icon_document\"  style=\"color: #b3b3b3;\"  aria-hidden=\"true\"><\/span><br \/>\n\t\t\t\t<span class=\"eckb-article-title__text\" >\u00bfEst\u00e1 indicada la vacunaci\u00f3n de Men ACWY en el adolescente si ha sido vacunado previamente de la Men C?<\/span><br \/>\n\t\t\t<\/span> \t\t<\/a>    \t\t\t\t<\/li>\n<li class=\"epkb-article-level-1 epkb-hide-elem\" data-kb-article-id=\"457\"\n\t\t\t\t        data-kb-type=\"article\"  style=\"padding-bottom: 8px; padding-top: 8px;\"  ><br \/>\n\t\t<a href=\"https:\/\/enfermeriayvacunas.es\/faq\/faq-sobre-vacunas-y-vacunaciones\/esta-indicada-la-vacunacion-frente-a-la-gripe-en-los-adolescentes-sin-factor-de-riesgo-conocido-2\/\"  class=\"epkb-mp-article \"\n\t\t            data-kb-article-id=\"457\" ><br \/>\n\t\t\t<span class=\"eckb-article-title\"  style=\"color: #dd9933;\"  ><br \/>\n\t\t\t\t<span class=\"eckb-article-title__icon ep_font_icon_document\"  style=\"color: #b3b3b3;\"  aria-hidden=\"true\"><\/span><br \/>\n\t\t\t\t<span class=\"eckb-article-title__text\" >\u00bfEst\u00e1 indicada la vacunaci\u00f3n frente a la gripe en los adolescentes sin factor de riesgo conocido?<\/span><br \/>\n\t\t\t<\/span> \t\t<\/a>    \t\t\t\t<\/li>\n<li class=\"epkb-article-level-1 epkb-hide-elem\" data-kb-article-id=\"532\"\n\t\t\t\t        data-kb-type=\"article\"  style=\"padding-bottom: 8px; padding-top: 8px;\"  ><br \/>\n\t\t<a href=\"https:\/\/enfermeriayvacunas.es\/faq\/faq-sobre-vacunas-y-vacunaciones\/para-que-grupos-de-riesgo-esta-incluida-la-vacunacion-frente-al-virus-del-papiloma-humano-en-el-calendario-comun-de-vacunacion-para-toda-la-vida-a-parte-de-a-las-ninas-de-12-anos-2\/\"  class=\"epkb-mp-article \"\n\t\t            data-kb-article-id=\"532\" ><br \/>\n\t\t\t<span class=\"eckb-article-title\"  style=\"color: #dd9933;\"  ><br \/>\n\t\t\t\t<span class=\"eckb-article-title__icon ep_font_icon_document\"  style=\"color: #b3b3b3;\"  aria-hidden=\"true\"><\/span><br \/>\n\t\t\t\t<span class=\"eckb-article-title__text\" >\u00bfPara qu\u00e9 grupos de riesgo est\u00e1 incluida la vacunaci\u00f3n frente al virus del papiloma humano en el calendario com\u00fan de vacunaci\u00f3n para toda la vida a parte de a las ni\u00f1as de 12 a\u00f1os?<\/span><br \/>\n\t\t\t<\/span> \t\t<\/a>    \t\t\t\t<\/li>\n<li class=\"epkb-article-level-1 epkb-hide-elem\" data-kb-article-id=\"479\"\n\t\t\t\t        data-kb-type=\"article\"  style=\"padding-bottom: 8px; padding-top: 8px;\"  ><br \/>\n\t\t<a href=\"https:\/\/enfermeriayvacunas.es\/faq\/faq-sobre-vacunas-y-vacunaciones\/para-que-sirve-vacunar-a-la-mayor-cantidad-posible-de-adolescentes-con-la-vacuna-antimeningococica-tetravalente-2\/\"  class=\"epkb-mp-article \"\n\t\t            data-kb-article-id=\"479\" ><br \/>\n\t\t\t<span class=\"eckb-article-title\"  style=\"color: #dd9933;\"  ><br \/>\n\t\t\t\t<span class=\"eckb-article-title__icon ep_font_icon_document\"  style=\"color: #b3b3b3;\"  aria-hidden=\"true\"><\/span><br \/>\n\t\t\t\t<span class=\"eckb-article-title__text\" >\u00bfPara qu\u00e9 sirve vacunar a la mayor cantidad posible de adolescentes con la vacuna antimeningoc\u00f3cica tetravalente?<\/span><br \/>\n\t\t\t<\/span> \t\t<\/a>    \t\t\t\t<\/li>\n<li class=\"epkb-article-level-1 epkb-hide-elem\" data-kb-article-id=\"426\"\n\t\t\t\t        data-kb-type=\"article\"  style=\"padding-bottom: 8px; padding-top: 8px;\"  ><br \/>\n\t\t<a href=\"https:\/\/enfermeriayvacunas.es\/faq\/faq-sobre-vacunas-y-vacunaciones\/que-cohortes-de-edad-tienen-incluida-la-vacuna-antimeningococica-tetravalente-acwy-segun-el-catch-up-aprobado-por-el-consejo-interterritorial-del-ministerio-de-sanidad-2\/\"  class=\"epkb-mp-article \"\n\t\t            data-kb-article-id=\"426\" ><br \/>\n\t\t\t<span class=\"eckb-article-title\"  style=\"color: #dd9933;\"  ><br \/>\n\t\t\t\t<span class=\"eckb-article-title__icon ep_font_icon_document\"  style=\"color: #b3b3b3;\"  aria-hidden=\"true\"><\/span><br \/>\n\t\t\t\t<span class=\"eckb-article-title__text\" >\u00bfQu\u00e9 cohortes de edad tienen incluida la vacuna antimeningoc\u00f3cica tetravalente ACWY seg\u00fan el catch-up aprobado por el Consejo Interterritorial del Ministerio de Sanidad?<\/span><br \/>\n\t\t\t<\/span> \t\t<\/a>    \t\t\t\t<\/li>\n<li class=\"epkb-article-level-1 epkb-hide-elem\" data-kb-article-id=\"516\"\n\t\t\t\t        data-kb-type=\"article\"  style=\"padding-bottom: 8px; padding-top: 8px;\"  ><br \/>\n\t\t<a href=\"https:\/\/enfermeriayvacunas.es\/faq\/faq-sobre-vacunas-y-vacunaciones\/son-intercambiables-las-vacuna-antimeningococicas-b-besxsero-y-trumenba-en-adolescentes-2\/\"  class=\"epkb-mp-article \"\n\t\t            data-kb-article-id=\"516\" ><br \/>\n\t\t\t<span class=\"eckb-article-title\"  style=\"color: #dd9933;\"  ><br \/>\n\t\t\t\t<span class=\"eckb-article-title__icon ep_font_icon_document\"  style=\"color: #b3b3b3;\"  aria-hidden=\"true\"><\/span><br \/>\n\t\t\t\t<span class=\"eckb-article-title__text\" >\u00bfSon intercambiables las vacuna antimeningoc\u00f3cicas B Besxsero y Trumenba en adolescentes?<\/span><br \/>\n\t\t\t<\/span> \t\t<\/a>    \t\t\t\t<\/li>\n<li class=\"epkb-article-level-1 epkb-hide-elem\" data-kb-article-id=\"468\"\n\t\t\t\t        data-kb-type=\"article\"  style=\"padding-bottom: 8px; padding-top: 8px;\"  ><br \/>\n\t\t<a href=\"https:\/\/enfermeriayvacunas.es\/faq\/faq-sobre-vacunas-y-vacunaciones\/28-acude-a-consulta-un-adolescente-de-15-anos-al-cual-hace-2-meses-le-hemos-administrado-la-vacuna-td-en-la-revision-de-salud-de-los-14-anos-ahora-se-va-a-estudiar-a-ee-uu-y-le-exigen-tener-u\/\"  class=\"epkb-mp-article \"\n\t\t            data-kb-article-id=\"468\" ><br \/>\n\t\t\t<span class=\"eckb-article-title\"  style=\"color: #dd9933;\"  ><br \/>\n\t\t\t\t<span class=\"eckb-article-title__icon ep_font_icon_document\"  style=\"color: #b3b3b3;\"  aria-hidden=\"true\"><\/span><br \/>\n\t\t\t\t<span class=\"eckb-article-title__text\" >Acude a consulta un adolescente de 15 a\u00f1os al cu\u00e1l hace 2 meses le hemos administrado la vacuna Td en la revisi\u00f3n de salud de los 14 a\u00f1os. Ahora se va a estudiar a EE.UU. y le exigen tener una dosis de Tosferina por encima de los 11 a\u00f1os. \u00bfSe le puede administrar una dosis de dTpa o est\u00e1 contraindicado al haber recibido la vacuna Td?<\/span><br \/>\n\t\t\t<\/span> \t\t<\/a>    \t\t\t\t<\/li>\n<li class=\"epkb-article-level-1 epkb-hide-elem\" data-kb-article-id=\"466\"\n\t\t\t\t        data-kb-type=\"article\"  style=\"padding-bottom: 8px; padding-top: 8px;\"  ><br \/>\n\t\t<a href=\"https:\/\/enfermeriayvacunas.es\/faq\/faq-sobre-vacunas-y-vacunaciones\/acude-a-consulta-un-adolescente-de-16-anos-que-por-decision-de-sus-progenitores-no-esta-vacunado-el-nos-refiere-que-quiere-ponerse-todas-las-vacunas-que-le-correspondan-se-puede-proceder-a-vac-2\/\"  class=\"epkb-mp-article \"\n\t\t            data-kb-article-id=\"466\" ><br \/>\n\t\t\t<span class=\"eckb-article-title\"  style=\"color: #dd9933;\"  ><br \/>\n\t\t\t\t<span class=\"eckb-article-title__icon ep_font_icon_document\"  style=\"color: #b3b3b3;\"  aria-hidden=\"true\"><\/span><br \/>\n\t\t\t\t<span class=\"eckb-article-title__text\" >Acude a consulta un adolescente de 16 a\u00f1os que por decisi\u00f3n de sus progenitores no est\u00e1 vacunado. El nos refiere que quiere ponerse todas las vacunas que le correspondan. \u00bfSe puede proceder a vacunarle o debemos esperar a que cumpla la mayor\u00eda de edad a los 18 a\u00f1os?<\/span><br \/>\n\t\t\t<\/span> \t\t<\/a>    \t\t\t\t<\/li>\n<li class=\"epkb-article-level-1 epkb-hide-elem\" data-kb-article-id=\"504\"\n\t\t\t\t        data-kb-type=\"article\"  style=\"padding-bottom: 8px; padding-top: 8px;\"  ><br \/>\n\t\t<a href=\"https:\/\/enfermeriayvacunas.es\/faq\/faq-sobre-vacunas-y-vacunaciones\/acude-a-consulta-un-adolescente-de-18-anos-con-una-herida-limpia-y-que-no-recuerda-el-numero-de-dosis-que-ha-recibido-de-la-vacuna-del-tetanos-que-debemos-hacer-2\/\"  class=\"epkb-mp-article \"\n\t\t            data-kb-article-id=\"504\" ><br \/>\n\t\t\t<span class=\"eckb-article-title\"  style=\"color: #dd9933;\"  ><br \/>\n\t\t\t\t<span class=\"eckb-article-title__icon ep_font_icon_document\"  style=\"color: #b3b3b3;\"  aria-hidden=\"true\"><\/span><br \/>\n\t\t\t\t<span class=\"eckb-article-title__text\" >Acude a consulta un adolescente de 18 a\u00f1os con una herida limpia y que no recuerda el n\u00famero de dosis que ha recibido de la vacuna del t\u00e9tanos. \u00bfQu\u00e9 debemos hacer?<\/span><br \/>\n\t\t\t<\/span> \t\t<\/a>    \t\t\t\t<\/li>\n<li class=\"epkb-article-level-1 epkb-hide-elem\" data-kb-article-id=\"502\"\n\t\t\t\t        data-kb-type=\"article\"  style=\"padding-bottom: 8px; padding-top: 8px;\"  ><br \/>\n\t\t<a href=\"https:\/\/enfermeriayvacunas.es\/faq\/faq-sobre-vacunas-y-vacunaciones\/acude-a-consulta-un-adolescente-de-20-anos-con-una-herida-tetanigena-y-que-ha-recibido-3-dosis-de-la-vacuna-del-tetanos-debemos-administra-ig-y-vacuna-2\/\"  class=\"epkb-mp-article \"\n\t\t            data-kb-article-id=\"502\" ><br \/>\n\t\t\t<span class=\"eckb-article-title\"  style=\"color: #dd9933;\"  ><br \/>\n\t\t\t\t<span class=\"eckb-article-title__icon ep_font_icon_document\"  style=\"color: #b3b3b3;\"  aria-hidden=\"true\"><\/span><br \/>\n\t\t\t\t<span class=\"eckb-article-title__text\" >Acude a consulta un adolescente de 20 a\u00f1os con una herida tetan\u00edgena y que ha recibido 3 dosis de la vacuna del t\u00e9tanos. \u00bfDebemos administra Ig y vacuna?<\/span><br \/>\n\t\t\t<\/span> \t\t<\/a>    \t\t\t\t<\/li>\n<li class=\"epkb-article-level-1 epkb-hide-elem\" data-kb-article-id=\"489\"\n\t\t\t\t        data-kb-type=\"article\"  style=\"padding-bottom: 8px; padding-top: 8px;\"  ><br \/>\n\t\t<a href=\"https:\/\/enfermeriayvacunas.es\/faq\/faq-sobre-vacunas-y-vacunaciones\/acude-a-consulta-un-adolescente-que-refiere-que-tiene-una-pareja-varon-como-el-le-recomendamos-la-vacunacion-frente-al-vph-esta-cubierta-por-ser-un-grupo-de-riesgo-o-la-debe-de-comprar-2\/\"  class=\"epkb-mp-article \"\n\t\t            data-kb-article-id=\"489\" ><br \/>\n\t\t\t<span class=\"eckb-article-title\"  style=\"color: #dd9933;\"  ><br \/>\n\t\t\t\t<span class=\"eckb-article-title__icon ep_font_icon_document\"  style=\"color: #b3b3b3;\"  aria-hidden=\"true\"><\/span><br \/>\n\t\t\t\t<span class=\"eckb-article-title__text\" >Acude a consulta un adolescente que refiere que tiene una pareja var\u00f3n como \u00e9l. \u00bfLe recomendamos la vacunaci\u00f3n frente al VPH? \u00bfEst\u00e1 cubierta por ser un grupo de riesgo o la debe de comprar?<\/span><br \/>\n\t\t\t<\/span> \t\t<\/a>    \t\t\t\t<\/li>\n<li class=\"epkb-article-level-1 epkb-hide-elem\" data-kb-article-id=\"497\"\n\t\t\t\t        data-kb-type=\"article\"  style=\"padding-bottom: 8px; padding-top: 8px;\"  ><br \/>\n\t\t<a href=\"https:\/\/enfermeriayvacunas.es\/faq\/faq-sobre-vacunas-y-vacunaciones\/acude-a-consulta-un-estudiante-que-ha-recibido-una-dosis-de-la-vacuna-de-la-hepatitis-a-hace-4-anos-debemos-empezar-otra-vez-el-esquema-de-vacunacion-0-6-o-con-una-dosis-estaria-ya-correctame-2\/\"  class=\"epkb-mp-article \"\n\t\t            data-kb-article-id=\"497\" ><br \/>\n\t\t\t<span class=\"eckb-article-title\"  style=\"color: #dd9933;\"  ><br \/>\n\t\t\t\t<span class=\"eckb-article-title__icon ep_font_icon_document\"  style=\"color: #b3b3b3;\"  aria-hidden=\"true\"><\/span><br \/>\n\t\t\t\t<span class=\"eckb-article-title__text\" >Acude a consulta un estudiante que ha recibido una dosis de la vacuna de la Hepatitis A hace 4 a\u00f1os. \u00bfDebemos empezar otra vez el esquema de vacunaci\u00f3n (0-6) o con una dosis estar\u00eda ya correctamente vacunado?<\/span><br \/>\n\t\t\t<\/span> \t\t<\/a>    \t\t\t\t<\/li>\n<li class=\"epkb-article-level-1 epkb-hide-elem\" data-kb-article-id=\"508\"\n\t\t\t\t        data-kb-type=\"article\"  style=\"padding-bottom: 8px; padding-top: 8px;\"  ><br \/>\n\t\t<a href=\"https:\/\/enfermeriayvacunas.es\/faq\/faq-sobre-vacunas-y-vacunaciones\/acude-a-consulta-un-nino-de-12-anos-para-revision-y-vacunacion-hace-1-ano-sus-padres-compraron-y-le-administramos-la-vacuna-antimeningococica-acwy-por-recomendacion-nuestra-es-necesario-admini-2\/\"  class=\"epkb-mp-article \"\n\t\t            data-kb-article-id=\"508\" ><br \/>\n\t\t\t<span class=\"eckb-article-title\"  style=\"color: #dd9933;\"  ><br \/>\n\t\t\t\t<span class=\"eckb-article-title__icon ep_font_icon_document\"  style=\"color: #b3b3b3;\"  aria-hidden=\"true\"><\/span><br \/>\n\t\t\t\t<span class=\"eckb-article-title__text\" >Acude a consulta un ni\u00f1o de 12 a\u00f1os para revisi\u00f3n y vacunaci\u00f3n. Hace 1 a\u00f1o sus padres compraron y le administramos la vacuna antimeningoc\u00f3cica ACWY por recomendaci\u00f3n nuestra. \u00bfEs necesario administrarle la vacuna antimeningoc\u00f3cica ACWY que ha sido recientemente incluida en el calendario com\u00fan para toda la vida o no?<\/span><br \/>\n\t\t\t<\/span> \t\t<\/a>    \t\t\t\t<\/li>\n<li class=\"epkb-article-level-1 epkb-hide-elem\" data-kb-article-id=\"506\"\n\t\t\t\t        data-kb-type=\"article\"  style=\"padding-bottom: 8px; padding-top: 8px;\"  ><br \/>\n\t\t<a href=\"https:\/\/enfermeriayvacunas.es\/faq\/faq-sobre-vacunas-y-vacunaciones\/acude-a-consulta-un-nino-de-17-anos-al-que-se-le-administro-1-dosis-de-la-vacuna-oral-frente-a-la-poliomielitis-a-los-18-meses-y-2-dosis-de-poliomielitis-intramuscular-a-los-15-anos-separadas-3-mese-2\/\"  class=\"epkb-mp-article \"\n\t\t            data-kb-article-id=\"506\" ><br \/>\n\t\t\t<span class=\"eckb-article-title\"  style=\"color: #dd9933;\"  ><br \/>\n\t\t\t\t<span class=\"eckb-article-title__icon ep_font_icon_document\"  style=\"color: #b3b3b3;\"  aria-hidden=\"true\"><\/span><br \/>\n\t\t\t\t<span class=\"eckb-article-title__text\" >Acude a consulta un ni\u00f1o de 17 a\u00f1os al que se le administro 1 dosis de la vacuna oral frente a la Poliomielitis a los 18 meses y 2 dosis de poliomielitis intramuscular a los 15 a\u00f1os separadas 3 meses. \u00bfEst\u00e1 correctamente vacunado o ser\u00eda necesario administrarle una dosis m\u00e1s?<\/span><br \/>\n\t\t\t<\/span> \t\t<\/a>    \t\t\t\t<\/li>\n<li class=\"epkb-article-level-1 epkb-hide-elem\" data-kb-article-id=\"499\"\n\t\t\t\t        data-kb-type=\"article\"  style=\"padding-bottom: 8px; padding-top: 8px;\"  ><br \/>\n\t\t<a href=\"https:\/\/enfermeriayvacunas.es\/faq\/faq-sobre-vacunas-y-vacunaciones\/17-acude-a-consulta-un-paciente-de-27-anos-con-una-herida-tetanigena-de-alto-riesgo-que-ha-recibido-5-dosis-de-la-vacuna-frente-al-tetanos-la-ultima-hace-13-anos-debemos-administra-ig-y\/\"  class=\"epkb-mp-article \"\n\t\t            data-kb-article-id=\"499\" ><br \/>\n\t\t\t<span class=\"eckb-article-title\"  style=\"color: #dd9933;\"  ><br \/>\n\t\t\t\t<span class=\"eckb-article-title__icon ep_font_icon_document\"  style=\"color: #b3b3b3;\"  aria-hidden=\"true\"><\/span><br \/>\n\t\t\t\t<span class=\"eckb-article-title__text\" >Acude a consulta un paciente de 27 a\u00f1os con una herida tetan\u00edgena de alto riesgo que ha recibido 5 dosis de la vacuna frente al t\u00e9tanos, la \u00faltima hace 13 a\u00f1os. \u00bfDebemos administrar Ig y vacuna?<\/span><br \/>\n\t\t\t<\/span> \t\t<\/a>    \t\t\t\t<\/li>\n<li class=\"epkb-article-level-1 epkb-hide-elem\" data-kb-article-id=\"495\"\n\t\t\t\t        data-kb-type=\"article\"  style=\"padding-bottom: 8px; padding-top: 8px;\"  ><br \/>\n\t\t<a href=\"https:\/\/enfermeriayvacunas.es\/faq\/faq-sobre-vacunas-y-vacunaciones\/acude-a-consulta-una-adolescente-de-17-anos-que-en-su-dia-decidio-no-vacunarse-frente-al-virus-del-vph-ha-comenzado-las-relaciones-sexuales-se-puede-vacunar-ahora-estaria-incluida-o-la-2\/\"  class=\"epkb-mp-article \"\n\t\t            data-kb-article-id=\"495\" ><br \/>\n\t\t\t<span class=\"eckb-article-title\"  style=\"color: #dd9933;\"  ><br \/>\n\t\t\t\t<span class=\"eckb-article-title__icon ep_font_icon_document\"  style=\"color: #b3b3b3;\"  aria-hidden=\"true\"><\/span><br \/>\n\t\t\t\t<span class=\"eckb-article-title__text\" >Acude a consulta una adolescente de 17 a\u00f1os que en su d\u00eda decidi\u00f3 no vacunarse frente al virus del VPH. Ha comenzado las relaciones sexuales. \u00bfSe puede vacunar ahora? \u00bfEstar\u00eda incluida o la tendr\u00eda que comprar ella?<\/span><br \/>\n\t\t\t<\/span> \t\t<\/a>    \t\t\t\t<\/li>\n<li class=\"epkb-article-level-1 epkb-hide-elem\" data-kb-article-id=\"472\"\n\t\t\t\t        data-kb-type=\"article\"  style=\"padding-bottom: 8px; padding-top: 8px;\"  ><br \/>\n\t\t<a href=\"https:\/\/enfermeriayvacunas.es\/faq\/faq-sobre-vacunas-y-vacunaciones\/acude-a-consulta-una-madre-con-una-adolescente-de-12-anos-para-hacer-la-revision-de-salud-refiere-no-haber-pasado-la-varicela-porque-esta-vacunada-con-1-dosis-a-los-3-anos-esta-correctamente-v-2\/\"  class=\"epkb-mp-article \"\n\t\t            data-kb-article-id=\"472\" ><br \/>\n\t\t\t<span class=\"eckb-article-title\"  style=\"color: #dd9933;\"  ><br \/>\n\t\t\t\t<span class=\"eckb-article-title__icon ep_font_icon_document\"  style=\"color: #b3b3b3;\"  aria-hidden=\"true\"><\/span><br \/>\n\t\t\t\t<span class=\"eckb-article-title__text\" >Acude a consulta una madre con una adolescente de 12 a\u00f1os para hacer la revisi\u00f3n de salud. Refiere no haber pasado la varicela porque est\u00e1 vacunada con 1 dosis a los 3 a\u00f1os. \u00bfEst\u00e1 correctamente vacunada?<\/span><br \/>\n\t\t\t<\/span> \t\t<\/a>    \t\t\t\t<\/li>\n<li class=\"epkb-article-level-1 epkb-hide-elem\" data-kb-article-id=\"477\"\n\t\t\t\t        data-kb-type=\"article\"  style=\"padding-bottom: 8px; padding-top: 8px;\"  ><br \/>\n\t\t<a href=\"https:\/\/enfermeriayvacunas.es\/faq\/faq-sobre-vacunas-y-vacunaciones\/las-vacunas-que-no-se-hayan-administrado-en-la-infancia-por-la-razon-que-sea-se-pueden-poner-en-la-adolescencia-sirven-igual-2\/\"  class=\"epkb-mp-article \"\n\t\t            data-kb-article-id=\"477\" ><br \/>\n\t\t\t<span class=\"eckb-article-title\"  style=\"color: #dd9933;\"  ><br \/>\n\t\t\t\t<span class=\"eckb-article-title__icon ep_font_icon_document\"  style=\"color: #b3b3b3;\"  aria-hidden=\"true\"><\/span><br \/>\n\t\t\t\t<span class=\"eckb-article-title__text\" >Las vacunas que no se hayan administrado en la infancia por la raz\u00f3n que sea, \u00bfse pueden poner en la adolescencia? \u00bfSirven igual?<\/span><br \/>\n\t\t\t<\/span> \t\t<\/a>    \t\t\t\t<\/li>\n<li class=\"epkb-article-level-1 epkb-hide-elem\" data-kb-article-id=\"510\"\n\t\t\t\t        data-kb-type=\"article\"  style=\"padding-bottom: 8px; padding-top: 8px;\"  ><br \/>\n\t\t<a href=\"https:\/\/enfermeriayvacunas.es\/faq\/faq-sobre-vacunas-y-vacunaciones\/para-estar-correctamente-vacunado-un-adolescente-cuantas-dosis-de-td-debe-haber-recibido-2\/\"  class=\"epkb-mp-article \"\n\t\t            data-kb-article-id=\"510\" ><br \/>\n\t\t\t<span class=\"eckb-article-title\"  style=\"color: #dd9933;\"  ><br \/>\n\t\t\t\t<span class=\"eckb-article-title__icon ep_font_icon_document\"  style=\"color: #b3b3b3;\"  aria-hidden=\"true\"><\/span><br \/>\n\t\t\t\t<span class=\"eckb-article-title__text\" >Para estar correctamente vacunado un adolescente, \u00bfcu\u00e1ntas dosis de Td debe haber recibido?<\/span><br \/>\n\t\t\t<\/span> \t\t<\/a>    \t\t\t\t<\/li>\n<li class=\"epkb-article-level-1 epkb-hide-elem\" data-kb-article-id=\"474\"\n\t\t\t\t        data-kb-type=\"article\"  style=\"padding-bottom: 8px; padding-top: 8px;\"  ><br \/>\n\t\t<a href=\"https:\/\/enfermeriayvacunas.es\/faq\/faq-sobre-vacunas-y-vacunaciones\/si-un-adolescente-no-ha-sido-vacunado-en-la-infancia-debe-recibir-el-mismo-numero-de-dosis-con-los-mismos-intervalos-2\/\"  class=\"epkb-mp-article \"\n\t\t            data-kb-article-id=\"474\" ><br \/>\n\t\t\t<span class=\"eckb-article-title\"  style=\"color: #dd9933;\"  ><br \/>\n\t\t\t\t<span class=\"eckb-article-title__icon ep_font_icon_document\"  style=\"color: #b3b3b3;\"  aria-hidden=\"true\"><\/span><br \/>\n\t\t\t\t<span class=\"eckb-article-title__text\" >Si un adolescente no ha sido vacunado en la infancia, \u00bfdebe recibir el mismo n\u00famero de dosis con los mismos intervalos?<\/span><br \/>\n\t\t\t<\/span> \t\t<\/a>    \t\t\t\t<\/li>\n<li class=\"epkb-article-level-1 epkb-hide-elem\" data-kb-article-id=\"514\"\n\t\t\t\t        data-kb-type=\"article\"  style=\"padding-bottom: 8px; padding-top: 8px;\"  ><br \/>\n\t\t<a href=\"https:\/\/enfermeriayvacunas.es\/faq\/faq-sobre-vacunas-y-vacunaciones\/si-un-adolescente-recibe-una-dosis-de-bexsero-y-1-mes-despues-una-dosis-de-trumenba-esta-correctamente-vacunado-2\/\"  class=\"epkb-mp-article \"\n\t\t            data-kb-article-id=\"514\" ><br \/>\n\t\t\t<span class=\"eckb-article-title\"  style=\"color: #dd9933;\"  ><br \/>\n\t\t\t\t<span class=\"eckb-article-title__icon ep_font_icon_document\"  style=\"color: #b3b3b3;\"  aria-hidden=\"true\"><\/span><br \/>\n\t\t\t\t<span class=\"eckb-article-title__text\" >Si un adolescente recibe una dosis de Bexsero y 1 mes despu\u00e9s una dosis de Trumenba, \u00bfest\u00e1 correctamente vacunado?<\/span><br \/>\n\t\t\t<\/span> \t\t<\/a>    \t\t\t\t<\/li>\n<li class=\"epkb-article-level-1 epkb-hide-elem\" data-kb-article-id=\"512\"\n\t\t\t\t        data-kb-type=\"article\"  style=\"padding-bottom: 8px; padding-top: 8px;\"  ><br \/>\n\t\t<a href=\"https:\/\/enfermeriayvacunas.es\/faq\/faq-sobre-vacunas-y-vacunaciones\/si-un-paciente-de-17-anos-ha-recibido-las-dos-primeras-dosis-de-vacuna-frente-al-vph-de-gardasil-4-se-puede-sustituir-la-ultima-dosis-de-la-vacuna-por-gardasil-9-para-una-mayor-protecccion-2\/\"  class=\"epkb-mp-article \"\n\t\t            data-kb-article-id=\"512\" ><br \/>\n\t\t\t<span class=\"eckb-article-title\"  style=\"color: #dd9933;\"  ><br \/>\n\t\t\t\t<span class=\"eckb-article-title__icon ep_font_icon_document\"  style=\"color: #b3b3b3;\"  aria-hidden=\"true\"><\/span><br \/>\n\t\t\t\t<span class=\"eckb-article-title__text\" >Si un paciente de 17 a\u00f1os ha recibido las dos primeras dosis de  vacuna frente al VPH de Gardasil 4, \u00bfse puede sustituir la \u00faltima dosis de la vacuna por Gardasil 9 para una mayor proteccci\u00f3n?<\/span><br \/>\n\t\t\t<\/span> \t\t<\/a>    \t\t\t\t<\/li>\n<li class=\"epkb-article-level-1 epkb-hide-elem\" data-kb-article-id=\"530\"\n\t\t\t\t        data-kb-type=\"article\"  style=\"padding-bottom: 8px; padding-top: 8px;\"  ><br \/>\n\t\t<a href=\"https:\/\/enfermeriayvacunas.es\/faq\/faq-sobre-vacunas-y-vacunaciones\/si-una-paciente-fue-vacunada-con-la-primera-dosis-de-la-vacuna-frente-al-vph-con-12-anos-y-no-acudio-a-los-6-meses-a-administrarse-la-2a-dosis-y-tiene-15-anos-deberemos-empezar-la-vacunacion-co-2\/\"  class=\"epkb-mp-article \"\n\t\t            data-kb-article-id=\"530\" ><br \/>\n\t\t\t<span class=\"eckb-article-title\"  style=\"color: #dd9933;\"  ><br \/>\n\t\t\t\t<span class=\"eckb-article-title__icon ep_font_icon_document\"  style=\"color: #b3b3b3;\"  aria-hidden=\"true\"><\/span><br \/>\n\t\t\t\t<span class=\"eckb-article-title__text\" >Si una paciente fue vacunada con la primera dosis de la vacuna frente al VPH con 12 a\u00f1os y no acudi\u00f3 a los 6 meses a administrarse la 2\u00aa dosis y tiene 15 a\u00f1os. \u00bfDeberemos empezar la vacunaci\u00f3n con pauta de 3 dosis?<\/span><br \/>\n\t\t\t<\/span> \t\t<\/a>    \t\t\t\t<\/li>\n<li class=\"epkb-article-level-1 epkb-hide-elem\" data-kb-article-id=\"528\"\n\t\t\t\t        data-kb-type=\"article\"  style=\"padding-bottom: 8px; padding-top: 8px;\"  ><br \/>\n\t\t<a href=\"https:\/\/enfermeriayvacunas.es\/faq\/faq-sobre-vacunas-y-vacunaciones\/un-paciente-varon-que-se-quiere-vacunar-frente-al-vph-y-tiene-14-anos-y-11-meses-por-lo-tanto-la-2a-dosis-le-coincidira-con-los-15-anos-que-pauta-deberemos-administrar-la-de-2-dosis-o-la-de-3-2\/\"  class=\"epkb-mp-article \"\n\t\t            data-kb-article-id=\"528\" ><br \/>\n\t\t\t<span class=\"eckb-article-title\"  style=\"color: #dd9933;\"  ><br \/>\n\t\t\t\t<span class=\"eckb-article-title__icon ep_font_icon_document\"  style=\"color: #b3b3b3;\"  aria-hidden=\"true\"><\/span><br \/>\n\t\t\t\t<span class=\"eckb-article-title__text\" >Un paciente var\u00f3n que se quiere vacunar frente al VPH y tiene 14 a\u00f1os y 11 meses, por lo tanto, la 2\u00aa dosis le coincidir\u00e1 con los 15 a\u00f1os, \u00bfqu\u00e9 pauta deberemos administrar la de 2 dosis o la de 3 dosis?<\/span><br \/>\n\t\t\t<\/span> \t\t<\/a>    \t\t\t\t<\/li>\n<li class=\"epkb-article-level-1 epkb-hide-elem\" data-kb-article-id=\"523\"\n\t\t\t\t        data-kb-type=\"article\"  style=\"padding-bottom: 8px; padding-top: 8px;\"  ><br \/>\n\t\t<a href=\"https:\/\/enfermeriayvacunas.es\/faq\/faq-sobre-vacunas-y-vacunaciones\/una-paciente-que-se-la-administro-en-su-dia-la-vacuna-bivalente-frente-al-vph-y-ahora-con-18-anos-ha-sido-informada-de-la-vacuna-nonavalente-cuantas-dosis-son-necesarias-para-estar-correctament-2\/\"  class=\"epkb-mp-article \"\n\t\t            data-kb-article-id=\"523\" ><br \/>\n\t\t\t<span class=\"eckb-article-title\"  style=\"color: #dd9933;\"  ><br \/>\n\t\t\t\t<span class=\"eckb-article-title__icon ep_font_icon_document\"  style=\"color: #b3b3b3;\"  aria-hidden=\"true\"><\/span><br \/>\n\t\t\t\t<span class=\"eckb-article-title__text\" >Una paciente que se la administro en su d\u00eda la vacuna bivalente frente al VPH y ahora con 18 a\u00f1os ha sido informada de la vacuna nonavalente. \u00bfCu\u00e1ntas dosis son necesarias para estar correctamente protegida con la nueva vacuna nonavalente?<\/span><br \/>\n\t\t\t<\/span> \t\t<\/a>    \t\t\t\t<\/li>\n<li class=\"epkb-article-level-1 epkb-hide-elem\" data-kb-article-id=\"526\"\n\t\t\t\t        data-kb-type=\"article\"  style=\"padding-bottom: 8px; padding-top: 8px;\"  ><br \/>\n\t\t<a href=\"https:\/\/enfermeriayvacunas.es\/faq\/faq-sobre-vacunas-y-vacunaciones\/una-paciente-que-se-la-administro-en-su-dia-la-vacuna-bivalente-frente-al-vph-y-ahora-con-18-anos-ha-sido-informada-de-la-vacuna-nonavalente-puede-vacunarse-2\/\"  class=\"epkb-mp-article \"\n\t\t            data-kb-article-id=\"526\" ><br \/>\n\t\t\t<span class=\"eckb-article-title\"  style=\"color: #dd9933;\"  ><br \/>\n\t\t\t\t<span class=\"eckb-article-title__icon ep_font_icon_document\"  style=\"color: #b3b3b3;\"  aria-hidden=\"true\"><\/span><br \/>\n\t\t\t\t<span class=\"eckb-article-title__text\" >Una paciente que se la administro en su d\u00eda la vacuna bivalente frente al VPH y ahora con 18 a\u00f1os ha sido informada de la vacuna nonavalente. \u00bfPuede vacunarse?<\/span><br \/>\n\t\t\t<\/span> \t\t<\/a>    \t\t\t\t<\/li>\n<\/ul>\n<p> \t\t\t<button class=\"epkb-show-all-articles\" aria-expanded=\"false\" data-btn-id=\"16\"><br \/>\n\t\t\t\t<span class=\"epkb-show-text\">\t\t\t\t\t\tMostrar todos los art\u00edculos ( 25 )<br \/>\n\t\t\t\t<\/span><br \/>\n\t\t\t\t<span class=\"epkb-hide-text epkb-hide-elem\">Contraer art\u00edculos<\/span><br \/>\n\t\t\t<\/button>\n\t\t\t\t\t<\/div>\n<p><!-- Section Body End --><\/p>\n<\/section>\n<p><!-- Section End -->  \t\t\t\t\t<\/div>\n<div class=\"epkb-ml__module-categories-articles__row\">\n\t\t\t\t<!-- Section Container ( Category Box ) --><\/p>\n<section id=\"epkb_cat_9\" class=\"no_shadow epkb-top-category-box\"  style=\"border-radius: 4px; border-width: 1px; border-color: #f7f7f7; background-color: #ffffff; border-style: solid;\"  >\n<p>\t\t\t\t\t<!-- Section Head --><\/p>\n<div class=\"section-head section_divider\"  style=\"--section-head-bg: #ffffff; border-bottom-width: 5px; background-color: #ffffff; border-top-left-radius: 4px; border-top-right-radius: 4px; border-bottom-color: #edf2f6; padding-top: 10px; padding-bottom: 10px; padding-left: 4px; padding-right: 4px;\"  >\n<p>\t\t\t\t\t\t<!-- Category Name + Icon --><\/p>\n<div class=\"epkb-category-level-1 epkb-category--left-cat-icon\" aria-expanded=\"false\"\n\t\t\t\t\t\t            data-kb-category-id=\"17\" data-kb-type=\"category\"  style=\"color: #40474f; text-align: start; justify-content: flex-start; padding-left: 10px;\"  role=\"region\"><\/p>\n<p>\t\t\t\t\t\t\t<!-- Icon Top \/ Left -->\t                            \t\t\t\t\t\t\t\t\t<span class=\"epkb-cat-icon epkbfa ep_font_icon_folder\" data-kb-category-icon=\"ep_font_icon_folder\"  style=\"color: #f7941d; font-size: 21px;\" ><\/span>\t\t\t\t\t\t\t\t\t<\/p>\n<h2 class=\"epkb-cat-name\"><a href=\"https:\/\/enfermeriayvacunas.es\/faq\/faq-sobre-vacunas-y-vacunaciones\/categor\u00eda\/vacunaciones-en-adultos\/\"  style=\"color: #40474f;\" >9. Vacunaciones en adultos<\/a><\/h2>\n<p>\t\t\t\t\t\t\t<!-- Icon Right -->\n\t\t\t\t\t\t<\/div>\n<p>\t\t\t\t\t\t<!-- Category Description -->\t\t\t\t\t\t\t\t\t\t\t<\/div>\n<p>\t\t\t\t\t<!-- Section Body --><\/p>\n<div class=\"epkb-section-body\"  style=\"border-bottom-width: 1px; padding-top: 4px; padding-bottom: 4px; padding-left: 10px; padding-right: 10px;\"  >\n<ul class=\"epkb-main-category epkb-articles\"  style=\"padding-left: 10px;\"  data-list-id=\"17\">\n<li class=\"epkb-article-level-1 \" data-kb-article-id=\"425\"\n\t\t\t\t        data-kb-type=\"article\"  style=\"padding-bottom: 8px; padding-top: 8px;\"  ><br \/>\n\t\t<a href=\"https:\/\/enfermeriayvacunas.es\/faq\/faq-sobre-vacunas-y-vacunaciones\/debe-reiniciarse-la-pauta-vacunal-frente-a-papiloma-si-ha-pasado-mas-de-un-ano-desde-la-primera-dosis\/\"  class=\"epkb-mp-article \"\n\t\t            data-kb-article-id=\"425\" ><br \/>\n\t\t\t<span class=\"eckb-article-title\"  style=\"color: #dd9933;\"  ><br \/>\n\t\t\t\t<span class=\"eckb-article-title__icon ep_font_icon_document\"  style=\"color: #b3b3b3;\"  aria-hidden=\"true\"><\/span><br \/>\n\t\t\t\t<span class=\"eckb-article-title__text\" >\u00bfDebe reiniciarse la pauta vacunal frente a papiloma si ha pasado m\u00e1s de un a\u00f1o desde la primera dosis?<\/span><br \/>\n\t\t\t<\/span> \t\t<\/a>    \t\t\t\t<\/li>\n<li class=\"epkb-article-level-1 \" data-kb-article-id=\"414\"\n\t\t\t\t        data-kb-type=\"article\"  style=\"padding-bottom: 8px; padding-top: 8px;\"  ><br \/>\n\t\t<a href=\"https:\/\/enfermeriayvacunas.es\/faq\/faq-sobre-vacunas-y-vacunaciones\/en-la-profilaxis-de-heridas-de-alto-riesgo-se-debe-administrar-inmunoglobulina-a-una-persona-adulta-sana-con-4-dosis-de-vacuna-antitetanica-documentadas\/\"  class=\"epkb-mp-article \"\n\t\t            data-kb-article-id=\"414\" ><br \/>\n\t\t\t<span class=\"eckb-article-title\"  style=\"color: #dd9933;\"  ><br \/>\n\t\t\t\t<span class=\"eckb-article-title__icon ep_font_icon_document\"  style=\"color: #b3b3b3;\"  aria-hidden=\"true\"><\/span><br \/>\n\t\t\t\t<span class=\"eckb-article-title__text\" >\u00bfEn la profilaxis de heridas de alto riesgo se debe administrar inmunoglobulina a una persona adulta sana con 4 dosis de vacuna antitet\u00e1nica documentadas?<\/span><br \/>\n\t\t\t<\/span> \t\t<\/a>    \t\t\t\t<\/li>\n<li class=\"epkb-article-level-1 \" data-kb-article-id=\"424\"\n\t\t\t\t        data-kb-type=\"article\"  style=\"padding-bottom: 8px; padding-top: 8px;\"  ><br \/>\n\t\t<a href=\"https:\/\/enfermeriayvacunas.es\/faq\/faq-sobre-vacunas-y-vacunaciones\/es-necesario-esperar-a-la-campana-de-vacunacion-antigripal-para-vacunarse-frente-al-neumococo\/\"  class=\"epkb-mp-article \"\n\t\t            data-kb-article-id=\"424\" ><br \/>\n\t\t\t<span class=\"eckb-article-title\"  style=\"color: #dd9933;\"  ><br \/>\n\t\t\t\t<span class=\"eckb-article-title__icon ep_font_icon_document\"  style=\"color: #b3b3b3;\"  aria-hidden=\"true\"><\/span><br \/>\n\t\t\t\t<span class=\"eckb-article-title__text\" >\u00bfEs necesario esperar a la campa\u00f1a de vacunaci\u00f3n antigripal para vacunarse frente al neumococo?<\/span><br \/>\n\t\t\t<\/span> \t\t<\/a>    \t\t\t\t<\/li>\n<li class=\"epkb-article-level-1 \" data-kb-article-id=\"413\"\n\t\t\t\t        data-kb-type=\"article\"  style=\"padding-bottom: 8px; padding-top: 8px;\"  ><br \/>\n\t\t<a href=\"https:\/\/enfermeriayvacunas.es\/faq\/faq-sobre-vacunas-y-vacunaciones\/esta-indicado-vacunar-a-una-mujer-tras-el-parto-si-tiene-dos-dosis-de-vacuna-frente-a-rubeola-documentadas-aunque-la-serologia-de-rubeola-fuera-negativo\/\"  class=\"epkb-mp-article \"\n\t\t            data-kb-article-id=\"413\" ><br \/>\n\t\t\t<span class=\"eckb-article-title\"  style=\"color: #dd9933;\"  ><br \/>\n\t\t\t\t<span class=\"eckb-article-title__icon ep_font_icon_document\"  style=\"color: #b3b3b3;\"  aria-hidden=\"true\"><\/span><br \/>\n\t\t\t\t<span class=\"eckb-article-title__text\" >\u00bfEst\u00e1 indicado vacunar a una mujer tras el parto si tiene dos dosis de vacuna frente a rub\u00e9ola documentadas, aunque la serolog\u00eda de rub\u00e9ola fuera negativo?<\/span><br \/>\n\t\t\t<\/span> \t\t<\/a>    \t\t\t\t<\/li>\n<\/ul><\/div>\n<p><!-- Section Body End --><\/p>\n<\/section>\n<p><!-- Section End -->  \t\t\t\t\t<\/div>\n<div class=\"epkb-ml__module-categories-articles__row\">\n\t\t\t\t<!-- Section Container ( Category Box ) --><\/p>\n<section id=\"epkb_cat_10\" class=\"no_shadow epkb-top-category-box\"  style=\"border-radius: 4px; border-width: 1px; border-color: #f7f7f7; background-color: #ffffff; border-style: solid;\"  >\n<p>\t\t\t\t\t<!-- Section Head --><\/p>\n<div class=\"section-head section_divider\"  style=\"--section-head-bg: #ffffff; border-bottom-width: 5px; background-color: #ffffff; border-top-left-radius: 4px; border-top-right-radius: 4px; border-bottom-color: #edf2f6; padding-top: 10px; padding-bottom: 10px; padding-left: 4px; padding-right: 4px;\"  >\n<p>\t\t\t\t\t\t<!-- Category Name + Icon --><\/p>\n<div class=\"epkb-category-level-1 epkb-category--left-cat-icon\" aria-expanded=\"false\"\n\t\t\t\t\t\t            data-kb-category-id=\"18\" data-kb-type=\"category\"  style=\"color: #40474f; text-align: start; justify-content: flex-start; padding-left: 10px;\"  role=\"region\"><\/p>\n<p>\t\t\t\t\t\t\t<!-- Icon Top \/ Left -->\t                            \t\t\t\t\t\t\t\t\t<span class=\"epkb-cat-icon epkbfa ep_font_icon_folder\" data-kb-category-icon=\"ep_font_icon_folder\"  style=\"color: #f7941d; font-size: 21px;\" ><\/span>\t\t\t\t\t\t\t\t\t<\/p>\n<h2 class=\"epkb-cat-name\"><a href=\"https:\/\/enfermeriayvacunas.es\/faq\/faq-sobre-vacunas-y-vacunaciones\/categor\u00eda\/vacunaciones-en-grupos-de-riesgo\/\"  style=\"color: #40474f;\" >10. Vacunaciones en grupos de riesgo<\/a><\/h2>\n<p>\t\t\t\t\t\t\t<!-- Icon Right -->\n\t\t\t\t\t\t<\/div>\n<p>\t\t\t\t\t\t<!-- Category Description -->\t\t\t\t\t\t\t\t\t\t\t<\/div>\n<p>\t\t\t\t\t<!-- Section Body --><\/p>\n<div class=\"epkb-section-body\"  style=\"border-bottom-width: 1px; padding-top: 4px; padding-bottom: 4px; padding-left: 10px; padding-right: 10px;\"  >\n<ul class=\"epkb-main-category epkb-articles\"  style=\"padding-left: 10px;\"  data-list-id=\"18\">\n<li class=\"epkb-article-level-1 \" data-kb-article-id=\"298\"\n\t\t\t\t        data-kb-type=\"article\"  style=\"padding-bottom: 8px; padding-top: 8px;\"  ><br \/>\n\t\t<a href=\"https:\/\/enfermeriayvacunas.es\/faq\/faq-sobre-vacunas-y-vacunaciones\/a-que-edad-es-recomendable-vacunar-con-tv-a-ninos-vih-positivos\/\"  class=\"epkb-mp-article \"\n\t\t            data-kb-article-id=\"298\" ><br \/>\n\t\t\t<span class=\"eckb-article-title\"  style=\"color: #dd9933;\"  ><br \/>\n\t\t\t\t<span class=\"eckb-article-title__icon ep_font_icon_document\"  style=\"color: #b3b3b3;\"  aria-hidden=\"true\"><\/span><br \/>\n\t\t\t\t<span class=\"eckb-article-title__text\" >\u00bfA qu\u00e9 edad es recomendable vacunar con TV a ni\u00f1os VIH positivos?<\/span><br \/>\n\t\t\t<\/span> \t\t<\/a>    \t\t\t\t<\/li>\n<li class=\"epkb-article-level-1 \" data-kb-article-id=\"279\"\n\t\t\t\t        data-kb-type=\"article\"  style=\"padding-bottom: 8px; padding-top: 8px;\"  ><br \/>\n\t\t<a href=\"https:\/\/enfermeriayvacunas.es\/faq\/faq-sobre-vacunas-y-vacunaciones\/es-conveniente-que-los-ninos-con-sindrome-de-down-reciban-vacunas-contra-neumococo\/\"  class=\"epkb-mp-article \"\n\t\t            data-kb-article-id=\"279\" ><br \/>\n\t\t\t<span class=\"eckb-article-title\"  style=\"color: #dd9933;\"  ><br \/>\n\t\t\t\t<span class=\"eckb-article-title__icon ep_font_icon_document\"  style=\"color: #b3b3b3;\"  aria-hidden=\"true\"><\/span><br \/>\n\t\t\t\t<span class=\"eckb-article-title__text\" >\u00bfEs conveniente que los ni\u00f1os con s\u00edndrome de Down reciban vacunas contra neumococo?<\/span><br \/>\n\t\t\t<\/span> \t\t<\/a>    \t\t\t\t<\/li>\n<li class=\"epkb-article-level-1 \" data-kb-article-id=\"295\"\n\t\t\t\t        data-kb-type=\"article\"  style=\"padding-bottom: 8px; padding-top: 8px;\"  ><br \/>\n\t\t<a href=\"https:\/\/enfermeriayvacunas.es\/faq\/faq-sobre-vacunas-y-vacunaciones\/es-recomendable-la-vacuna-contra-el-herpes-zoster-en-personas-con-diabetes\/\"  class=\"epkb-mp-article \"\n\t\t            data-kb-article-id=\"295\" ><br \/>\n\t\t\t<span class=\"eckb-article-title\"  style=\"color: #dd9933;\"  ><br \/>\n\t\t\t\t<span class=\"eckb-article-title__icon ep_font_icon_document\"  style=\"color: #b3b3b3;\"  aria-hidden=\"true\"><\/span><br \/>\n\t\t\t\t<span class=\"eckb-article-title__text\" >\u00bfEs recomendable la vacuna contra el herpes z\u00f3ster en personas con diabetes?<\/span><br \/>\n\t\t\t<\/span> \t\t<\/a>    \t\t\t\t<\/li>\n<li class=\"epkb-article-level-1 \" data-kb-article-id=\"290\"\n\t\t\t\t        data-kb-type=\"article\"  style=\"padding-bottom: 8px; padding-top: 8px;\"  ><br \/>\n\t\t<a href=\"https:\/\/enfermeriayvacunas.es\/faq\/faq-sobre-vacunas-y-vacunaciones\/es-recomendable-que-las-personas-con-enfermedad-de-wilson-reciban-vacunas-adicionales\/\"  class=\"epkb-mp-article \"\n\t\t            data-kb-article-id=\"290\" ><br \/>\n\t\t\t<span class=\"eckb-article-title\"  style=\"color: #dd9933;\"  ><br \/>\n\t\t\t\t<span class=\"eckb-article-title__icon ep_font_icon_document\"  style=\"color: #b3b3b3;\"  aria-hidden=\"true\"><\/span><br \/>\n\t\t\t\t<span class=\"eckb-article-title__text\" >\u00bfEs recomendable que las personas con enfermedad de Wilson reciban vacunas adicionales?<\/span><br \/>\n\t\t\t<\/span> \t\t<\/a>    \t\t\t\t<\/li>\n<li class=\"epkb-article-level-1 \" data-kb-article-id=\"296\"\n\t\t\t\t        data-kb-type=\"article\"  style=\"padding-bottom: 8px; padding-top: 8px;\"  ><br \/>\n\t\t<a href=\"https:\/\/enfermeriayvacunas.es\/faq\/faq-sobre-vacunas-y-vacunaciones\/los-ninos-con-distrofia-muscular-de-duchenne-precisan-alguna-consideracion-especial-en-cuanto-a-la-administracion-de-vacunas\/\"  class=\"epkb-mp-article \"\n\t\t            data-kb-article-id=\"296\" ><br \/>\n\t\t\t<span class=\"eckb-article-title\"  style=\"color: #dd9933;\"  ><br \/>\n\t\t\t\t<span class=\"eckb-article-title__icon ep_font_icon_document\"  style=\"color: #b3b3b3;\"  aria-hidden=\"true\"><\/span><br \/>\n\t\t\t\t<span class=\"eckb-article-title__text\" >\u00bfLos ni\u00f1os con distrofia muscular de Duchenne precisan alguna consideraci\u00f3n especial en cuanto a la administraci\u00f3n de vacunas?<\/span><br \/>\n\t\t\t<\/span> \t\t<\/a>    \t\t\t\t<\/li>\n<li class=\"epkb-article-level-1 epkb-hide-elem\" data-kb-article-id=\"306\"\n\t\t\t\t        data-kb-type=\"article\"  style=\"padding-bottom: 8px; padding-top: 8px;\"  ><br \/>\n\t\t<a href=\"https:\/\/enfermeriayvacunas.es\/faq\/faq-sobre-vacunas-y-vacunaciones\/que-adultos-deben-vacunarse-con-dtpa-en-vez-de-con-td\/\"  class=\"epkb-mp-article \"\n\t\t            data-kb-article-id=\"306\" ><br \/>\n\t\t\t<span class=\"eckb-article-title\"  style=\"color: #dd9933;\"  ><br \/>\n\t\t\t\t<span class=\"eckb-article-title__icon ep_font_icon_document\"  style=\"color: #b3b3b3;\"  aria-hidden=\"true\"><\/span><br \/>\n\t\t\t\t<span class=\"eckb-article-title__text\" >\u00bfQu\u00e9 adultos deben vacunarse con dTpa en vez de con Td?<\/span><br \/>\n\t\t\t<\/span> \t\t<\/a>    \t\t\t\t<\/li>\n<li class=\"epkb-article-level-1 epkb-hide-elem\" data-kb-article-id=\"293\"\n\t\t\t\t        data-kb-type=\"article\"  style=\"padding-bottom: 8px; padding-top: 8px;\"  ><br \/>\n\t\t<a href=\"https:\/\/enfermeriayvacunas.es\/faq\/faq-sobre-vacunas-y-vacunaciones\/que-recomendaciones-hay-respecto-a-la-vacunacion-de-ninos-que-han-recibido-quimioterapia-si-previamente-estaban-bien-vacunados\/\"  class=\"epkb-mp-article \"\n\t\t            data-kb-article-id=\"293\" ><br \/>\n\t\t\t<span class=\"eckb-article-title\"  style=\"color: #dd9933;\"  ><br \/>\n\t\t\t\t<span class=\"eckb-article-title__icon ep_font_icon_document\"  style=\"color: #b3b3b3;\"  aria-hidden=\"true\"><\/span><br \/>\n\t\t\t\t<span class=\"eckb-article-title__text\" >\u00bfQu\u00e9 recomendaciones hay respecto a la vacunaci\u00f3n de ni\u00f1os que han recibido quimioterapia si previamente estaban bien vacunados?<\/span><br \/>\n\t\t\t<\/span> \t\t<\/a>    \t\t\t\t<\/li>\n<li class=\"epkb-article-level-1 epkb-hide-elem\" data-kb-article-id=\"294\"\n\t\t\t\t        data-kb-type=\"article\"  style=\"padding-bottom: 8px; padding-top: 8px;\"  ><br \/>\n\t\t<a href=\"https:\/\/enfermeriayvacunas.es\/faq\/faq-sobre-vacunas-y-vacunaciones\/que-vacunas-estarian-especialmente-indicadas-en-pacientes-con-epoc\/\"  class=\"epkb-mp-article \"\n\t\t            data-kb-article-id=\"294\" ><br \/>\n\t\t\t<span class=\"eckb-article-title\"  style=\"color: #dd9933;\"  ><br \/>\n\t\t\t\t<span class=\"eckb-article-title__icon ep_font_icon_document\"  style=\"color: #b3b3b3;\"  aria-hidden=\"true\"><\/span><br \/>\n\t\t\t\t<span class=\"eckb-article-title__text\" >\u00bfQu\u00e9 vacunas estar\u00edan especialmente indicadas en pacientes con EPOC?<\/span><br \/>\n\t\t\t<\/span> \t\t<\/a>    \t\t\t\t<\/li>\n<li class=\"epkb-article-level-1 epkb-hide-elem\" data-kb-article-id=\"292\"\n\t\t\t\t        data-kb-type=\"article\"  style=\"padding-bottom: 8px; padding-top: 8px;\"  ><br \/>\n\t\t<a href=\"https:\/\/enfermeriayvacunas.es\/faq\/faq-sobre-vacunas-y-vacunaciones\/que-vacunas-necesitan-los-pacientes-celiacos\/\"  class=\"epkb-mp-article \"\n\t\t            data-kb-article-id=\"292\" ><br \/>\n\t\t\t<span class=\"eckb-article-title\"  style=\"color: #dd9933;\"  ><br \/>\n\t\t\t\t<span class=\"eckb-article-title__icon ep_font_icon_document\"  style=\"color: #b3b3b3;\"  aria-hidden=\"true\"><\/span><br \/>\n\t\t\t\t<span class=\"eckb-article-title__text\" >\u00bfQu\u00e9 vacunas necesitan los pacientes cel\u00edacos?<\/span><br \/>\n\t\t\t<\/span> \t\t<\/a>    \t\t\t\t<\/li>\n<li class=\"epkb-article-level-1 epkb-hide-elem\" data-kb-article-id=\"297\"\n\t\t\t\t        data-kb-type=\"article\"  style=\"padding-bottom: 8px; padding-top: 8px;\"  ><br \/>\n\t\t<a href=\"https:\/\/enfermeriayvacunas.es\/faq\/faq-sobre-vacunas-y-vacunaciones\/se-han-de-revacunar-los-pacientes-sometidos-a-trasplante-de-progenitores-hematopoyeticos-tph\/\"  class=\"epkb-mp-article \"\n\t\t            data-kb-article-id=\"297\" ><br \/>\n\t\t\t<span class=\"eckb-article-title\"  style=\"color: #dd9933;\"  ><br \/>\n\t\t\t\t<span class=\"eckb-article-title__icon ep_font_icon_document\"  style=\"color: #b3b3b3;\"  aria-hidden=\"true\"><\/span><br \/>\n\t\t\t\t<span class=\"eckb-article-title__text\" >\u00bfSe han de revacunar los pacientes sometidos a trasplante de progenitores hematopoy\u00e9ticos (TPH)?<\/span><br \/>\n\t\t\t<\/span> \t\t<\/a>    \t\t\t\t<\/li>\n<li class=\"epkb-article-level-1 epkb-hide-elem\" data-kb-article-id=\"281\"\n\t\t\t\t        data-kb-type=\"article\"  style=\"padding-bottom: 8px; padding-top: 8px;\"  ><br \/>\n\t\t<a href=\"https:\/\/enfermeriayvacunas.es\/faq\/faq-sobre-vacunas-y-vacunaciones\/seria-recomendable-que-los-ninos-con-sindrome-de-down-recibieran-la-vacuna-contra-la-hepatitis-a\/\"  class=\"epkb-mp-article \"\n\t\t            data-kb-article-id=\"281\" ><br \/>\n\t\t\t<span class=\"eckb-article-title\"  style=\"color: #dd9933;\"  ><br \/>\n\t\t\t\t<span class=\"eckb-article-title__icon ep_font_icon_document\"  style=\"color: #b3b3b3;\"  aria-hidden=\"true\"><\/span><br \/>\n\t\t\t\t<span class=\"eckb-article-title__text\" >\u00bfSer\u00eda recomendable que los ni\u00f1os con s\u00edndrome de Down recibieran la vacuna contra la hepatitis A?<\/span><br \/>\n\t\t\t<\/span> \t\t<\/a>    \t\t\t\t<\/li>\n<li class=\"epkb-article-level-1 epkb-hide-elem\" data-kb-article-id=\"282\"\n\t\t\t\t        data-kb-type=\"article\"  style=\"padding-bottom: 8px; padding-top: 8px;\"  ><br \/>\n\t\t<a href=\"https:\/\/enfermeriayvacunas.es\/faq\/faq-sobre-vacunas-y-vacunaciones\/las-personas-que-padezcan-la-enfermedad-de-wilson-pueden-recibir-todas-las-vacunas-del-calendario\/\"  class=\"epkb-mp-article \"\n\t\t            data-kb-article-id=\"282\" ><br \/>\n\t\t\t<span class=\"eckb-article-title\"  style=\"color: #dd9933;\"  ><br \/>\n\t\t\t\t<span class=\"eckb-article-title__icon ep_font_icon_document\"  style=\"color: #b3b3b3;\"  aria-hidden=\"true\"><\/span><br \/>\n\t\t\t\t<span class=\"eckb-article-title__text\" >Las personas que padezcan la enfermedad de Wilson, \u00bfpueden recibir todas las vacunas del calendario?<\/span><br \/>\n\t\t\t<\/span> \t\t<\/a>    \t\t\t\t<\/li>\n<\/ul>\n<p> \t\t\t<button class=\"epkb-show-all-articles\" aria-expanded=\"false\" data-btn-id=\"18\"><br \/>\n\t\t\t\t<span class=\"epkb-show-text\">\t\t\t\t\t\tMostrar todos los art\u00edculos ( 7 )<br \/>\n\t\t\t\t<\/span><br \/>\n\t\t\t\t<span class=\"epkb-hide-text epkb-hide-elem\">Contraer art\u00edculos<\/span><br \/>\n\t\t\t<\/button>\n\t\t\t\t\t<\/div>\n<p><!-- Section Body End --><\/p>\n<\/section>\n<p><!-- Section End -->  \t\t\t\t\t<\/div>\n<div class=\"epkb-ml__module-categories-articles__row\">\n\t\t\t\t<!-- Section Container ( Category Box ) --><\/p>\n<section id=\"epkb_cat_11\" class=\"no_shadow epkb-top-category-box\"  style=\"border-radius: 4px; border-width: 1px; border-color: #f7f7f7; background-color: #ffffff; border-style: solid;\"  >\n<p>\t\t\t\t\t<!-- Section Head --><\/p>\n<div class=\"section-head section_divider\"  style=\"--section-head-bg: #ffffff; border-bottom-width: 5px; background-color: #ffffff; border-top-left-radius: 4px; border-top-right-radius: 4px; border-bottom-color: #edf2f6; padding-top: 10px; padding-bottom: 10px; padding-left: 4px; padding-right: 4px;\"  >\n<p>\t\t\t\t\t\t<!-- Category Name + Icon --><\/p>\n<div class=\"epkb-category-level-1 epkb-category--left-cat-icon\" aria-expanded=\"false\"\n\t\t\t\t\t\t            data-kb-category-id=\"19\" data-kb-type=\"category\"  style=\"color: #40474f; text-align: start; justify-content: flex-start; padding-left: 10px;\"  role=\"region\"><\/p>\n<p>\t\t\t\t\t\t\t<!-- Icon Top \/ Left -->\t                            \t\t\t\t\t\t\t\t\t<span class=\"epkb-cat-icon epkbfa ep_font_icon_folder\" data-kb-category-icon=\"ep_font_icon_folder\"  style=\"color: #f7941d; font-size: 21px;\" ><\/span>\t\t\t\t\t\t\t\t\t<\/p>\n<h2 class=\"epkb-cat-name\"><a href=\"https:\/\/enfermeriayvacunas.es\/faq\/faq-sobre-vacunas-y-vacunaciones\/categor\u00eda\/tecnicas-de-vacunacion\/\"  style=\"color: #40474f;\" >11. T\u00e9cnicas de vacunaci\u00f3n<\/a><\/h2>\n<p>\t\t\t\t\t\t\t<!-- Icon Right -->\n\t\t\t\t\t\t<\/div>\n<p>\t\t\t\t\t\t<!-- Category Description -->\t\t\t\t\t\t\t\t\t\t\t<\/div>\n<p>\t\t\t\t\t<!-- Section Body --><\/p>\n<div class=\"epkb-section-body\"  style=\"border-bottom-width: 1px; padding-top: 4px; padding-bottom: 4px; padding-left: 10px; padding-right: 10px;\"  >\n<ul class=\"epkb-main-category epkb-articles\"  style=\"padding-left: 10px;\"  data-list-id=\"19\">\n<li class=\"epkb-article-level-1 \" data-kb-article-id=\"412\"\n\t\t\t\t        data-kb-type=\"article\"  style=\"padding-bottom: 8px; padding-top: 8px;\"  ><br \/>\n\t\t<a href=\"https:\/\/enfermeriayvacunas.es\/faq\/faq-sobre-vacunas-y-vacunaciones\/es-necesario-limpiar-la-piel-antes-de-la-administracion-de-una-vacuna\/\"  class=\"epkb-mp-article \"\n\t\t            data-kb-article-id=\"412\" ><br \/>\n\t\t\t<span class=\"eckb-article-title\"  style=\"color: #dd9933;\"  ><br \/>\n\t\t\t\t<span class=\"eckb-article-title__icon ep_font_icon_document\"  style=\"color: #b3b3b3;\"  aria-hidden=\"true\"><\/span><br \/>\n\t\t\t\t<span class=\"eckb-article-title__text\" >\u00bfEs necesario limpiar la piel antes de la administraci\u00f3n de una vacuna?<\/span><br \/>\n\t\t\t<\/span> \t\t<\/a>    \t\t\t\t<\/li>\n<li class=\"epkb-article-level-1 \" data-kb-article-id=\"411\"\n\t\t\t\t        data-kb-type=\"article\"  style=\"padding-bottom: 8px; padding-top: 8px;\"  ><br \/>\n\t\t<a href=\"https:\/\/enfermeriayvacunas.es\/faq\/faq-sobre-vacunas-y-vacunaciones\/que-tipo-de-aguja-tengo-que-utilizar-para-administrar-una-vacuna-de-tetanos-en-un-adulto\/\"  class=\"epkb-mp-article \"\n\t\t            data-kb-article-id=\"411\" ><br \/>\n\t\t\t<span class=\"eckb-article-title\"  style=\"color: #dd9933;\"  ><br \/>\n\t\t\t\t<span class=\"eckb-article-title__icon ep_font_icon_document\"  style=\"color: #b3b3b3;\"  aria-hidden=\"true\"><\/span><br \/>\n\t\t\t\t<span class=\"eckb-article-title__text\" >\u00bfQu\u00e9 tipo de aguja tengo que utilizar para administrar una vacuna de t\u00e9tanos en un adulto?<\/span><br \/>\n\t\t\t<\/span> \t\t<\/a>    \t\t\t\t<\/li>\n<li class=\"epkb-article-level-1 \" data-kb-article-id=\"409\"\n\t\t\t\t        data-kb-type=\"article\"  style=\"padding-bottom: 8px; padding-top: 8px;\"  ><br \/>\n\t\t<a href=\"https:\/\/enfermeriayvacunas.es\/faq\/faq-sobre-vacunas-y-vacunaciones\/se-debe-aspirar-antes-de-inyectar-la-vacuna\/\"  class=\"epkb-mp-article \"\n\t\t            data-kb-article-id=\"409\" ><br \/>\n\t\t\t<span class=\"eckb-article-title\"  style=\"color: #dd9933;\"  ><br \/>\n\t\t\t\t<span class=\"eckb-article-title__icon ep_font_icon_document\"  style=\"color: #b3b3b3;\"  aria-hidden=\"true\"><\/span><br \/>\n\t\t\t\t<span class=\"eckb-article-title__text\" >\u00bfSe debe aspirar antes de inyectar la vacuna?<\/span><br \/>\n\t\t\t<\/span> \t\t<\/a>    \t\t\t\t<\/li>\n<li class=\"epkb-article-level-1 \" data-kb-article-id=\"410\"\n\t\t\t\t        data-kb-type=\"article\"  style=\"padding-bottom: 8px; padding-top: 8px;\"  ><br \/>\n\t\t<a href=\"https:\/\/enfermeriayvacunas.es\/faq\/faq-sobre-vacunas-y-vacunaciones\/se-puede-administrar-vacunas-por-via-intramuscular-a-una-persona-anticoagulada\/\"  class=\"epkb-mp-article \"\n\t\t            data-kb-article-id=\"410\" ><br \/>\n\t\t\t<span class=\"eckb-article-title\"  style=\"color: #dd9933;\"  ><br \/>\n\t\t\t\t<span class=\"eckb-article-title__icon ep_font_icon_document\"  style=\"color: #b3b3b3;\"  aria-hidden=\"true\"><\/span><br \/>\n\t\t\t\t<span class=\"eckb-article-title__text\" >\u00bfSe puede administrar vacunas por v\u00eda intramuscular a una persona anticoagulada?<\/span><br \/>\n\t\t\t<\/span> \t\t<\/a>    \t\t\t\t<\/li>\n<\/ul><\/div>\n<p><!-- Section Body End --><\/p>\n<\/section>\n<p><!-- Section End -->  \t\t\t\t\t<\/div>\n<div class=\"epkb-ml__module-categories-articles__row\">\n\t\t\t\t<!-- Section Container ( Category Box ) --><\/p>\n<section id=\"epkb_cat_12\" class=\"no_shadow epkb-top-category-box\"  style=\"border-radius: 4px; border-width: 1px; border-color: #f7f7f7; background-color: #ffffff; border-style: solid;\"  >\n<p>\t\t\t\t\t<!-- Section Head --><\/p>\n<div class=\"section-head section_divider\"  style=\"--section-head-bg: #ffffff; border-bottom-width: 5px; background-color: #ffffff; border-top-left-radius: 4px; border-top-right-radius: 4px; border-bottom-color: #edf2f6; padding-top: 10px; padding-bottom: 10px; padding-left: 4px; padding-right: 4px;\"  >\n<p>\t\t\t\t\t\t<!-- Category Name + Icon --><\/p>\n<div class=\"epkb-category-level-1 epkb-category--left-cat-icon\" aria-expanded=\"false\"\n\t\t\t\t\t\t            data-kb-category-id=\"20\" data-kb-type=\"category\"  style=\"color: #40474f; text-align: start; justify-content: flex-start; padding-left: 10px;\"  role=\"region\"><\/p>\n<p>\t\t\t\t\t\t\t<!-- Icon Top \/ Left -->\t                            \t\t\t\t\t\t\t\t\t<span class=\"epkb-cat-icon epkbfa ep_font_icon_folder\" data-kb-category-icon=\"ep_font_icon_folder\"  style=\"color: #f7941d; font-size: 21px;\" ><\/span>\t\t\t\t\t\t\t\t\t<\/p>\n<h2 class=\"epkb-cat-name\"><a href=\"https:\/\/enfermeriayvacunas.es\/faq\/faq-sobre-vacunas-y-vacunaciones\/categor\u00eda\/errores-en-la-vacunacion\/\"  style=\"color: #40474f;\" >12. Errores en la vacunaci\u00f3n<\/a><\/h2>\n<p>\t\t\t\t\t\t\t<!-- Icon Right -->\n\t\t\t\t\t\t<\/div>\n<p>\t\t\t\t\t\t<!-- Category Description -->\t\t\t\t\t\t\t\t\t\t\t<\/div>\n<p>\t\t\t\t\t<!-- Section Body --><\/p>\n<div class=\"epkb-section-body\"  style=\"border-bottom-width: 1px; padding-top: 4px; padding-bottom: 4px; padding-left: 10px; padding-right: 10px;\"  >\n\t\t\t\t\t<\/div>\n<p><!-- Section Body End --><\/p>\n<\/section>\n<p><!-- Section End -->  \t\t\t\t\t<\/div>\n<div class=\"epkb-ml__module-categories-articles__row\">\n\t\t\t\t<!-- Section Container ( Category Box ) --><\/p>\n<section id=\"epkb_cat_13\" class=\"no_shadow epkb-top-category-box\"  style=\"border-radius: 4px; border-width: 1px; border-color: #f7f7f7; background-color: #ffffff; border-style: solid;\"  >\n<p>\t\t\t\t\t<!-- Section Head --><\/p>\n<div class=\"section-head section_divider\"  style=\"--section-head-bg: #ffffff; border-bottom-width: 5px; background-color: #ffffff; border-top-left-radius: 4px; border-top-right-radius: 4px; border-bottom-color: #edf2f6; padding-top: 10px; padding-bottom: 10px; padding-left: 4px; padding-right: 4px;\"  >\n<p>\t\t\t\t\t\t<!-- Category Name + Icon --><\/p>\n<div class=\"epkb-category-level-1 epkb-category--left-cat-icon\" aria-expanded=\"false\"\n\t\t\t\t\t\t            data-kb-category-id=\"21\" data-kb-type=\"category\"  style=\"color: #40474f; text-align: start; justify-content: flex-start; padding-left: 10px;\"  role=\"region\"><\/p>\n<p>\t\t\t\t\t\t\t<!-- Icon Top \/ Left -->\t                            \t\t\t\t\t\t\t\t\t<span class=\"epkb-cat-icon epkbfa ep_font_icon_folder\" data-kb-category-icon=\"ep_font_icon_folder\"  style=\"color: #f7941d; font-size: 21px;\" ><\/span>\t\t\t\t\t\t\t\t\t<\/p>\n<h2 class=\"epkb-cat-name\"><a href=\"https:\/\/enfermeriayvacunas.es\/faq\/faq-sobre-vacunas-y-vacunaciones\/categor\u00eda\/situaciones-especiales-vacunacion-en-embarazadas-y-prematuros\/\"  style=\"color: #40474f;\" >13. Situaciones especiales. Vacunaci\u00f3n en embarazadas y prematuros.<\/a><\/h2>\n<p>\t\t\t\t\t\t\t<!-- Icon Right -->\n\t\t\t\t\t\t<\/div>\n<p>\t\t\t\t\t\t<!-- Category Description -->\t\t\t\t\t\t\t\t\t\t\t<\/div>\n<p>\t\t\t\t\t<!-- Section Body --><\/p>\n<div class=\"epkb-section-body\"  style=\"border-bottom-width: 1px; padding-top: 4px; padding-bottom: 4px; padding-left: 10px; padding-right: 10px;\"  >\n\t\t\t\t\t<\/div>\n<p><!-- Section Body End --><\/p>\n<\/section>\n<p><!-- Section End -->  \t\t\t\t\t<\/div>\n<div class=\"epkb-ml__module-categories-articles__row\">\n\t\t\t\t<!-- Section Container ( Category Box ) --><\/p>\n<section id=\"epkb_cat_14\" class=\"no_shadow epkb-top-category-box\"  style=\"border-radius: 4px; border-width: 1px; border-color: #f7f7f7; background-color: #ffffff; border-style: solid;\"  >\n<p>\t\t\t\t\t<!-- Section Head --><\/p>\n<div class=\"section-head section_divider\"  style=\"--section-head-bg: #ffffff; border-bottom-width: 5px; background-color: #ffffff; border-top-left-radius: 4px; border-top-right-radius: 4px; border-bottom-color: #edf2f6; padding-top: 10px; padding-bottom: 10px; padding-left: 4px; padding-right: 4px;\"  >\n<p>\t\t\t\t\t\t<!-- Category Name + Icon --><\/p>\n<div class=\"epkb-category-level-1 epkb-category--left-cat-icon\" aria-expanded=\"false\"\n\t\t\t\t\t\t            data-kb-category-id=\"22\" data-kb-type=\"category\"  style=\"color: #40474f; text-align: start; justify-content: flex-start; padding-left: 10px;\"  role=\"region\"><\/p>\n<p>\t\t\t\t\t\t\t<!-- Icon Top \/ Left -->\t                            \t\t\t\t\t\t\t\t\t<span class=\"epkb-cat-icon epkbfa ep_font_icon_folder\" data-kb-category-icon=\"ep_font_icon_folder\"  style=\"color: #f7941d; font-size: 21px;\" ><\/span>\t\t\t\t\t\t\t\t\t<\/p>\n<h2 class=\"epkb-cat-name\"><a href=\"https:\/\/enfermeriayvacunas.es\/faq\/faq-sobre-vacunas-y-vacunaciones\/categor\u00eda\/vacunacion-en-viajeros\/\"  style=\"color: #40474f;\" >14. Vacunaci\u00f3n en Viajeros.<\/a><\/h2>\n<p>\t\t\t\t\t\t\t<!-- Icon Right -->\n\t\t\t\t\t\t<\/div>\n<p>\t\t\t\t\t\t<!-- Category Description -->\t\t\t\t\t\t\t\t\t\t\t<\/div>\n<p>\t\t\t\t\t<!-- Section Body --><\/p>\n<div class=\"epkb-section-body\"  style=\"border-bottom-width: 1px; padding-top: 4px; padding-bottom: 4px; padding-left: 10px; padding-right: 10px;\"  >\n\t\t\t\t\t<\/div>\n<p><!-- Section Body End --><\/p>\n<\/section>\n<p><!-- Section End -->  \t\t\t\t\t<\/div>\n<div class=\"epkb-ml__module-categories-articles__row\">\n\t\t\t\t<!-- Section Container ( Category Box ) --><\/p>\n<section id=\"epkb_cat_15\" class=\"no_shadow epkb-top-category-box\"  style=\"border-radius: 4px; border-width: 1px; border-color: #f7f7f7; background-color: #ffffff; border-style: solid;\"  >\n<p>\t\t\t\t\t<!-- Section Head --><\/p>\n<div class=\"section-head section_divider\"  style=\"--section-head-bg: #ffffff; border-bottom-width: 5px; background-color: #ffffff; border-top-left-radius: 4px; border-top-right-radius: 4px; border-bottom-color: #edf2f6; padding-top: 10px; padding-bottom: 10px; padding-left: 4px; padding-right: 4px;\"  >\n<p>\t\t\t\t\t\t<!-- Category Name + Icon --><\/p>\n<div class=\"epkb-category-level-1 epkb-category--left-cat-icon\" aria-expanded=\"false\"\n\t\t\t\t\t\t            data-kb-category-id=\"23\" data-kb-type=\"category\"  style=\"color: #40474f; text-align: start; justify-content: flex-start; padding-left: 10px;\"  role=\"region\"><\/p>\n<p>\t\t\t\t\t\t\t<!-- Icon Top \/ Left -->\t                            \t\t\t\t\t\t\t\t\t<span class=\"epkb-cat-icon epkbfa ep_font_icon_folder\" data-kb-category-icon=\"ep_font_icon_folder\"  style=\"color: #f7941d; font-size: 21px;\" ><\/span>\t\t\t\t\t\t\t\t\t<\/p>\n<h2 class=\"epkb-cat-name\"><a href=\"https:\/\/enfermeriayvacunas.es\/faq\/faq-sobre-vacunas-y-vacunaciones\/categor\u00eda\/vacunacion-en-sanitarios-vacunacion-en-el-ambito-laboral\/\"  style=\"color: #40474f;\" >15. Vacunaci\u00f3n en sanitarios. Vacunaci\u00f3n en el \u00e1mbito laboral.<\/a><\/h2>\n<p>\t\t\t\t\t\t\t<!-- Icon Right -->\n\t\t\t\t\t\t<\/div>\n<p>\t\t\t\t\t\t<!-- Category Description -->\t\t\t\t\t\t\t\t\t\t\t<\/div>\n<p>\t\t\t\t\t<!-- Section Body --><\/p>\n<div class=\"epkb-section-body\"  style=\"border-bottom-width: 1px; padding-top: 4px; padding-bottom: 4px; padding-left: 10px; padding-right: 10px;\"  >\n\t\t\t\t\t<\/div>\n<p><!-- Section Body End --><\/p>\n<\/section>\n<p><!-- Section End -->  \t\t\t\t\t<\/div>\n<div class=\"epkb-ml__module-categories-articles__row\">\n\t\t\t\t<!-- Section Container ( Category Box ) --><\/p>\n<section id=\"epkb_cat_16\" class=\"no_shadow epkb-top-category-box\"  style=\"border-radius: 4px; border-width: 1px; border-color: #f7f7f7; background-color: #ffffff; border-style: solid;\"  >\n<p>\t\t\t\t\t<!-- Section Head --><\/p>\n<div class=\"section-head section_divider\"  style=\"--section-head-bg: #ffffff; border-bottom-width: 5px; background-color: #ffffff; border-top-left-radius: 4px; border-top-right-radius: 4px; border-bottom-color: #edf2f6; padding-top: 10px; padding-bottom: 10px; padding-left: 4px; padding-right: 4px;\"  >\n<p>\t\t\t\t\t\t<!-- Category Name + Icon --><\/p>\n<div class=\"epkb-category-level-1 epkb-category--left-cat-icon\" aria-expanded=\"false\"\n\t\t\t\t\t\t            data-kb-category-id=\"27\" data-kb-type=\"category\"  style=\"color: #40474f; text-align: start; justify-content: flex-start; padding-left: 10px;\"  role=\"region\"><\/p>\n<p>\t\t\t\t\t\t\t<!-- Icon Top \/ Left -->\t                            \t\t\t\t\t\t\t\t\t<span class=\"epkb-cat-icon epkbfa ep_font_icon_folder\" data-kb-category-icon=\"ep_font_icon_folder\"  style=\"color: #f7941d; font-size: 21px;\" ><\/span>\t\t\t\t\t\t\t\t\t<\/p>\n<h2 class=\"epkb-cat-name\"><a href=\"https:\/\/enfermeriayvacunas.es\/faq\/faq-sobre-vacunas-y-vacunaciones\/categor\u00eda\/grupos-de-riesgo\/\"  style=\"color: #40474f;\" >16. Grupos de riesgo<\/a><\/h2>\n<p>\t\t\t\t\t\t\t<!-- Icon Right -->\n\t\t\t\t\t\t<\/div>\n<p>\t\t\t\t\t\t<!-- Category Description -->\t\t\t\t\t\t\t\t\t\t\t<\/div>\n<p>\t\t\t\t\t<!-- Section Body --><\/p>\n<div class=\"epkb-section-body\"  style=\"border-bottom-width: 1px; padding-top: 4px; padding-bottom: 4px; padding-left: 10px; padding-right: 10px;\"  >\n\t\t\t\t\t<\/div>\n<p><!-- Section Body End --><\/p>\n<\/section>\n<p><!-- Section End -->  \t\t\t\t\t<\/div>\n<\/p><\/div>\n<\/p><\/div>\n<\/p><\/div>\n<\/p><\/div>\n<\/p><\/div>\n<\/p><\/div>\n<div id=\"epkb-ml__row-3\" data-feature=\"articles_list\" class=\"epkb-ml__row\">\n<div id=\"epkb-ml__module-articles-list\" class=\"epkb-ml__module\">\n<div id=\"epkb-ml-article-list-basic-layout\" class=\"epkb-ml-article-list-container\">\n<h2 class=\"epkb-ml-articles-list__title\">\n\t\t\t\t\t<span>Featured Articles<\/span><br \/>\n\t\t\t\t<\/h2>\n<div class=\"epkb-ml-articles-list__row\">\n\t\t<!-- Popular Articles --><\/p>\n<section id=\"epkb-ml-popular-articles\" class=\"epkb-ml-article-section\">\n<div class=\"epkb-ml-article-section__head\" role=\"heading\" aria-level=\"3\">Art\u00edculos populares<\/div>\n<div class=\"epkb-ml-article-section__body\">\n<ul class=\"epkb-ml-articles-list\">\n<li>\n\t\t<a href=\"https:\/\/enfermeriayvacunas.es\/faq\/faq-sobre-vacunas-y-vacunaciones\/hasta-que-edad-puedo-administrar-la-hexavalente\/\"  class=\"epkb-ml-article-container \"\n\t\t            data-kb-article-id=\"231\" ><br \/>\n\t\t\t<span class=\"epkb-article-inner\"  style=\"color: #dd9933;\"  ><br \/>\n\t\t\t\t<span class=\"epkb-article__icon ep_font_icon_document\"  style=\"color: #b3b3b3;\"  aria-hidden=\"true\"><\/span><br \/>\n\t\t\t\t<span class=\"epkb-article__text\" >\u00bfHasta qu\u00e9 edad puedo administrar la hexavalente?<\/span><br \/>\n\t\t\t<\/span> \t\t<\/a>    <\/li>\n<li>\n\t\t<a href=\"https:\/\/enfermeriayvacunas.es\/faq\/faq-sobre-vacunas-y-vacunaciones\/en-caso-de-desabastecimiento-puedo-intercambiar-alguna-de-las-vacunas-hexavalentes\/\"  class=\"epkb-ml-article-container \"\n\t\t            data-kb-article-id=\"234\" ><br \/>\n\t\t\t<span class=\"epkb-article-inner\"  style=\"color: #dd9933;\"  ><br \/>\n\t\t\t\t<span class=\"epkb-article__icon ep_font_icon_document\"  style=\"color: #b3b3b3;\"  aria-hidden=\"true\"><\/span><br \/>\n\t\t\t\t<span class=\"epkb-article__text\" >En caso de desabastecimiento, \u00bfpuedo intercambiar alguna de las vacunas hexavalentes?<\/span><br \/>\n\t\t\t<\/span> \t\t<\/a>    <\/li>\n<li>\n\t\t<a href=\"https:\/\/enfermeriayvacunas.es\/faq\/faq-sobre-vacunas-y-vacunaciones\/los-ninos-varones-tienen-recomendada-la-vacunacion-frente-al-vph\/\"  class=\"epkb-ml-article-container \"\n\t\t            data-kb-article-id=\"236\" ><br \/>\n\t\t\t<span class=\"epkb-article-inner\"  style=\"color: #dd9933;\"  ><br \/>\n\t\t\t\t<span class=\"epkb-article__icon ep_font_icon_document\"  style=\"color: #b3b3b3;\"  aria-hidden=\"true\"><\/span><br \/>\n\t\t\t\t<span class=\"epkb-article__text\" >\u00bfLos ni\u00f1os varones tienen recomendada la vacunaci\u00f3n frente al VPH?<\/span><br \/>\n\t\t\t<\/span> \t\t<\/a>    <\/li>\n<li>\n\t\t<a href=\"https:\/\/enfermeriayvacunas.es\/faq\/faq-sobre-vacunas-y-vacunaciones\/que-vacuna-puedo-administrar-para-el-papiloma-en-varones\/\"  class=\"epkb-ml-article-container \"\n\t\t            data-kb-article-id=\"241\" ><br \/>\n\t\t\t<span class=\"epkb-article-inner\"  style=\"color: #dd9933;\"  ><br \/>\n\t\t\t\t<span class=\"epkb-article__icon ep_font_icon_document\"  style=\"color: #b3b3b3;\"  aria-hidden=\"true\"><\/span><br \/>\n\t\t\t\t<span class=\"epkb-article__text\" >\u00bfQu\u00e9 vacuna puedo administrar para el papiloma en varones?<\/span><br \/>\n\t\t\t<\/span> \t\t<\/a>    <\/li>\n<li>\n\t\t<a href=\"https:\/\/enfermeriayvacunas.es\/faq\/faq-sobre-vacunas-y-vacunaciones\/cuando-esta-indicado-el-uso-de-tetravirica\/\"  class=\"epkb-ml-article-container \"\n\t\t            data-kb-article-id=\"243\" ><br \/>\n\t\t\t<span class=\"epkb-article-inner\"  style=\"color: #dd9933;\"  ><br \/>\n\t\t\t\t<span class=\"epkb-article__icon ep_font_icon_document\"  style=\"color: #b3b3b3;\"  aria-hidden=\"true\"><\/span><br \/>\n\t\t\t\t<span class=\"epkb-article__text\" >\u00bfCu\u00e1ndo est\u00e1 indicado el uso de vacuna tetrav\u00edrica?<\/span><br \/>\n\t\t\t<\/span> \t\t<\/a>    <\/li>\n<\/ul><\/div>\n<\/section>\n<p>\t\t<!-- Newest Articles --><\/p>\n<section id=\"epkb-ml-newest-articles\" class=\"epkb-ml-article-section\">\n<div class=\"epkb-ml-article-section__head\" role=\"heading\" aria-level=\"3\">Art\u00edculos m\u00e1s recientes<\/div>\n<div class=\"epkb-ml-article-section__body\">\n<ul class=\"epkb-ml-articles-list\">\n<li>\n\t\t<a href=\"https:\/\/enfermeriayvacunas.es\/faq\/faq-sobre-vacunas-y-vacunaciones\/se-puede-administrar-a-un-lactante-de-12-meses-la-vacuna-antimeningococica-tetravalente-acwy-de-marca-comercial-menveo-2\/\"  class=\"epkb-ml-article-container \"\n\t\t            data-kb-article-id=\"633\" ><br \/>\n\t\t\t<span class=\"epkb-article-inner\"  style=\"color: #dd9933;\"  ><br \/>\n\t\t\t\t<span class=\"epkb-article__icon ep_font_icon_document\"  style=\"color: #b3b3b3;\"  aria-hidden=\"true\"><\/span><br \/>\n\t\t\t\t<span class=\"epkb-article__text\" >\u00bfSe puede administrar a un lactante de 12 meses la vacuna antimeningoc\u00f3cica tetravalente ACWY de marca comercial Menveo?<\/span><br \/>\n\t\t\t<\/span> \t\t<\/a>    <\/li>\n<li>\n\t\t<a href=\"https:\/\/enfermeriayvacunas.es\/faq\/faq-sobre-vacunas-y-vacunaciones\/se-pueden-intercambiar-las-vacunas-antimeningococicas-b-bexsero-y-trumenba-2\/\"  class=\"epkb-ml-article-container \"\n\t\t            data-kb-article-id=\"631\" ><br \/>\n\t\t\t<span class=\"epkb-article-inner\"  style=\"color: #dd9933;\"  ><br \/>\n\t\t\t\t<span class=\"epkb-article__icon ep_font_icon_document\"  style=\"color: #b3b3b3;\"  aria-hidden=\"true\"><\/span><br \/>\n\t\t\t\t<span class=\"epkb-article__text\" >\u00bfSe pueden intercambiar las vacunas antimeningoc\u00f3cicas B, Bexsero y Trumenba?<\/span><br \/>\n\t\t\t<\/span> \t\t<\/a>    <\/li>\n<li>\n\t\t<a href=\"https:\/\/enfermeriayvacunas.es\/faq\/faq-sobre-vacunas-y-vacunaciones\/se-pueden-intercambiar-las-vacunas-frente-al-virus-del-papiloma-humano-cervarix-gardasil-4-y-gardasil-9-2\/\"  class=\"epkb-ml-article-container \"\n\t\t            data-kb-article-id=\"629\" ><br \/>\n\t\t\t<span class=\"epkb-article-inner\"  style=\"color: #dd9933;\"  ><br \/>\n\t\t\t\t<span class=\"epkb-article__icon ep_font_icon_document\"  style=\"color: #b3b3b3;\"  aria-hidden=\"true\"><\/span><br \/>\n\t\t\t\t<span class=\"epkb-article__text\" >\u00bfSe pueden intercambiar las vacunas frente al virus del papiloma humano Cervarix, Gardasil 4 y Gardasil 9?<\/span><br \/>\n\t\t\t<\/span> \t\t<\/a>    <\/li>\n<li>\n\t\t<a href=\"https:\/\/enfermeriayvacunas.es\/faq\/faq-sobre-vacunas-y-vacunaciones\/se-pueden-intercambiar-las-vacunas-frente-al-rotavirus-rotateq-y-rotarix-en-el-supuesto-que-la-farmacia-no-dispusiera-de-una-de-ellas-2\/\"  class=\"epkb-ml-article-container \"\n\t\t            data-kb-article-id=\"627\" ><br \/>\n\t\t\t<span class=\"epkb-article-inner\"  style=\"color: #dd9933;\"  ><br \/>\n\t\t\t\t<span class=\"epkb-article__icon ep_font_icon_document\"  style=\"color: #b3b3b3;\"  aria-hidden=\"true\"><\/span><br \/>\n\t\t\t\t<span class=\"epkb-article__text\" >\u00bfSe pueden intercambiar las vacunas frente al rotavirus, Rotateq y Rotarix en el supuesto que la Farmacia no dispusiera de una de ellas?<\/span><br \/>\n\t\t\t<\/span> \t\t<\/a>    <\/li>\n<li>\n\t\t<a href=\"https:\/\/enfermeriayvacunas.es\/faq\/faq-sobre-vacunas-y-vacunaciones\/si-al-administrar-una-vacuna-noto-que-refluye-sangre-hacia-la-jeringa-incluso-sin-aspirar-que-actitud-deberia-tomar-2\/\"  class=\"epkb-ml-article-container \"\n\t\t            data-kb-article-id=\"625\" ><br \/>\n\t\t\t<span class=\"epkb-article-inner\"  style=\"color: #dd9933;\"  ><br \/>\n\t\t\t\t<span class=\"epkb-article__icon ep_font_icon_document\"  style=\"color: #b3b3b3;\"  aria-hidden=\"true\"><\/span><br \/>\n\t\t\t\t<span class=\"epkb-article__text\" >Si al administrar una vacuna, noto que refluye sangre hacia la jeringa incluso sin aspirar \u00bfqu\u00e9 actitud deber\u00eda tomar?<\/span><br \/>\n\t\t\t<\/span> \t\t<\/a>    <\/li>\n<\/ul><\/div>\n<\/section>\n<p>\t\t<!-- Recent Articles --><\/p>\n<section id=\"epkb-ml-recent-articles\" class=\"epkb-ml-article-section\">\n<div class=\"epkb-ml-article-section__head\" role=\"heading\" aria-level=\"3\">Recently Updated Articles<\/div>\n<div class=\"epkb-ml-article-section__body\">\n<ul class=\"epkb-ml-articles-list\">\n<li>\n\t\t<a href=\"https:\/\/enfermeriayvacunas.es\/faq\/faq-sobre-vacunas-y-vacunaciones\/debo-aconsejar-a-las-adolescentes-que-no-se-deben-quedar-embarazadas-al-mes-siguiente-de-recibir-vacuna-frente-vhp9-valente\/\"  class=\"epkb-ml-article-container \"\n\t\t            data-kb-article-id=\"485\" ><br \/>\n\t\t\t<span class=\"epkb-article-inner\"  style=\"color: #dd9933;\"  ><br \/>\n\t\t\t\t<span class=\"epkb-article__icon ep_font_icon_document\"  style=\"color: #b3b3b3;\"  aria-hidden=\"true\"><\/span><br \/>\n\t\t\t\t<span class=\"epkb-article__text\" >\u00bfDebo aconsejar a las adolescentes que no se deben quedar embarazadas al mes siguiente de recibir la vacuna frente a VHP 9 valente?<\/span><br \/>\n\t\t\t<\/span> \t\t<\/a>    <\/li>\n<li>\n\t\t<a href=\"https:\/\/enfermeriayvacunas.es\/faq\/faq-sobre-vacunas-y-vacunaciones\/cuando-esta-indicado-el-uso-de-tetravirica\/\"  class=\"epkb-ml-article-container \"\n\t\t            data-kb-article-id=\"243\" ><br \/>\n\t\t\t<span class=\"epkb-article-inner\"  style=\"color: #dd9933;\"  ><br \/>\n\t\t\t\t<span class=\"epkb-article__icon ep_font_icon_document\"  style=\"color: #b3b3b3;\"  aria-hidden=\"true\"><\/span><br \/>\n\t\t\t\t<span class=\"epkb-article__text\" >\u00bfCu\u00e1ndo est\u00e1 indicado el uso de vacuna tetrav\u00edrica?<\/span><br \/>\n\t\t\t<\/span> \t\t<\/a>    <\/li>\n<li>\n\t\t<a href=\"https:\/\/enfermeriayvacunas.es\/faq\/faq-sobre-vacunas-y-vacunaciones\/se-puede-administrar-a-un-lactante-de-12-meses-la-vacuna-antimeningococica-tetravalente-acwy-de-marca-comercial-menveo-2\/\"  class=\"epkb-ml-article-container \"\n\t\t            data-kb-article-id=\"633\" ><br \/>\n\t\t\t<span class=\"epkb-article-inner\"  style=\"color: #dd9933;\"  ><br \/>\n\t\t\t\t<span class=\"epkb-article__icon ep_font_icon_document\"  style=\"color: #b3b3b3;\"  aria-hidden=\"true\"><\/span><br \/>\n\t\t\t\t<span class=\"epkb-article__text\" >\u00bfSe puede administrar a un lactante de 12 meses la vacuna antimeningoc\u00f3cica tetravalente ACWY de marca comercial Menveo?<\/span><br \/>\n\t\t\t<\/span> \t\t<\/a>    <\/li>\n<li>\n\t\t<a href=\"https:\/\/enfermeriayvacunas.es\/faq\/faq-sobre-vacunas-y-vacunaciones\/se-pueden-intercambiar-las-vacunas-antimeningococicas-b-bexsero-y-trumenba-2\/\"  class=\"epkb-ml-article-container \"\n\t\t            data-kb-article-id=\"631\" ><br \/>\n\t\t\t<span class=\"epkb-article-inner\"  style=\"color: #dd9933;\"  ><br \/>\n\t\t\t\t<span class=\"epkb-article__icon ep_font_icon_document\"  style=\"color: #b3b3b3;\"  aria-hidden=\"true\"><\/span><br \/>\n\t\t\t\t<span class=\"epkb-article__text\" >\u00bfSe pueden intercambiar las vacunas antimeningoc\u00f3cicas B, Bexsero y Trumenba?<\/span><br \/>\n\t\t\t<\/span> \t\t<\/a>    <\/li>\n<li>\n\t\t<a href=\"https:\/\/enfermeriayvacunas.es\/faq\/faq-sobre-vacunas-y-vacunaciones\/se-pueden-intercambiar-las-vacunas-frente-al-virus-del-papiloma-humano-cervarix-gardasil-4-y-gardasil-9-2\/\"  class=\"epkb-ml-article-container \"\n\t\t            data-kb-article-id=\"629\" ><br \/>\n\t\t\t<span class=\"epkb-article-inner\"  style=\"color: #dd9933;\"  ><br \/>\n\t\t\t\t<span class=\"epkb-article__icon ep_font_icon_document\"  style=\"color: #b3b3b3;\"  aria-hidden=\"true\"><\/span><br \/>\n\t\t\t\t<span class=\"epkb-article__text\" >\u00bfSe pueden intercambiar las vacunas frente al virus del papiloma humano Cervarix, Gardasil 4 y Gardasil 9?<\/span><br \/>\n\t\t\t<\/span> \t\t<\/a>    <\/li>\n<\/ul><\/div>\n<\/section><\/div>\n<\/p><\/div>\n<\/p><\/div>\n<\/p><\/div>\n<div id=\"epkb-ml__row-4\" data-feature=\"faqs\" class=\"epkb-ml__row\">\n<div id=\"epkb-ml__module-faqs\" class=\"epkb-ml__module\">\n<div class='epkb-faqs-article-coming-soon'>FAQs coming soon<\/div>\n<\/p><\/div>\n<\/p><\/div>\n<\/p><\/div>\n<p><\/p>\n<\/p>\n<p><\/p>\n<div class=\"wp-block-columns has-secondary-color has-text-color has-background is-layout-flow wp-block-quote-is-layout-flow\" style=\"background-color:#eeeeee\"><div class=\"wp-block-column\" style=\"flex-basis:100%\"><br><p><\/p>\n<div class=\"wp-block-group\"><div class=\"wp-block-group__inner-container\">\n<div class=\"wp-block-group__inner-container is-layout-flow wp-block-group-is-layout-flow\"><p><\/p>\n<div class=\"wp-block-group\"><div class=\"wp-block-group__inner-container\">\n<div class=\"wp-block-group__inner-container is-layout-flow wp-block-group-is-layout-flow\"><p><p class=\"has-background is-style-solid-color wp-block-tag-cloud\"><a href=\"https:\/\/enfermeriayvacunas.es\/faq\/faq-sobre-vacunas-y-vacunaciones\/etiqueta\/administracion\/\" class=\"tag-cloud-link tag-link-77 tag-link-position-1\" style=\"font-size: 22pt;\" aria-label=\"Administraci\u00f3n (17 elementos)\">Administraci\u00f3n<span class=\"tag-link-count\"> (17)<\/span><\/a>\n<a href=\"https:\/\/enfermeriayvacunas.es\/faq\/faq-sobre-vacunas-y-vacunaciones\/etiqueta\/adolescentes\/\" class=\"tag-cloud-link tag-link-117 tag-link-position-2\" style=\"font-size: 12.375pt;\" aria-label=\"Adolescentes (3 elementos)\">Adolescentes<span class=\"tag-link-count\"> (3)<\/span><\/a>\n<a href=\"https:\/\/enfermeriayvacunas.es\/faq\/faq-sobre-vacunas-y-vacunaciones\/etiqueta\/alergia-al-huevo\/\" class=\"tag-cloud-link tag-link-129 tag-link-position-3\" style=\"font-size: 12.375pt;\" aria-label=\"Alergia al huevo (3 elementos)\">Alergia al huevo<span class=\"tag-link-count\"> (3)<\/span><\/a>\n<a href=\"https:\/\/enfermeriayvacunas.es\/faq\/faq-sobre-vacunas-y-vacunaciones\/etiqueta\/anafilaxia\/\" class=\"tag-cloud-link tag-link-6 tag-link-position-4\" style=\"font-size: 10.625pt;\" aria-label=\"Anafilaxia (2 elementos)\">Anafilaxia<span class=\"tag-link-count\"> (2)<\/span><\/a>\n<a href=\"https:\/\/enfermeriayvacunas.es\/faq\/faq-sobre-vacunas-y-vacunaciones\/etiqueta\/calendarios-acelerados\/\" class=\"tag-cloud-link tag-link-118 tag-link-position-5\" style=\"font-size: 10.625pt;\" aria-label=\"Calendarios acelerados (2 elementos)\">Calendarios acelerados<span class=\"tag-link-count\"> (2)<\/span><\/a>\n<a href=\"https:\/\/enfermeriayvacunas.es\/faq\/faq-sobre-vacunas-y-vacunaciones\/etiqueta\/catch-up\/\" class=\"tag-cloud-link tag-link-48 tag-link-position-6\" style=\"font-size: 10.625pt;\" aria-label=\"Catch-up (2 elementos)\">Catch-up<span class=\"tag-link-count\"> (2)<\/span><\/a>\n<a href=\"https:\/\/enfermeriayvacunas.es\/faq\/faq-sobre-vacunas-y-vacunaciones\/etiqueta\/coadministracion\/\" class=\"tag-cloud-link tag-link-69 tag-link-position-7\" style=\"font-size: 10.625pt;\" aria-label=\"Coadministraci\u00f3n (2 elementos)\">Coadministraci\u00f3n<span class=\"tag-link-count\"> (2)<\/span><\/a>\n<a href=\"https:\/\/enfermeriayvacunas.es\/faq\/faq-sobre-vacunas-y-vacunaciones\/etiqueta\/complicaciones\/\" class=\"tag-cloud-link tag-link-25 tag-link-position-8\" style=\"font-size: 10.625pt;\" aria-label=\"Complicaciones (2 elementos)\">Complicaciones<span class=\"tag-link-count\"> (2)<\/span><\/a>\n<a href=\"https:\/\/enfermeriayvacunas.es\/faq\/faq-sobre-vacunas-y-vacunaciones\/etiqueta\/contraindicaciones\/\" class=\"tag-cloud-link tag-link-126 tag-link-position-9\" style=\"font-size: 16.020833333333pt;\" aria-label=\"Contraindicaciones (6 elementos)\">Contraindicaciones<span class=\"tag-link-count\"> (6)<\/span><\/a>\n<a href=\"https:\/\/enfermeriayvacunas.es\/faq\/faq-sobre-vacunas-y-vacunaciones\/etiqueta\/dtpa\/\" class=\"tag-cloud-link tag-link-31 tag-link-position-10\" style=\"font-size: 10.625pt;\" aria-label=\"dTpa (2 elementos)\">dTpa<span class=\"tag-link-count\"> (2)<\/span><\/a>\n<a href=\"https:\/\/enfermeriayvacunas.es\/faq\/faq-sobre-vacunas-y-vacunaciones\/etiqueta\/embarazo\/\" class=\"tag-cloud-link tag-link-113 tag-link-position-11\" style=\"font-size: 12.375pt;\" aria-label=\"Embarazo (3 elementos)\">Embarazo<span class=\"tag-link-count\"> (3)<\/span><\/a>\n<a href=\"https:\/\/enfermeriayvacunas.es\/faq\/faq-sobre-vacunas-y-vacunaciones\/etiqueta\/enfermedad-de-wilson\/\" class=\"tag-cloud-link tag-link-102 tag-link-position-12\" style=\"font-size: 10.625pt;\" aria-label=\"Enfermedad de Wilson (2 elementos)\">Enfermedad de Wilson<span class=\"tag-link-count\"> (2)<\/span><\/a>\n<a href=\"https:\/\/enfermeriayvacunas.es\/faq\/faq-sobre-vacunas-y-vacunaciones\/etiqueta\/falsas-contradicciones\/\" class=\"tag-cloud-link tag-link-134 tag-link-position-13\" style=\"font-size: 10.625pt;\" aria-label=\"Falsas contradicciones (2 elementos)\">Falsas contradicciones<span class=\"tag-link-count\"> (2)<\/span><\/a>\n<a href=\"https:\/\/enfermeriayvacunas.es\/faq\/faq-sobre-vacunas-y-vacunaciones\/etiqueta\/gluteo\/\" class=\"tag-cloud-link tag-link-135 tag-link-position-14\" style=\"font-size: 8pt;\" aria-label=\"Gl\u00fateo (1 elemento)\">Gl\u00fateo<span class=\"tag-link-count\"> (1)<\/span><\/a>\n<a href=\"https:\/\/enfermeriayvacunas.es\/faq\/faq-sobre-vacunas-y-vacunaciones\/etiqueta\/gripe\/\" class=\"tag-cloud-link tag-link-46 tag-link-position-15\" style=\"font-size: 13.833333333333pt;\" aria-label=\"Gripe (4 elementos)\">Gripe<span class=\"tag-link-count\"> (4)<\/span><\/a>\n<a href=\"https:\/\/enfermeriayvacunas.es\/faq\/faq-sobre-vacunas-y-vacunaciones\/etiqueta\/grupos-de-riesgo\/\" class=\"tag-cloud-link tag-link-33 tag-link-position-16\" style=\"font-size: 19.375pt;\" aria-label=\"Grupos de riesgo (11 elementos)\">Grupos de riesgo<span class=\"tag-link-count\"> (11)<\/span><\/a>\n<a href=\"https:\/\/enfermeriayvacunas.es\/faq\/faq-sobre-vacunas-y-vacunaciones\/etiqueta\/hepatitis-a\/\" class=\"tag-cloud-link tag-link-101 tag-link-position-17\" style=\"font-size: 16.020833333333pt;\" aria-label=\"Hepatitis A (6 elementos)\">Hepatitis A<span class=\"tag-link-count\"> (6)<\/span><\/a>\n<a href=\"https:\/\/enfermeriayvacunas.es\/faq\/faq-sobre-vacunas-y-vacunaciones\/etiqueta\/hepatitis-b\/\" class=\"tag-cloud-link tag-link-103 tag-link-position-18\" style=\"font-size: 12.375pt;\" aria-label=\"Hepatitis B (3 elementos)\">Hepatitis B<span class=\"tag-link-count\"> (3)<\/span><\/a>\n<a href=\"https:\/\/enfermeriayvacunas.es\/faq\/faq-sobre-vacunas-y-vacunaciones\/etiqueta\/herida\/\" class=\"tag-cloud-link tag-link-57 tag-link-position-19\" style=\"font-size: 12.375pt;\" aria-label=\"Herida (3 elementos)\">Herida<span class=\"tag-link-count\"> (3)<\/span><\/a>\n<a href=\"https:\/\/enfermeriayvacunas.es\/faq\/faq-sobre-vacunas-y-vacunaciones\/etiqueta\/hexavalente\/\" class=\"tag-cloud-link tag-link-88 tag-link-position-20\" style=\"font-size: 10.625pt;\" aria-label=\"Hexavalente (2 elementos)\">Hexavalente<span class=\"tag-link-count\"> (2)<\/span><\/a>\n<a href=\"https:\/\/enfermeriayvacunas.es\/faq\/faq-sobre-vacunas-y-vacunaciones\/etiqueta\/inmunidad-natural\/\" class=\"tag-cloud-link tag-link-125 tag-link-position-21\" style=\"font-size: 8pt;\" aria-label=\"Inmunidad natural (1 elemento)\">Inmunidad natural<span class=\"tag-link-count\"> (1)<\/span><\/a>\n<a href=\"https:\/\/enfermeriayvacunas.es\/faq\/faq-sobre-vacunas-y-vacunaciones\/etiqueta\/intercambiabilidad\/\" class=\"tag-cloud-link tag-link-53 tag-link-position-22\" style=\"font-size: 15pt;\" aria-label=\"Intercambiabilidad (5 elementos)\">Intercambiabilidad<span class=\"tag-link-count\"> (5)<\/span><\/a>\n<a href=\"https:\/\/enfermeriayvacunas.es\/faq\/faq-sobre-vacunas-y-vacunaciones\/etiqueta\/intervalos\/\" class=\"tag-cloud-link tag-link-122 tag-link-position-23\" style=\"font-size: 18.208333333333pt;\" aria-label=\"Intervalos (9 elementos)\">Intervalos<span class=\"tag-link-count\"> (9)<\/span><\/a>\n<a href=\"https:\/\/enfermeriayvacunas.es\/faq\/faq-sobre-vacunas-y-vacunaciones\/etiqueta\/intramuscular\/\" class=\"tag-cloud-link tag-link-75 tag-link-position-24\" style=\"font-size: 10.625pt;\" aria-label=\"Intramuscular (2 elementos)\">Intramuscular<span class=\"tag-link-count\"> (2)<\/span><\/a>\n<a href=\"https:\/\/enfermeriayvacunas.es\/faq\/faq-sobre-vacunas-y-vacunaciones\/etiqueta\/meningococo\/\" class=\"tag-cloud-link tag-link-36 tag-link-position-25\" style=\"font-size: 16.020833333333pt;\" aria-label=\"Meningococo (6 elementos)\">Meningococo<span class=\"tag-link-count\"> (6)<\/span><\/a>\n<a href=\"https:\/\/enfermeriayvacunas.es\/faq\/faq-sobre-vacunas-y-vacunaciones\/etiqueta\/meningococo-acwy\/\" class=\"tag-cloud-link tag-link-120 tag-link-position-26\" style=\"font-size: 12.375pt;\" aria-label=\"Meningococo ACWY (3 elementos)\">Meningococo ACWY<span class=\"tag-link-count\"> (3)<\/span><\/a>\n<a href=\"https:\/\/enfermeriayvacunas.es\/faq\/faq-sobre-vacunas-y-vacunaciones\/etiqueta\/neumococo\/\" class=\"tag-cloud-link tag-link-52 tag-link-position-27\" style=\"font-size: 10.625pt;\" aria-label=\"Neumococo (2 elementos)\">Neumococo<span class=\"tag-link-count\"> (2)<\/span><\/a>\n<a href=\"https:\/\/enfermeriayvacunas.es\/faq\/faq-sobre-vacunas-y-vacunaciones\/etiqueta\/pauta\/\" class=\"tag-cloud-link tag-link-37 tag-link-position-28\" style=\"font-size: 12.375pt;\" aria-label=\"Pauta (3 elementos)\">Pauta<span class=\"tag-link-count\"> (3)<\/span><\/a>\n<a href=\"https:\/\/enfermeriayvacunas.es\/faq\/faq-sobre-vacunas-y-vacunaciones\/etiqueta\/pautas\/\" class=\"tag-cloud-link tag-link-123 tag-link-position-29\" style=\"font-size: 8pt;\" aria-label=\"Pautas (1 elemento)\">Pautas<span class=\"tag-link-count\"> (1)<\/span><\/a>\n<a href=\"https:\/\/enfermeriayvacunas.es\/faq\/faq-sobre-vacunas-y-vacunaciones\/etiqueta\/reacciones-adversas\/\" class=\"tag-cloud-link tag-link-128 tag-link-position-30\" style=\"font-size: 10.625pt;\" aria-label=\"Reacciones adversas (2 elementos)\">Reacciones adversas<span class=\"tag-link-count\"> (2)<\/span><\/a>\n<a href=\"https:\/\/enfermeriayvacunas.es\/faq\/faq-sobre-vacunas-y-vacunaciones\/etiqueta\/rotavirus\/\" class=\"tag-cloud-link tag-link-40 tag-link-position-31\" style=\"font-size: 13.833333333333pt;\" aria-label=\"Rotavirus (4 elementos)\">Rotavirus<span class=\"tag-link-count\"> (4)<\/span><\/a>\n<a href=\"https:\/\/enfermeriayvacunas.es\/faq\/faq-sobre-vacunas-y-vacunaciones\/etiqueta\/subcutanea\/\" class=\"tag-cloud-link tag-link-76 tag-link-position-32\" style=\"font-size: 10.625pt;\" aria-label=\"Subcut\u00e1nea (2 elementos)\">Subcut\u00e1nea<span class=\"tag-link-count\"> (2)<\/span><\/a>\n<a href=\"https:\/\/enfermeriayvacunas.es\/faq\/faq-sobre-vacunas-y-vacunaciones\/etiqueta\/sindrome-de-down\/\" class=\"tag-cloud-link tag-link-100 tag-link-position-33\" style=\"font-size: 10.625pt;\" aria-label=\"S\u00edndrome de Down (2 elementos)\">S\u00edndrome de Down<span class=\"tag-link-count\"> (2)<\/span><\/a>\n<a href=\"https:\/\/enfermeriayvacunas.es\/faq\/faq-sobre-vacunas-y-vacunaciones\/etiqueta\/td\/\" class=\"tag-cloud-link tag-link-32 tag-link-position-34\" style=\"font-size: 10.625pt;\" aria-label=\"Td (2 elementos)\">Td<span class=\"tag-link-count\"> (2)<\/span><\/a>\n<a href=\"https:\/\/enfermeriayvacunas.es\/faq\/faq-sobre-vacunas-y-vacunaciones\/etiqueta\/tosferina\/\" class=\"tag-cloud-link tag-link-112 tag-link-position-35\" style=\"font-size: 10.625pt;\" aria-label=\"Tosferina (2 elementos)\">Tosferina<span class=\"tag-link-count\"> (2)<\/span><\/a>\n<a href=\"https:\/\/enfermeriayvacunas.es\/faq\/faq-sobre-vacunas-y-vacunaciones\/etiqueta\/triple-virica\/\" class=\"tag-cloud-link tag-link-34 tag-link-position-36\" style=\"font-size: 12.375pt;\" aria-label=\"Triple v\u00edrica (3 elementos)\">Triple v\u00edrica<span class=\"tag-link-count\"> (3)<\/span><\/a>\n<a href=\"https:\/\/enfermeriayvacunas.es\/faq\/faq-sobre-vacunas-y-vacunaciones\/etiqueta\/tetanos\/\" class=\"tag-cloud-link tag-link-56 tag-link-position-37\" style=\"font-size: 13.833333333333pt;\" aria-label=\"T\u00e9tanos (4 elementos)\">T\u00e9tanos<span class=\"tag-link-count\"> (4)<\/span><\/a>\n<a href=\"https:\/\/enfermeriayvacunas.es\/faq\/faq-sobre-vacunas-y-vacunaciones\/etiqueta\/vacunacion\/\" class=\"tag-cloud-link tag-link-131 tag-link-position-38\" style=\"font-size: 15pt;\" aria-label=\"Vacunaci\u00f3n (5 elementos)\">Vacunaci\u00f3n<span class=\"tag-link-count\"> (5)<\/span><\/a>\n<a href=\"https:\/\/enfermeriayvacunas.es\/faq\/faq-sobre-vacunas-y-vacunaciones\/etiqueta\/vacunas-no-financiadas\/\" class=\"tag-cloud-link tag-link-95 tag-link-position-39\" style=\"font-size: 10.625pt;\" aria-label=\"Vacunas no financiadas (2 elementos)\">Vacunas no financiadas<span class=\"tag-link-count\"> (2)<\/span><\/a>\n<a href=\"https:\/\/enfermeriayvacunas.es\/faq\/faq-sobre-vacunas-y-vacunaciones\/etiqueta\/varicela\/\" class=\"tag-cloud-link tag-link-62 tag-link-position-40\" style=\"font-size: 10.625pt;\" aria-label=\"Varicela (2 elementos)\">Varicela<span class=\"tag-link-count\"> (2)<\/span><\/a>\n<a href=\"https:\/\/enfermeriayvacunas.es\/faq\/faq-sobre-vacunas-y-vacunaciones\/etiqueta\/vasovagal\/\" class=\"tag-cloud-link tag-link-7 tag-link-position-41\" style=\"font-size: 12.375pt;\" aria-label=\"Vasovagal (3 elementos)\">Vasovagal<span class=\"tag-link-count\"> (3)<\/span><\/a>\n<a href=\"https:\/\/enfermeriayvacunas.es\/faq\/faq-sobre-vacunas-y-vacunaciones\/etiqueta\/virus-del-papiloma-humano\/\" class=\"tag-cloud-link tag-link-86 tag-link-position-42\" style=\"font-size: 10.625pt;\" aria-label=\"Virus del papiloma humano (2 elementos)\">Virus del papiloma humano<span class=\"tag-link-count\"> (2)<\/span><\/a>\n<a href=\"https:\/\/enfermeriayvacunas.es\/faq\/faq-sobre-vacunas-y-vacunaciones\/etiqueta\/vnc-13v\/\" class=\"tag-cloud-link tag-link-124 tag-link-position-43\" style=\"font-size: 8pt;\" aria-label=\"VNC 13V (1 elemento)\">VNC 13V<span class=\"tag-link-count\"> (1)<\/span><\/a>\n<a href=\"https:\/\/enfermeriayvacunas.es\/faq\/faq-sobre-vacunas-y-vacunaciones\/etiqueta\/vph\/\" class=\"tag-cloud-link tag-link-87 tag-link-position-44\" style=\"font-size: 21.5625pt;\" aria-label=\"VPH (16 elementos)\">VPH<span class=\"tag-link-count\"> (16)<\/span><\/a>\n<a href=\"https:\/\/enfermeriayvacunas.es\/faq\/faq-sobre-vacunas-y-vacunaciones\/etiqueta\/vias-de-administracion\/\" class=\"tag-cloud-link tag-link-137 tag-link-position-45\" style=\"font-size: 10.625pt;\" aria-label=\"V\u00edas de administraci\u00f3n (2 elementos)\">V\u00edas de administraci\u00f3n<span class=\"tag-link-count\"> (2)<\/span><\/a><\/p><\/p>\n<p><\/p>\n<p><\/p><\/div>\n<\/div><\/div>\n<p><\/p><\/div>\n<\/div><\/div>\n<p><\/p><\/div>\n<p><\/p><\/div>\n<p><!-- \/wp:columns --><\/p>\n<p><!-- wp:paragraph --><\/p>\n<p><!-- \/wp:paragraph --><\/p>\t\t\t\t\t\t\t\t<\/div>\n\t\t\t\t<\/div>\n\t\t\t\t\t<\/div>\n\t\t<\/div>\n\t\t\t\t\t<\/div>\n\t\t<\/section>\n\t\t\t\t<section class=\"elementor-section elementor-top-section elementor-element elementor-element-0d4d682 elementor-section-boxed elementor-section-height-default elementor-section-height-default\" data-id=\"0d4d682\" data-element_type=\"section\" data-e-type=\"section\">\n\t\t\t\t\t\t<div class=\"elementor-container elementor-column-gap-default\">\n\t\t\t\t\t<div class=\"elementor-column elementor-col-100 elementor-top-column elementor-element elementor-element-5b6f9ed\" data-id=\"5b6f9ed\" data-element_type=\"column\" data-e-type=\"column\">\n\t\t\t<div class=\"elementor-widget-wrap\">\n\t\t\t\t\t\t\t<\/div>\n\t\t<\/div>\n\t\t\t\t\t<\/div>\n\t\t<\/section>\n\t\t\t\t<section class=\"elementor-section elementor-top-section elementor-element elementor-element-91a2338 elementor-section-boxed elementor-section-height-default elementor-section-height-default\" data-id=\"91a2338\" data-element_type=\"section\" data-e-type=\"section\">\n\t\t\t\t\t\t<div class=\"elementor-container elementor-column-gap-default\">\n\t\t\t\t\t<div class=\"elementor-column elementor-col-100 elementor-top-column elementor-element elementor-element-16cb9bb\" data-id=\"16cb9bb\" data-element_type=\"column\" data-e-type=\"column\">\n\t\t\t<div class=\"elementor-widget-wrap elementor-element-populated\">\n\t\t\t\t\t\t\t<\/div>\n\t\t<\/div>\n\t\t\t\t\t<\/div>\n\t\t<\/section>\n\t\t\t\t<\/div>\n\t\t","protected":false},"excerpt":{"rendered":"<p>Introduzca los datos de su pregunta en el buscador, si no encuentra la respuesta, puede enviarla a trav\u00e9s del formulario y le responderemos a la mayor brevedad posible.<\/p>\n","protected":false},"author":1,"featured_media":0,"parent":0,"menu_order":0,"comment_status":"closed","ping_status":"closed","template":"","meta":{"footnotes":""},"class_list":["post-11","page","type-page","status-publish","hentry","entry"],"_links":{"self":[{"href":"https:\/\/enfermeriayvacunas.es\/faq\/wp-json\/wp\/v2\/pages\/11","targetHints":{"allow":["GET"]}}],"collection":[{"href":"https:\/\/enfermeriayvacunas.es\/faq\/wp-json\/wp\/v2\/pages"}],"about":[{"href":"https:\/\/enfermeriayvacunas.es\/faq\/wp-json\/wp\/v2\/types\/page"}],"author":[{"embeddable":true,"href":"https:\/\/enfermeriayvacunas.es\/faq\/wp-json\/wp\/v2\/users\/1"}],"replies":[{"embeddable":true,"href":"https:\/\/enfermeriayvacunas.es\/faq\/wp-json\/wp\/v2\/comments?post=11"}],"version-history":[{"count":27,"href":"https:\/\/enfermeriayvacunas.es\/faq\/wp-json\/wp\/v2\/pages\/11\/revisions"}],"predecessor-version":[{"id":556,"href":"https:\/\/enfermeriayvacunas.es\/faq\/wp-json\/wp\/v2\/pages\/11\/revisions\/556"}],"wp:attachment":[{"href":"https:\/\/enfermeriayvacunas.es\/faq\/wp-json\/wp\/v2\/media?parent=11"}],"curies":[{"name":"wp","href":"https:\/\/api.w.org\/{rel}","templated":true}]}}