{"id":585,"date":"2023-02-13T10:35:52","date_gmt":"2023-02-13T10:35:52","guid":{"rendered":"https:\/\/enfermeriayvacunas.es\/buscador-faq\/?page_id=585"},"modified":"2026-03-17T10:24:34","modified_gmt":"2026-03-17T09:24:34","slug":"inicio","status":"publish","type":"page","link":"https:\/\/enfermeriayvacunas.es\/buscador-faq\/","title":{"rendered":"Inicio"},"content":{"rendered":"<p>[et_pb_section fb_built=\u00bb1&#8243; admin_label=\u00bbHeader\u00bb _builder_version=\u00bb4.24.3&#8243; _module_preset=\u00bbdefault\u00bb use_background_color_gradient=\u00bbon\u00bb background_color_gradient_stops=\u00bb#2e5b61 25%|rgba(46,91,97,0) 100%\u00bb background_color_gradient_overlays_image=\u00bbon\u00bb background_image=\u00bbhttps:\/\/enfermeriayvacunas.es\/buscador-faq\/wp-content\/uploads\/2023\/02\/istockphoto-1011893254-612&#215;612-ConvertImage.png\u00bb custom_margin=\u00bb100px||||false|false\u00bb custom_padding=\u00bb||16vw||false|false\u00bb da_disable_devices=\u00bboff|off|off\u00bb collapsed=\u00bboff\u00bb global_colors_info=\u00bb{}\u00bb da_is_popup=\u00bboff\u00bb da_exit_intent=\u00bboff\u00bb da_has_close=\u00bbon\u00bb da_alt_close=\u00bboff\u00bb da_dark_close=\u00bboff\u00bb da_not_modal=\u00bbon\u00bb da_is_singular=\u00bboff\u00bb da_with_loader=\u00bboff\u00bb da_has_shadow=\u00bbon\u00bb][et_pb_row _builder_version=\u00bb4.17.3&#8243; _module_preset=\u00bbdefault\u00bb width=\u00bb70%\u00bb width_tablet=\u00bb80%\u00bb width_phone=\u00bb80%\u00bb width_last_edited=\u00bbon|tablet\u00bb global_colors_info=\u00bb{}\u00bb][et_pb_column type=\u00bb4_4&#8243; _builder_version=\u00bb4.17.1&#8243; _module_preset=\u00bbdefault\u00bb global_colors_info=\u00bb{}\u00bb][et_pb_text _builder_version=\u00bb4.19.4&#8243; _module_preset=\u00bbc16985e1-e0d6-4022-964d-e2bfc04fa633&#8243; header_font=\u00bbCormorant Garamond|700|||||||\u00bb header_text_color=\u00bb#E1ECEA\u00bb header_font_size=\u00bb73px\u00bb header_line_height=\u00bb1.1em\u00bb text_orientation=\u00bbcenter\u00bb module_alignment=\u00bbcenter\u00bb custom_margin=\u00bb||0px||false|false\u00bb header_font_size_tablet=\u00bb40px\u00bb header_font_size_phone=\u00bb24px\u00bb header_font_size_last_edited=\u00bbon|desktop\u00bb global_colors_info=\u00bb{}\u00bb]<\/p>\n<h1>Vacunaci\u00f3n en grupos de riesgo de todas las edades y en determinadas situaciones<\/h1>\n<p>[\/et_pb_text][\/et_pb_column][\/et_pb_row][et_pb_row column_structure=\u00bb1_4,1_2,1_4&#8243; _builder_version=\u00bb4.24.3&#8243; _module_preset=\u00bbdefault\u00bb global_colors_info=\u00bb{}\u00bb][et_pb_column type=\u00bb1_4&#8243; _builder_version=\u00bb4.24.3&#8243; _module_preset=\u00bbdefault\u00bb global_colors_info=\u00bb{}\u00bb][\/et_pb_column][et_pb_column type=\u00bb1_2&#8243; _builder_version=\u00bb4.24.3&#8243; _module_preset=\u00bbdefault\u00bb global_colors_info=\u00bb{}\u00bb][et_pb_testimonial quote_icon_color=\u00bb#999861&#8243; portrait_width=\u00bb80px\u00bb portrait_height=\u00bb80px\u00bb use_icon_font_size=\u00bbon\u00bb icon_font_size=\u00bb41px\u00bb _builder_version=\u00bb4.24.3&#8243; _module_preset=\u00bbdefault\u00bb body_font=\u00bb|700|||||||\u00bb body_text_color=\u00bb#999861&#8243; body_font_size=\u00bb18px\u00bb author_text_color=\u00bb#999861&#8243; author_font_size=\u00bb20px\u00bb position_font=\u00bb|700|||||||\u00bb body_quote_text_align=\u00bbcenter\u00bb background_enable_color=\u00bboff\u00bb use_background_color_gradient=\u00bbon\u00bb background_color_gradient_stops=\u00bb#ffffff 0%|rgba(208, 207, 182, 1) 79%|rgba(153,152,97,0.99) 99%\u00bb text_orientation=\u00bbcenter\u00bb link_option_url=\u00bbhttps:\/\/enfermeriayvacunas.es\/buscador-faq\/wp-content\/uploads\/2025\/02\/VACUNACION_EN-GRUPOS-DE-RIESGO-x-CCAA-REVISADO-2025.pdf\u00bb link_option_url_new_window=\u00bbon\u00bb border_width_all=\u00bb2px\u00bb border_color_all=\u00bb#999861&#8243; box_shadow_style=\u00bbpreset3&#8243; global_colors_info=\u00bb{}\u00bb]<\/p>\n<p style=\"text-align: center;\">VACUNACION_EN GRUPOS DE RIESGO x CCAA<\/p>\n<p style=\"text-align: center;\">REVISADO 2025<\/p>\n<p>[\/et_pb_testimonial][\/et_pb_column][et_pb_column type=\u00bb1_4&#8243; _builder_version=\u00bb4.24.3&#8243; _module_preset=\u00bbdefault\u00bb global_colors_info=\u00bb{}\u00bb][\/et_pb_column][\/et_pb_row][et_pb_row _builder_version=\u00bb4.17.3&#8243; _module_preset=\u00bbdefault\u00bb positioning=\u00bbabsolute\u00bb position_origin_a=\u00bbbottom_center\u00bb vertical_offset=\u00bb-1px\u00bb width=\u00bb100%\u00bb max_width=\u00bb100%\u00bb custom_padding=\u00bb||0px||false|false\u00bb global_colors_info=\u00bb{}\u00bb][et_pb_column type=\u00bb4_4&#8243; _builder_version=\u00bb4.17.3&#8243; _module_preset=\u00bbdefault\u00bb global_colors_info=\u00bb{}\u00bb][et_pb_image src=\u00bbhttps:\/\/enfermeriayvacunas.es\/buscador-faq\/wp-content\/uploads\/2023\/01\/therapy-17.png\u00bb title_text=\u00bbtherapy 17&#8243; force_fullwidth=\u00bbon\u00bb _builder_version=\u00bb4.24.3&#8243; _module_preset=\u00bbdefault\u00bb global_colors_info=\u00bb{}\u00bb][\/et_pb_image][\/et_pb_column][\/et_pb_row][\/et_pb_section][et_pb_section fb_built=\u00bb1&#8243; admin_label=\u00bbFAQ\u00bb _builder_version=\u00bb4.17.3&#8243; _module_preset=\u00bbdefault\u00bb top_divider_flip=\u00bbhorizontal\u00bb da_disable_devices=\u00bboff|off|off\u00bb collapsed=\u00bboff\u00bb global_colors_info=\u00bb{}\u00bb da_is_popup=\u00bboff\u00bb da_exit_intent=\u00bboff\u00bb da_has_close=\u00bbon\u00bb da_alt_close=\u00bboff\u00bb da_dark_close=\u00bboff\u00bb da_not_modal=\u00bbon\u00bb da_is_singular=\u00bboff\u00bb da_with_loader=\u00bboff\u00bb da_has_shadow=\u00bbon\u00bb][et_pb_row column_structure=\u00bb1_4,1_2,1_4&#8243; custom_padding_last_edited=\u00bbon|phone\u00bb _builder_version=\u00bb4.24.3&#8243; _module_preset=\u00bbdefault\u00bb width=\u00bb91%\u00bb max_width=\u00bb91%\u00bb custom_margin=\u00bb-15vw||||false|false\u00bb custom_margin_tablet=\u00bb-21vw||||false|false\u00bb custom_margin_phone=\u00bb||||false|false\u00bb custom_margin_last_edited=\u00bboff|desktop\u00bb custom_padding=\u00bb80px||80px||true|true\u00bb custom_padding_tablet=\u00bb30px|20px|30px|20px|true|true\u00bb custom_padding_phone=\u00bb20px|0px|20px|0px|true|true\u00bb global_colors_info=\u00bb{}\u00bb][et_pb_column type=\u00bb1_4&#8243; _builder_version=\u00bb4.24.3&#8243; _module_preset=\u00bbdefault\u00bb background_color=\u00bb#8e8e8e\u00bb use_background_color_gradient=\u00bbon\u00bb background_color_gradient_stops=\u00bb#e5e8f0 17%|#edf2f9 58%|#ffffff 100%\u00bb custom_padding=\u00bb|0px||0px|false|false\u00bb global_colors_info=\u00bb{}\u00bb][et_pb_image src=\u00bbhttps:\/\/enfermeriayvacunas.es\/buscador-faq\/wp-content\/uploads\/2026\/03\/CalendarioVacunacion_GRinfantil-2026_Pagina_1.jpg\u00bb title_text=\u00bbCalendarioVacunacion_GRinfantil 2026_P\u00e1gina_1&#8243; url=\u00bbhttps:\/\/www.sanidad.gob.es\/areas\/promocionPrevencion\/vacunaciones\/calendario\/docs\/CalendarioVacunacion_GRinfantil.pdf\u00bb url_new_window=\u00bbon\u00bb _builder_version=\u00bb4.27.6&#8243; _module_preset=\u00bbdefault\u00bb width=\u00bb100%\u00bb custom_margin=\u00bb0px||0px||false|false\u00bb hover_enabled=\u00bb0&#8243; border_radii=\u00bboff|5px|5px||\u00bb border_width_top=\u00bb1px\u00bb border_width_right=\u00bb1px\u00bb border_width_left=\u00bb1px\u00bb global_colors_info=\u00bb{}\u00bb sticky_enabled=\u00bb0&#8243;][\/et_pb_image][et_pb_text _builder_version=\u00bb4.24.3&#8243; _module_preset=\u00bbdefault\u00bb text_font=\u00bb|600|||||||\u00bb text_font_size=\u00bb18px\u00bb background_color=\u00bb#e6e0df\u00bb text_orientation=\u00bbcenter\u00bb custom_margin=\u00bb0px|0px|0px|0px|true|true\u00bb custom_padding=\u00bb20px|0px|20px|0px|true|true\u00bb link_option_url=\u00bbhttps:\/\/www.sanidad.gob.es\/areas\/promocionPrevencion\/vacunaciones\/calendario\/docs\/CalendarioVacunacion_GRinfantil.pdf\u00bb link_option_url_new_window=\u00bbon\u00bb border_radii=\u00bboff|||5px|5px\u00bb border_width_right=\u00bb1px\u00bb border_width_bottom=\u00bb1px\u00bb border_width_left=\u00bb1px\u00bb global_colors_info=\u00bb{}\u00bb]<\/p>\n<p>Calendario de vacunaci\u00f3n en Grupos de Riesgo, poblaci\u00f3n infantil<\/p>\n<p>[\/et_pb_text][\/et_pb_column][et_pb_column type=\u00bb1_2&#8243; _builder_version=\u00bb4.24.3&#8243; _module_preset=\u00bbdefault\u00bb background_color=\u00bb#8e8e8e\u00bb use_background_color_gradient=\u00bbon\u00bb background_color_gradient_stops=\u00bb#e5e8f0 17%|#edf2f9 58%|#ffffff 100%\u00bb custom_padding=\u00bb20px|0px|20px|0px|false|true\u00bb global_colors_info=\u00bb{}\u00bb][dsm_icon_list _builder_version=\u00bb4.20.0&#8243; _module_preset=\u00bbdefault\u00bb text_line_height=\u00bb1.9em\u00bb custom_padding=\u00bb|||2vw|false|false\u00bb global_colors_info=\u00bb{}\u00bb][dsm_icon_list_child text=\u00bbInmunodeficiencias primarias (IDP)\u00bb font_icon=\u00bb&#xf058;||fa||400&#8243; icon_color=\u00bb#000000&#8243; icon_font_size=\u00bb23px\u00bb url=\u00bb@ET-DC@eyJkeW5hbWljIjp0cnVlLCJjb250ZW50IjoicG9zdF9saW5rX3VybF9wYWdlIiwic2V0dGluZ3MiOnsicG9zdF9pZCI6IjQ0MSJ9fQ==@\u00bb _builder_version=\u00bb4.20.0&#8243; _dynamic_attributes=\u00bburl\u00bb _module_preset=\u00bbdefault\u00bb text_text_color=\u00bb#E09900&#8243; text_font_size=\u00bb20px\u00bb global_colors_info=\u00bb{}\u00bb][\/dsm_icon_list_child][dsm_icon_list_child text=\u00bbDeficiencias del sistema de complemento\u00bb font_icon=\u00bb&#x52;||divi||400&#8243; icon_color=\u00bb#000000&#8243; icon_font_size=\u00bb23px\u00bb url=\u00bb@ET-DC@eyJkeW5hbWljIjp0cnVlLCJjb250ZW50IjoicG9zdF9saW5rX3VybF9wYWdlIiwic2V0dGluZ3MiOnsicG9zdF9pZCI6IjcxNCJ9fQ==@\u00bb _builder_version=\u00bb4.19.5&#8243; _dynamic_attributes=\u00bburl\u00bb _module_preset=\u00bbdefault\u00bb text_text_color=\u00bb#E09900&#8243; text_font_size=\u00bb20px\u00bb global_colors_info=\u00bb{}\u00bb][\/dsm_icon_list_child][dsm_icon_list_child text=\u00bbInmunodeficiencias secundarias (IDS)\u00bb font_icon=\u00bb&#xf058;||fa||400&#8243; icon_color=\u00bb#000000&#8243; icon_font_size=\u00bb23px\u00bb url=\u00bb@ET-DC@eyJkeW5hbWljIjp0cnVlLCJjb250ZW50IjoicG9zdF9saW5rX3VybF9wYWdlIiwic2V0dGluZ3MiOnsicG9zdF9pZCI6IjcxMCJ9fQ==@\u00bb _builder_version=\u00bb4.20.0&#8243; _dynamic_attributes=\u00bburl\u00bb _module_preset=\u00bbdefault\u00bb text_text_color=\u00bb#E09900&#8243; text_font_size=\u00bb20px\u00bb global_colors_info=\u00bb{}\u00bb][\/dsm_icon_list_child][dsm_icon_list_child text=\u00bbTrasplante de \u00f3rgano s\u00f3lido (TOS)\u00bb font_icon=\u00bb&#xf058;||fa||400&#8243; icon_color=\u00bb#000000&#8243; icon_font_size=\u00bb23px\u00bb url=\u00bb@ET-DC@eyJkeW5hbWljIjp0cnVlLCJjb250ZW50IjoicG9zdF9saW5rX3VybF9wYWdlIiwic2V0dGluZ3MiOnsicG9zdF9pZCI6Ijk5MiJ9fQ==@\u00bb _builder_version=\u00bb4.20.0&#8243; _dynamic_attributes=\u00bburl\u00bb _module_preset=\u00bbdefault\u00bb text_text_color=\u00bb#E09900&#8243; text_font_size=\u00bb20px\u00bb global_colors_info=\u00bb{}\u00bb][\/dsm_icon_list_child][dsm_icon_list_child text=\u00bbTrasplante de progenitores hematopoy\u00e9ticos (TPH)\u00bb font_icon=\u00bb&#xf058;||fa||400&#8243; icon_color=\u00bb#000000&#8243; icon_font_size=\u00bb23px\u00bb url=\u00bb@ET-DC@eyJkeW5hbWljIjp0cnVlLCJjb250ZW50IjoicG9zdF9saW5rX3VybF9wYWdlIiwic2V0dGluZ3MiOnsicG9zdF9pZCI6IjgyMCJ9fQ==@\u00bb _builder_version=\u00bb4.20.0&#8243; _dynamic_attributes=\u00bburl\u00bb _module_preset=\u00bbdefault\u00bb text_text_color=\u00bb#E09900&#8243; text_font_size=\u00bb20px\u00bb global_colors_info=\u00bb{}\u00bb][\/dsm_icon_list_child][dsm_icon_list_child text=\u00bbInfecci\u00f3n por VIH\u00bb font_icon=\u00bb&#xf058;||fa||400&#8243; icon_color=\u00bb#000000&#8243; icon_font_size=\u00bb23px\u00bb url=\u00bb@ET-DC@eyJkeW5hbWljIjp0cnVlLCJjb250ZW50IjoicG9zdF9saW5rX3VybF9wYWdlIiwic2V0dGluZ3MiOnsicG9zdF9pZCI6Ijc5NyJ9fQ==@\u00bb _builder_version=\u00bb4.20.0&#8243; _dynamic_attributes=\u00bburl\u00bb _module_preset=\u00bbdefault\u00bb text_text_color=\u00bb#E09900&#8243; text_font_size=\u00bb20px\u00bb global_colors_info=\u00bb{}\u00bb][\/dsm_icon_list_child][dsm_icon_list_child text=\u00bbC\u00e1ncer\/Hemopat\u00edas malignas\u00bb font_icon=\u00bb&#xf058;||fa||400&#8243; icon_color=\u00bb#000000&#8243; icon_font_size=\u00bb23px\u00bb url=\u00bb@ET-DC@eyJkeW5hbWljIjp0cnVlLCJjb250ZW50IjoicG9zdF9saW5rX3VybF9wYWdlIiwic2V0dGluZ3MiOnsicG9zdF9pZCI6IjEwMTMifX0=@\u00bb _builder_version=\u00bb4.20.0&#8243; _dynamic_attributes=\u00bburl\u00bb _module_preset=\u00bbdefault\u00bb text_text_color=\u00bb#E09900&#8243; text_font_size=\u00bb20px\u00bb global_colors_info=\u00bb{}\u00bb][\/dsm_icon_list_child][dsm_icon_list_child text=\u00bbEnfermedades cardiovasculares y respiratorias cr\u00f3nicas\u00bb font_icon=\u00bb&#xf058;||fa||400&#8243; icon_color=\u00bb#000000&#8243; icon_font_size=\u00bb23px\u00bb url=\u00bb@ET-DC@eyJkeW5hbWljIjp0cnVlLCJjb250ZW50IjoicG9zdF9saW5rX3VybF9wYWdlIiwic2V0dGluZ3MiOnsicG9zdF9pZCI6IjEwMjAifX0=@\u00bb _builder_version=\u00bb4.20.0&#8243; _dynamic_attributes=\u00bburl\u00bb _module_preset=\u00bbdefault\u00bb text_text_color=\u00bb#E09900&#8243; text_font_size=\u00bb20px\u00bb global_colors_info=\u00bb{}\u00bb][\/dsm_icon_list_child][dsm_icon_list_child text=\u00bbEnfermedades neurol\u00f3gicas y neuromusculares graves\u00bb font_icon=\u00bb&#xf058;||fa||400&#8243; icon_color=\u00bb#000000&#8243; icon_font_size=\u00bb23px\u00bb url=\u00bb@ET-DC@eyJkeW5hbWljIjp0cnVlLCJjb250ZW50IjoicG9zdF9saW5rX3VybF9wYWdlIiwic2V0dGluZ3MiOnsicG9zdF9pZCI6IjEwNTQifX0=@\u00bb _builder_version=\u00bb4.20.0&#8243; _dynamic_attributes=\u00bburl\u00bb _module_preset=\u00bbdefault\u00bb text_text_color=\u00bb#E09900&#8243; text_font_size=\u00bb20px\u00bb global_colors_info=\u00bb{}\u00bb][\/dsm_icon_list_child][dsm_icon_list_child text=\u00bbEnfermedad renal cr\u00f3nica y s\u00edndrome nefr\u00f3tico\u00bb font_icon=\u00bb&#xf058;||fa||400&#8243; icon_color=\u00bb#000000&#8243; icon_font_size=\u00bb23px\u00bb url=\u00bb@ET-DC@eyJkeW5hbWljIjp0cnVlLCJjb250ZW50IjoicG9zdF9saW5rX3VybF9wYWdlIiwic2V0dGluZ3MiOnsicG9zdF9pZCI6IjEwNzAifX0=@\u00bb _builder_version=\u00bb4.20.0&#8243; _dynamic_attributes=\u00bburl\u00bb _module_preset=\u00bbdefault\u00bb text_text_color=\u00bb#E09900&#8243; text_font_size=\u00bb20px\u00bb global_colors_info=\u00bb{}\u00bb][\/dsm_icon_list_child][dsm_icon_list_child text=\u00bbEnfermedad hep\u00e1tica cr\u00f3nica, alcoholismo cr\u00f3nico y cirrosis\u00bb font_icon=\u00bb&#xf058;||fa||400&#8243; icon_color=\u00bb#000000&#8243; icon_font_size=\u00bb23px\u00bb url=\u00bb@ET-DC@eyJkeW5hbWljIjp0cnVlLCJjb250ZW50IjoicG9zdF9saW5rX3VybF9wYWdlIiwic2V0dGluZ3MiOnsicG9zdF9pZCI6IjEwNDYifX0=@\u00bb _builder_version=\u00bb4.20.0&#8243; _dynamic_attributes=\u00bburl\u00bb _module_preset=\u00bbdefault\u00bb text_text_color=\u00bb#E09900&#8243; text_font_size=\u00bb20px\u00bb global_colors_info=\u00bb{}\u00bb][\/dsm_icon_list_child][dsm_icon_list_child text=\u00bbDiabetes mellitus\u00bb font_icon=\u00bb&#xf058;||fa||400&#8243; icon_color=\u00bb#000000&#8243; icon_font_size=\u00bb23px\u00bb url=\u00bb@ET-DC@eyJkeW5hbWljIjp0cnVlLCJjb250ZW50IjoicG9zdF9saW5rX3VybF9wYWdlIiwic2V0dGluZ3MiOnsicG9zdF9pZCI6IjEwNjcifX0=@\u00bb _builder_version=\u00bb4.20.0&#8243; _dynamic_attributes=\u00bburl\u00bb _module_preset=\u00bbdefault\u00bb text_text_color=\u00bb#E09900&#8243; text_font_size=\u00bb20px\u00bb global_colors_info=\u00bb{}\u00bb][\/dsm_icon_list_child][dsm_icon_list_child text=\u00bbHemofilia y otros trastornos hemorr\u00e1gicos cr\u00f3nicos, recepci\u00f3n de hemoderivados y transfusiones m\u00faltiples.\u00bb font_icon=\u00bb&#xf058;||fa||400&#8243; icon_color=\u00bb#000000&#8243; icon_font_size=\u00bb23px\u00bb url=\u00bb@ET-DC@eyJkeW5hbWljIjp0cnVlLCJjb250ZW50IjoicG9zdF9saW5rX3VybF9wYWdlIiwic2V0dGluZ3MiOnsicG9zdF9pZCI6IjEwODMifX0=@\u00bb _builder_version=\u00bb4.20.0&#8243; _dynamic_attributes=\u00bburl\u00bb _module_preset=\u00bbdefault\u00bb text_text_color=\u00bb#E09900&#8243; text_font_size=\u00bb20px\u00bb global_colors_info=\u00bb{}\u00bb][\/dsm_icon_list_child][dsm_icon_list_child text=\u00bbHemoglobinopat\u00edas y anemias\u00bb font_icon=\u00bb&#xf058;||fa||400&#8243; icon_color=\u00bb#000000&#8243; icon_font_size=\u00bb23px\u00bb url=\u00bb@ET-DC@eyJkeW5hbWljIjp0cnVlLCJjb250ZW50IjoicG9zdF9saW5rX3VybF9wYWdlIiwic2V0dGluZ3MiOnsicG9zdF9pZCI6IjEwODcifX0=@\u00bb _builder_version=\u00bb4.20.0&#8243; _dynamic_attributes=\u00bburl\u00bb _module_preset=\u00bbdefault\u00bb text_text_color=\u00bb#E09900&#8243; text_font_size=\u00bb20px\u00bb global_colors_info=\u00bb{}\u00bb][\/dsm_icon_list_child][dsm_icon_list_child text=\u00bbObesidad m\u00f3rbida\u00bb font_icon=\u00bb&#xf058;||fa||400&#8243; icon_color=\u00bb#000000&#8243; icon_font_size=\u00bb23px\u00bb url=\u00bb@ET-DC@eyJkeW5hbWljIjp0cnVlLCJjb250ZW50IjoicG9zdF9saW5rX3VybF9wYWdlIiwic2V0dGluZ3MiOnsicG9zdF9pZCI6IjEwOTMifX0=@\u00bb _builder_version=\u00bb4.20.0&#8243; _dynamic_attributes=\u00bburl\u00bb _module_preset=\u00bbdefault\u00bb text_text_color=\u00bb#E09900&#8243; text_font_size=\u00bb20px\u00bb global_colors_info=\u00bb{}\u00bb][\/dsm_icon_list_child][dsm_icon_list_child text=\u00bbTabaquismo\u00bb font_icon=\u00bb&#xf058;||fa||400&#8243; icon_color=\u00bb#000000&#8243; icon_font_size=\u00bb23px\u00bb url=\u00bb@ET-DC@eyJkeW5hbWljIjp0cnVlLCJjb250ZW50IjoicG9zdF9saW5rX3VybF9wYWdlIiwic2V0dGluZ3MiOnsicG9zdF9pZCI6IjEwOTcifX0=@\u00bb _builder_version=\u00bb4.20.0&#8243; _dynamic_attributes=\u00bburl\u00bb _module_preset=\u00bbdefault\u00bb text_text_color=\u00bb#E09900&#8243; text_font_size=\u00bb20px\u00bb global_colors_info=\u00bb{}\u00bb][\/dsm_icon_list_child][dsm_icon_list_child text=\u00bbEnfermedades inflamatorias cr\u00f3nicas\u00bb font_icon=\u00bb&#xf058;||fa||400&#8243; icon_color=\u00bb#000000&#8243; icon_font_size=\u00bb23px\u00bb url=\u00bb@ET-DC@eyJkeW5hbWljIjp0cnVlLCJjb250ZW50IjoicG9zdF9saW5rX3VybF9wYWdlIiwic2V0dGluZ3MiOnsicG9zdF9pZCI6IjEwNTAifX0=@\u00bb _builder_version=\u00bb4.20.0&#8243; _dynamic_attributes=\u00bburl\u00bb _module_preset=\u00bbdefault\u00bb text_text_color=\u00bb#E09900&#8243; text_font_size=\u00bb20px\u00bb global_colors_info=\u00bb{}\u00bb][\/dsm_icon_list_child][dsm_icon_list_child text=\u00bbEnfermedad cel\u00edaca\u00bb font_icon=\u00bb&#xf058;||fa||400&#8243; icon_color=\u00bb#000000&#8243; icon_font_size=\u00bb23px\u00bb url=\u00bb@ET-DC@eyJkeW5hbWljIjp0cnVlLCJjb250ZW50IjoicG9zdF9saW5rX3VybF9wYWdlIiwic2V0dGluZ3MiOnsicG9zdF9pZCI6IjEwNjEifX0=@\u00bb _builder_version=\u00bb4.20.0&#8243; _dynamic_attributes=\u00bburl\u00bb _module_preset=\u00bbdefault\u00bb text_text_color=\u00bb#E09900&#8243; text_font_size=\u00bb20px\u00bb global_colors_info=\u00bb{}\u00bb][\/dsm_icon_list_child][dsm_icon_list_child text=\u00bbVacunaci\u00f3n en situaciones de riesgo\u00bb font_icon=\u00bb&#xf058;||fa||400&#8243; icon_color=\u00bb#000000&#8243; icon_font_size=\u00bb23px\u00bb url=\u00bb@ET-DC@eyJkeW5hbWljIjp0cnVlLCJjb250ZW50IjoicG9zdF9saW5rX3VybF9wYWdlIiwic2V0dGluZ3MiOnsicG9zdF9pZCI6IjExMTAifX0=@\u00bb _builder_version=\u00bb4.20.0&#8243; _dynamic_attributes=\u00bburl\u00bb _module_preset=\u00bbdefault\u00bb text_text_color=\u00bb#E09900&#8243; text_font_size=\u00bb20px\u00bb global_colors_info=\u00bb{}\u00bb][\/dsm_icon_list_child][dsm_icon_list_child text=\u00bbResumen de Vacunaci\u00f3n en pacientes con enfermedades cr\u00f3nicas\u00bb font_icon=\u00bb&#xf058;||fa||400&#8243; icon_color=\u00bb#000000&#8243; icon_font_size=\u00bb23px\u00bb url=\u00bb@ET-DC@eyJkeW5hbWljIjp0cnVlLCJjb250ZW50IjoicG9zdF9saW5rX3VybF9wYWdlIiwic2V0dGluZ3MiOnsicG9zdF9pZCI6IjExMDcifX0=@\u00bb _builder_version=\u00bb4.20.0&#8243; _dynamic_attributes=\u00bburl\u00bb _module_preset=\u00bbdefault\u00bb text_text_color=\u00bb#E09900&#8243; text_font_size=\u00bb20px\u00bb global_colors_info=\u00bb{}\u00bb][\/dsm_icon_list_child][\/dsm_icon_list][\/et_pb_column][et_pb_column type=\u00bb1_4&#8243; _builder_version=\u00bb4.24.3&#8243; _module_preset=\u00bbdefault\u00bb background_color=\u00bb#8e8e8e\u00bb use_background_color_gradient=\u00bbon\u00bb background_color_gradient_stops=\u00bb#e5e8f0 17%|#edf2f9 58%|#ffffff 100%\u00bb global_colors_info=\u00bb{}\u00bb][et_pb_image src=\u00bbhttps:\/\/enfermeriayvacunas.es\/buscador-faq\/wp-content\/uploads\/2026\/03\/CalendarioVacunacion_GRadultos-2026_Pagina_1.jpg\u00bb title_text=\u00bbCalendarioVacunacion_GRadultos 2026_P\u00e1gina_1&#8243; url=\u00bbhttps:\/\/www.sanidad.gob.es\/areas\/promocionPrevencion\/vacunaciones\/calendario\/docs\/CalendarioVacunacion_GRadultos.pdf\u00bb url_new_window=\u00bbon\u00bb _builder_version=\u00bb4.27.6&#8243; _module_preset=\u00bbdefault\u00bb width=\u00bb100%\u00bb custom_margin=\u00bb0px||0px||false|false\u00bb hover_enabled=\u00bb0&#8243; border_radii=\u00bboff|5px|5px||\u00bb border_width_top=\u00bb1px\u00bb border_width_right=\u00bb1px\u00bb border_width_left=\u00bb1px\u00bb global_colors_info=\u00bb{}\u00bb sticky_enabled=\u00bb0&#8243;][\/et_pb_image][et_pb_text _builder_version=\u00bb4.24.3&#8243; _module_preset=\u00bbdefault\u00bb text_font=\u00bb|600|||||||\u00bb text_font_size=\u00bb18px\u00bb background_color=\u00bb#FFFFFF\u00bb text_orientation=\u00bbcenter\u00bb custom_margin=\u00bb0px|0px|0px|0px|true|true\u00bb custom_padding=\u00bb20px|0px|20px|0px|true|true\u00bb link_option_url=\u00bbhttps:\/\/www.sanidad.gob.es\/areas\/promocionPrevencion\/vacunaciones\/calendario\/docs\/CalendarioVacunacion_GRadultos.pdf\u00bb link_option_url_new_window=\u00bbon\u00bb border_radii=\u00bboff|||5px|5px\u00bb border_width_right=\u00bb1px\u00bb border_width_bottom=\u00bb1px\u00bb border_width_left=\u00bb1px\u00bb global_colors_info=\u00bb{}\u00bb]<\/p>\n<p>Calendario de vacunaci\u00f3n en Grupos de Riesgo, poblaci\u00f3n adulta<\/p>\n<p>[\/et_pb_text][\/et_pb_column][\/et_pb_row][et_pb_row column_structure=\u00bb1_2,1_2&#8243; _builder_version=\u00bb4.17.3&#8243; _module_preset=\u00bbdefault\u00bb global_colors_info=\u00bb{}\u00bb][et_pb_column type=\u00bb1_2&#8243; _builder_version=\u00bb4.17.3&#8243; _module_preset=\u00bbdefault\u00bb custom_padding_tablet=\u00bb||30px||false|false\u00bb custom_padding_phone=\u00bb||30px||false|false\u00bb custom_padding_last_edited=\u00bbon|tablet\u00bb global_colors_info=\u00bb{}\u00bb][et_pb_icon font_icon=\u00bb&#xe010;||divi||400&#8243; icon_color=\u00bb#FFFFFF\u00bb icon_width=\u00bb64px\u00bb _builder_version=\u00bb4.17.1&#8243; _module_preset=\u00bbdefault\u00bb background_color=\u00bb#2E5B61&#8243; custom_padding=\u00bb30px|30px|30px|30px|true|true\u00bb border_radii=\u00bbon|100px|100px|100px|100px\u00bb global_colors_info=\u00bb{}\u00bb][\/et_pb_icon][et_pb_text _builder_version=\u00bb4.19.5&#8243; _module_preset=\u00bb4827deed-2a92-4d97-a22f-f01067ae6873&#8243; header_font=\u00bb||||||||\u00bb header_4_font=\u00bbInter|700|||||||\u00bb header_4_text_color=\u00bb#22434A\u00bb header_4_font_size=\u00bb22px\u00bb header_4_line_height=\u00bb1.6em\u00bb text_orientation=\u00bbcenter\u00bb module_alignment=\u00bbcenter\u00bb custom_margin=\u00bb||0px||false|false\u00bb header_4_font_size_tablet=\u00bb20px\u00bb header_4_font_size_phone=\u00bb16px\u00bb header_4_font_size_last_edited=\u00bbon|phone\u00bb global_colors_info=\u00bb{}\u00bb]<\/p>\n<h4>Env\u00ede sus preguntas<\/h4>\n<p>[\/et_pb_text][et_pb_text _builder_version=\u00bb4.19.5&#8243; _module_preset=\u00bb1f09816e-184e-4ce5-a4cf-b39c52c423ca\u00bb text_font=\u00bbInter||||||||\u00bb text_text_color=\u00bb#22434A\u00bb text_font_size=\u00bb18px\u00bb text_line_height=\u00bb1.8em\u00bb link_text_color=\u00bb#000000&#8243; text_orientation=\u00bbcenter\u00bb module_alignment=\u00bbcenter\u00bb text_font_size_tablet=\u00bb16px\u00bb text_font_size_phone=\u00bb14px\u00bb text_font_size_last_edited=\u00bbon|tablet\u00bb header_font_size_tablet=\u00bb55px\u00bb header_font_size_last_edited=\u00bboff|desktop\u00bb global_colors_info=\u00bb{}\u00bb]<a href=\"mailto:info@enfermeriayvacunas.es\">info@enfermeriayvacunas.es<\/a>[\/et_pb_text][\/et_pb_column][et_pb_column type=\u00bb1_2&#8243; _builder_version=\u00bb4.17.1&#8243; _module_preset=\u00bbdefault\u00bb global_colors_info=\u00bb{}\u00bb][et_pb_icon font_icon=\u00bb&#xe00b;||divi||400&#8243; icon_color=\u00bb#FFFFFF\u00bb icon_width=\u00bb64px\u00bb disabled_on=\u00bbon|on|on\u00bb _builder_version=\u00bb4.20.0&#8243; _module_preset=\u00bbdefault\u00bb background_color=\u00bb#2E5B61&#8243; custom_padding=\u00bb30px|30px|30px|30px|true|true\u00bb border_radii=\u00bbon|100px|100px|100px|100px\u00bb disabled=\u00bbon\u00bb locked=\u00bboff\u00bb global_colors_info=\u00bb{}\u00bb][\/et_pb_icon][\/et_pb_column][\/et_pb_row][\/et_pb_section][et_pb_section fb_built=\u00bb1&#8243; custom_padding_last_edited=\u00bbon|desktop\u00bb admin_label=\u00bbFooter\u00bb _builder_version=\u00bb4.17.3&#8243; _module_preset=\u00bbdefault\u00bb background_color=\u00bb#2E5B61&#8243; background_image=\u00bbhttps:\/\/enfermeriayvacunas.es\/buscador-faq\/wp-content\/uploads\/2023\/01\/therapy-51-1.png\u00bb background_size=\u00bbcontain\u00bb background_position=\u00bbtop_center\u00bb background_vertical_offset=\u00bb0%\u00bb custom_padding=\u00bb10vw||||false|false\u00bb custom_padding_tablet=\u00bb||||false|false\u00bb custom_padding_phone=\u00bb||||false|false\u00bb top_divider_height=\u00bb148px\u00bb top_divider_repeat=\u00bb1x\u00bb da_disable_devices=\u00bboff|off|off\u00bb saved_tabs=\u00bball\u00bb collapsed=\u00bbon\u00bb global_colors_info=\u00bb{}\u00bb da_is_popup=\u00bboff\u00bb da_exit_intent=\u00bboff\u00bb da_has_close=\u00bbon\u00bb da_alt_close=\u00bboff\u00bb da_dark_close=\u00bboff\u00bb da_not_modal=\u00bbon\u00bb da_is_singular=\u00bboff\u00bb da_with_loader=\u00bboff\u00bb da_has_shadow=\u00bbon\u00bb][\/et_pb_section]<\/p>\n","protected":false},"excerpt":{"rendered":"<p>Vacunaci\u00f3n en grupos de riesgo de todas las edades y en determinadas situacionesVACUNACION_EN GRUPOS DE RIESGO x CCAA REVISADO 2025Calendario de vacunaci\u00f3n en Grupos de Riesgo, poblaci\u00f3n infantil<div class=\"et_pb_module dsm_icon_list dsm_icon_list_0\">\n\t\t\t\t\n\t\t\t\t\n\t\t\t\t\n\t\t\t\t\n\t\t\t\t\n\t\t\t\t\n\t\t\t\t<div class=\"et_pb_module_inner\">\n\t\t\t\t\t<ul class=\"dsm_icon_list_items dsm_icon_list_ltr_direction dsm_icon_list_layout_vertical\"><\/ul>\n\t\t\t\t<\/div>\n\t\t\t<\/div><li class=\"dsm_icon_list_child dsm_icon_list_child_0\">\n\t\t\t\t\n\t\t\t\t\n\t\t\t\t\n\t\t\t\t\n\t\t\t\t<span class=\"dsm_icon_list_wrapper\"><span class=\"dsm_icon_list_icon\">\uf058<\/span><\/span><span class=\"dsm_icon_list_text\">Inmunodeficiencias primarias (IDP)<\/span>\n\t\t\t<\/li><li class=\"dsm_icon_list_child dsm_icon_list_child_1\">\n\t\t\t\t\n\t\t\t\t\n\t\t\t\t\n\t\t\t\t\n\t\t\t\t<a href=\"http:\/\/\u00bb\u00bb\"><span class=\"dsm_icon_list_wrapper\"><span class=\"dsm_icon_list_icon\"><\/span><\/span><span class=\"dsm_icon_list_text\">\u00bbDeficiencias<\/span><\/a>\n\t\t\t<\/li><\/p>\n","protected":false},"author":1,"featured_media":0,"parent":0,"menu_order":0,"comment_status":"closed","ping_status":"closed","template":"","meta":{"_et_pb_use_builder":"on","_et_pb_old_content":"","_et_gb_content_width":"","footnotes":""},"class_list":["post-585","page","type-page","status-publish","hentry"],"_links":{"self":[{"href":"https:\/\/enfermeriayvacunas.es\/buscador-faq\/wp-json\/wp\/v2\/pages\/585","targetHints":{"allow":["GET"]}}],"collection":[{"href":"https:\/\/enfermeriayvacunas.es\/buscador-faq\/wp-json\/wp\/v2\/pages"}],"about":[{"href":"https:\/\/enfermeriayvacunas.es\/buscador-faq\/wp-json\/wp\/v2\/types\/page"}],"author":[{"embeddable":true,"href":"https:\/\/enfermeriayvacunas.es\/buscador-faq\/wp-json\/wp\/v2\/users\/1"}],"replies":[{"embeddable":true,"href":"https:\/\/enfermeriayvacunas.es\/buscador-faq\/wp-json\/wp\/v2\/comments?post=585"}],"version-history":[{"count":45,"href":"https:\/\/enfermeriayvacunas.es\/buscador-faq\/wp-json\/wp\/v2\/pages\/585\/revisions"}],"predecessor-version":[{"id":1356,"href":"https:\/\/enfermeriayvacunas.es\/buscador-faq\/wp-json\/wp\/v2\/pages\/585\/revisions\/1356"}],"wp:attachment":[{"href":"https:\/\/enfermeriayvacunas.es\/buscador-faq\/wp-json\/wp\/v2\/media?parent=585"}],"curies":[{"name":"wp","href":"https:\/\/api.w.org\/{rel}","templated":true}]}}