{"id":1107,"date":"2023-03-03T12:40:08","date_gmt":"2023-03-03T11:40:08","guid":{"rendered":"https:\/\/enfermeriayvacunas.es\/buscador-faq\/?page_id=1107"},"modified":"2023-03-13T16:11:11","modified_gmt":"2023-03-13T15:11:11","slug":"resumen-de-vacunacion-en-pacientes-con-enfermedades-cronicas","status":"publish","type":"page","link":"https:\/\/enfermeriayvacunas.es\/buscador-faq\/resumen-de-vacunacion-en-pacientes-con-enfermedades-cronicas\/","title":{"rendered":"Resumen de Vacunaci\u00f3n en pacientes con enfermedades cr\u00f3nicas"},"content":{"rendered":"<p>[et_pb_section fb_built=\u00bb1&#8243; admin_label=\u00bbHeader\u00bb _builder_version=\u00bb4.19.5&#8243; _module_preset=\u00bbdefault\u00bb use_background_color_gradient=\u00bbon\u00bb background_color_gradient_stops=\u00bb#2e5b61 25%|rgba(46,91,97,0) 100%\u00bb background_color_gradient_overlays_image=\u00bbon\u00bb background_image=\u00bbhttps:\/\/enfermeriayvacunas.es\/buscador-faq\/wp-content\/uploads\/2023\/01\/therapy-22.jpg\u00bb background_position=\u00bbtop_center\u00bb background_vertical_offset=\u00bb0%\u00bb custom_margin=\u00bb150px||||false|false\u00bb custom_padding=\u00bb||16vw||false|false\u00bb da_disable_devices=\u00bboff|off|off\u00bb collapsed=\u00bboff\u00bb global_colors_info=\u00bb{}\u00bb da_is_popup=\u00bboff\u00bb da_exit_intent=\u00bboff\u00bb da_has_close=\u00bbon\u00bb da_alt_close=\u00bboff\u00bb da_dark_close=\u00bboff\u00bb da_not_modal=\u00bbon\u00bb da_is_singular=\u00bboff\u00bb da_with_loader=\u00bboff\u00bb da_has_shadow=\u00bbon\u00bb][et_pb_row _builder_version=\u00bb4.17.3&#8243; _module_preset=\u00bbdefault\u00bb width=\u00bb70%\u00bb width_tablet=\u00bb80%\u00bb width_phone=\u00bb80%\u00bb width_last_edited=\u00bbon|tablet\u00bb custom_padding=\u00bb10px|||||\u00bb global_colors_info=\u00bb{}\u00bb][et_pb_column type=\u00bb4_4&#8243; _builder_version=\u00bb4.17.1&#8243; _module_preset=\u00bbdefault\u00bb global_colors_info=\u00bb{}\u00bb][et_pb_text _builder_version=\u00bb4.20.0&#8243; _module_preset=\u00bbc16985e1-e0d6-4022-964d-e2bfc04fa633&#8243; header_font=\u00bbCormorant Garamond|700||on|||||\u00bb header_text_color=\u00bb#E1ECEA\u00bb header_font_size=\u00bb73px\u00bb header_line_height=\u00bb1.1em\u00bb text_orientation=\u00bbcenter\u00bb module_alignment=\u00bbcenter\u00bb custom_margin=\u00bb0px|0px|0px|0px|false|false\u00bb custom_padding=\u00bb0px|0px|0px|0px|false|false\u00bb header_font_size_tablet=\u00bb40px\u00bb header_font_size_phone=\u00bb24px\u00bb header_font_size_last_edited=\u00bbon|desktop\u00bb global_colors_info=\u00bb{}\u00bb]<\/p>\n<h1>Enfermedades cardiovasculares y respiratorias cr\u00f3nicas<\/h1>\n<p>[\/et_pb_text][\/et_pb_column][\/et_pb_row][et_pb_row _builder_version=\u00bb4.19.5&#8243; _module_preset=\u00bbdefault\u00bb positioning=\u00bbabsolute\u00bb position_origin_a=\u00bbbottom_center\u00bb vertical_offset=\u00bb-1px\u00bb width=\u00bb100%\u00bb max_width=\u00bb100%\u00bb custom_padding=\u00bb||0px||false|false\u00bb global_colors_info=\u00bb{}\u00bb][et_pb_column type=\u00bb4_4&#8243; _builder_version=\u00bb4.17.3&#8243; _module_preset=\u00bbdefault\u00bb global_colors_info=\u00bb{}\u00bb][et_pb_image src=\u00bbhttps:\/\/enfermeriayvacunas.es\/buscador-faq\/wp-content\/uploads\/2023\/01\/therapy-17.png\u00bb title_text=\u00bbtherapy 17&#8243; force_fullwidth=\u00bbon\u00bb _builder_version=\u00bb4.19.5&#8243; _module_preset=\u00bbdefault\u00bb global_colors_info=\u00bb{}\u00bb][\/et_pb_image][\/et_pb_column][\/et_pb_row][\/et_pb_section][et_pb_section fb_built=\u00bb1&#8243; admin_label=\u00bbFAQ\u00bb _builder_version=\u00bb4.17.3&#8243; _module_preset=\u00bbdefault\u00bb top_divider_flip=\u00bbhorizontal\u00bb da_disable_devices=\u00bboff|off|off\u00bb collapsed=\u00bboff\u00bb global_colors_info=\u00bb{}\u00bb da_is_popup=\u00bboff\u00bb da_exit_intent=\u00bboff\u00bb da_has_close=\u00bbon\u00bb da_alt_close=\u00bboff\u00bb da_dark_close=\u00bboff\u00bb da_not_modal=\u00bbon\u00bb da_is_singular=\u00bboff\u00bb da_with_loader=\u00bboff\u00bb da_has_shadow=\u00bbon\u00bb][et_pb_row custom_padding_last_edited=\u00bbon|phone\u00bb _builder_version=\u00bb4.20.0&#8243; _module_preset=\u00bbdefault\u00bb use_background_color_gradient=\u00bbon\u00bb background_color_gradient_stops=\u00bb#e5e8f0 89%|rgba(229,232,240,0) 100%\u00bb custom_margin=\u00bb-17vw||||false|false\u00bb custom_margin_tablet=\u00bb-21vw||||false|false\u00bb custom_margin_phone=\u00bb||||false|false\u00bb custom_margin_last_edited=\u00bboff|desktop\u00bb custom_padding=\u00bb109px|80px|109px|80px|true|true\u00bb custom_padding_tablet=\u00bb30px|20px|30px|20px|true|true\u00bb custom_padding_phone=\u00bb20px|0px|20px|0px|true|true\u00bb global_colors_info=\u00bb{}\u00bb][et_pb_column type=\u00bb4_4&#8243; _builder_version=\u00bb4.17.3&#8243; _module_preset=\u00bbdefault\u00bb global_colors_info=\u00bb{}\u00bb][et_pb_text _builder_version=\u00bb4.20.0&#8243; _module_preset=\u00bbdefault\u00bb header_2_font=\u00bb|600|||||||\u00bb header_2_text_color=\u00bb#FFFFFF\u00bb header_2_font_size=\u00bb20px\u00bb background_color=\u00bb#05A29B\u00bb custom_margin=\u00bb||||true\u00bb custom_padding=\u00bb17px||10px|19px|false|false\u00bb link_option_url=\u00bb#explicacion\u00bb global_colors_info=\u00bb{}\u00bb]<\/p>\n<h2>Resumen de Vacunaci\u00f3n en pacientes con enfermedades cr\u00f3nicas\u00a0<\/h2>\n<p>[\/et_pb_text][\/et_pb_column][\/et_pb_row][\/et_pb_section][et_pb_section fb_built=\u00bb1&#8243; custom_padding_last_edited=\u00bbon|desktop\u00bb admin_label=\u00bbFAQ\u00bb module_id=\u00bb10&#8243; _builder_version=\u00bb4.19.5&#8243; _module_preset=\u00bbdefault\u00bb background_color=\u00bbrgba(41,196,169,0.11)\u00bb background_image=\u00bbhttps:\/\/enfermeriayvacunas.es\/buscador-faq\/wp-content\/uploads\/2023\/01\/therapy-51-1.png\u00bb background_size=\u00bbcontain\u00bb background_position=\u00bbtop_center\u00bb background_vertical_offset=\u00bb0%\u00bb custom_padding=\u00bb0vw||||false|false\u00bb custom_padding_tablet=\u00bb||||false|false\u00bb custom_padding_phone=\u00bb||||false|false\u00bb top_divider_flip=\u00bbhorizontal\u00bb link_option_url=\u00bb#RECO\u00bb da_popup_slug=\u00bb10&#8243; da_disable_devices=\u00bboff|off|off\u00bb collapsed=\u00bboff\u00bb global_colors_info=\u00bb{}\u00bb da_is_popup=\u00bboff\u00bb da_exit_intent=\u00bboff\u00bb da_has_close=\u00bbon\u00bb da_alt_close=\u00bboff\u00bb da_dark_close=\u00bboff\u00bb da_not_modal=\u00bbon\u00bb da_is_singular=\u00bboff\u00bb da_with_loader=\u00bboff\u00bb da_has_shadow=\u00bbon\u00bb][et_pb_row _builder_version=\u00bb4.20.0&#8243; _module_preset=\u00bbdefault\u00bb custom_margin=\u00bb||0px||false|false\u00bb custom_padding=\u00bb||0px||false|false\u00bb global_colors_info=\u00bb{}\u00bb][et_pb_column type=\u00bb4_4&#8243; _builder_version=\u00bb4.19.5&#8243; _module_preset=\u00bbdefault\u00bb global_colors_info=\u00bb{}\u00bb][dsm_text_divider header=\u00bbResumen de Vacunaci\u00f3n en pacientes con enfermedades cr\u00f3nicas \u00bb color=\u00bb#E09900&#8243; module_id=\u00bbexplicacion\u00bb _builder_version=\u00bb4.20.0&#8243; _module_preset=\u00bbdefault\u00bb header_font_size=\u00bb34px\u00bb global_colors_info=\u00bb{}\u00bb][\/dsm_text_divider][et_pb_text module_id=\u00bb21&#8243; _builder_version=\u00bb4.20.0&#8243; _module_preset=\u00bbdefault\u00bb text_font_size=\u00bb16px\u00bb background_color=\u00bb#FFFFFF\u00bb custom_margin=\u00bb||||false|false\u00bb custom_padding=\u00bb25px|25px|25px|25px|true|true\u00bb border_radii=\u00bbon|6px|6px|6px|6px\u00bb box_shadow_style=\u00bbpreset2&#8243; global_colors_info=\u00bb{}\u00bb]<\/p>\n<h3 style=\"text-align: justify;\"><strong>Tabla resumen<\/strong><\/h3>\n<p><strong><\/strong><\/p>\n<p><img loading=\"lazy\" decoding=\"async\" src=\"https:\/\/enfermeriayvacunas.es\/buscador-faq\/wp-content\/uploads\/2023\/03\/resumenVAC.png\" width=\"803\" height=\"638\" alt=\"\" class=\"wp-image-1147 alignnone size-full\" style=\"display: block; margin-left: auto; margin-right: auto;\" srcset=\"https:\/\/enfermeriayvacunas.es\/buscador-faq\/wp-content\/uploads\/2023\/03\/resumenVAC.png 803w, https:\/\/enfermeriayvacunas.es\/buscador-faq\/wp-content\/uploads\/2023\/03\/resumenVAC-480x381.png 480w\" sizes=\"(min-width: 0px) and (max-width: 480px) 480px, (min-width: 481px) 803px, 100vw\" \/><\/p>\n<p>&nbsp;<\/p>\n<p>[\/et_pb_text][\/et_pb_column][\/et_pb_row][et_pb_row column_structure=\u00bb1_3,1_3,1_3&#8243; _builder_version=\u00bb4.19.5&#8243; _module_preset=\u00bbdefault\u00bb global_colors_info=\u00bb{}\u00bb][et_pb_column type=\u00bb1_3&#8243; _builder_version=\u00bb4.19.4&#8243; _module_preset=\u00bbdefault\u00bb global_colors_info=\u00bb{}\u00bb][et_pb_cta title=\u00bbGRIPE\u00bb button_url=\u00bb#1&#8243; button_text=\u00bbEXPLICACI\u00d3N\u00bb _builder_version=\u00bb4.20.0&#8243; _module_preset=\u00bbdefault\u00bb header_text_color=\u00bb#FFFFFF\u00bb background_enable_color=\u00bboff\u00bb use_background_color_gradient=\u00bbon\u00bb background_color_gradient_stops=\u00bb#05a29b 0%|rgba(41,196,169,0.39) 100%\u00bb custom_button=\u00bbon\u00bb button_text_color=\u00bb#FFFFFF\u00bb button_bg_color=\u00bb#00857C\u00bb border_color_all=\u00bb#fca800&#8243; border_width_top=\u00bb4px\u00bb global_colors_info=\u00bb{}\u00bb][\/et_pb_cta][\/et_pb_column][et_pb_column type=\u00bb1_3&#8243; _builder_version=\u00bb4.19.4&#8243; _module_preset=\u00bbdefault\u00bb global_colors_info=\u00bb{}\u00bb][et_pb_cta title=\u00bbHepatitis B en EIC\u00bb button_url=\u00bb#5&#8243; button_text=\u00bbEXPLICACI\u00d3N\u00bb _builder_version=\u00bb4.20.0&#8243; _module_preset=\u00bbdefault\u00bb header_font=\u00bb|||on|||||\u00bb header_text_color=\u00bb#FFFFFF\u00bb background_enable_color=\u00bboff\u00bb use_background_color_gradient=\u00bbon\u00bb background_color_gradient_stops=\u00bb#05a29b 0%|rgba(41,196,169,0.39) 100%\u00bb custom_button=\u00bbon\u00bb button_text_color=\u00bb#FFFFFF\u00bb button_bg_color=\u00bb#00857C\u00bb border_width_left=\u00bb4px\u00bb border_color_left=\u00bb#E09900&#8243; global_colors_info=\u00bb{}\u00bb][\/et_pb_cta][\/et_pb_column][et_pb_column type=\u00bb1_3&#8243; _builder_version=\u00bb4.19.4&#8243; _module_preset=\u00bbdefault\u00bb global_colors_info=\u00bb{}\u00bb][et_pb_cta title=\u00bbNEUMOCOCO EN EIC\u00bb button_url=\u00bb#4&#8243; button_text=\u00bbEXPLICACI\u00d3N\u00bb _builder_version=\u00bb4.20.0&#8243; _module_preset=\u00bbdefault\u00bb header_text_color=\u00bb#FFFFFF\u00bb background_enable_color=\u00bboff\u00bb use_background_color_gradient=\u00bbon\u00bb background_color_gradient_stops=\u00bb#05a29b 0%|rgba(41,196,169,0.39) 100%\u00bb custom_button=\u00bbon\u00bb button_text_color=\u00bb#FFFFFF\u00bb button_bg_color=\u00bb#00857C\u00bb border_width_bottom=\u00bb4px\u00bb border_color_bottom=\u00bb#E09900&#8243; global_colors_info=\u00bb{}\u00bb][\/et_pb_cta][\/et_pb_column][\/et_pb_row][et_pb_row column_structure=\u00bb1_3,1_3,1_3&#8243; _builder_version=\u00bb4.19.5&#8243; _module_preset=\u00bbdefault\u00bb global_colors_info=\u00bb{}\u00bb][et_pb_column type=\u00bb1_3&#8243; _builder_version=\u00bb4.19.4&#8243; _module_preset=\u00bbdefault\u00bb global_colors_info=\u00bb{}\u00bb][et_pb_cta title=\u00bbHepatitis B en enfermedad cel\u00edaca\u00bb button_url=\u00bb#6&#8243; button_text=\u00bbEXPLICACI\u00d3N\u00bb _builder_version=\u00bb4.20.0&#8243; _module_preset=\u00bbdefault\u00bb header_font=\u00bb|||on|||||\u00bb header_text_color=\u00bb#FFFFFF\u00bb background_enable_color=\u00bboff\u00bb use_background_color_gradient=\u00bbon\u00bb background_color_gradient_stops=\u00bb#05a29b 0%|rgba(41,196,169,0.39) 100%\u00bb custom_button=\u00bbon\u00bb button_text_color=\u00bb#FFFFFF\u00bb button_bg_color=\u00bb#00857C\u00bb hover_enabled=\u00bb0&#8243; border_color_all=\u00bb#fca800&#8243; border_width_left=\u00bb4px\u00bb border_color_left=\u00bb#E09900&#8243; global_colors_info=\u00bb{}\u00bb sticky_enabled=\u00bb0&#8243;][\/et_pb_cta][\/et_pb_column][et_pb_column type=\u00bb1_3&#8243; _builder_version=\u00bb4.19.4&#8243; _module_preset=\u00bbdefault\u00bb global_colors_info=\u00bb{}\u00bb][et_pb_cta title=\u00bbHepatitis B en nefropat\u00edas\u00bb button_url=\u00bb#3&#8243; button_text=\u00bbEXPLICACI\u00d3N\u00bb _builder_version=\u00bb4.20.0&#8243; _module_preset=\u00bbdefault\u00bb header_font=\u00bb|||on|||||\u00bb header_text_color=\u00bb#FFFFFF\u00bb background_enable_color=\u00bboff\u00bb use_background_color_gradient=\u00bbon\u00bb background_color_gradient_stops=\u00bb#05a29b 0%|rgba(41,196,169,0.39) 100%\u00bb custom_button=\u00bbon\u00bb button_text_color=\u00bb#FFFFFF\u00bb button_bg_color=\u00bb#00857C\u00bb hover_enabled=\u00bb0&#8243; border_width_bottom=\u00bb4px\u00bb border_color_bottom=\u00bb#E09900&#8243; global_colors_info=\u00bb{}\u00bb sticky_enabled=\u00bb0&#8243; custom_margin=\u00bb0px||||false|false\u00bb custom_padding=\u00bb50px||50px||true|false\u00bb][\/et_pb_cta][\/et_pb_column][et_pb_column type=\u00bb1_3&#8243; _builder_version=\u00bb4.19.4&#8243; _module_preset=\u00bbdefault\u00bb global_colors_info=\u00bb{}\u00bb][et_pb_cta title=\u00bbEnfermedad neumoc\u00f3cica invasora\u00bb button_url=\u00bb#2&#8243; button_text=\u00bbEXPLICACI\u00d3N\u00bb _builder_version=\u00bb4.20.0&#8243; _module_preset=\u00bbdefault\u00bb header_font=\u00bb|||on|||||\u00bb header_text_color=\u00bb#FFFFFF\u00bb background_enable_color=\u00bboff\u00bb use_background_color_gradient=\u00bbon\u00bb background_color_gradient_stops=\u00bb#05a29b 0%|rgba(41,196,169,0.39) 100%\u00bb custom_button=\u00bbon\u00bb button_text_color=\u00bb#FFFFFF\u00bb button_bg_color=\u00bb#00857C\u00bb border_width_left=\u00bb4px\u00bb border_color_left=\u00bb#E09900&#8243; global_colors_info=\u00bb{}\u00bb][\/et_pb_cta][\/et_pb_column][\/et_pb_row][\/et_pb_section][et_pb_section fb_built=\u00bb1&#8243; custom_padding_last_edited=\u00bbon|desktop\u00bb admin_label=\u00bbFooter\u00bb _builder_version=\u00bb4.19.5&#8243; _module_preset=\u00bbdefault\u00bb background_color=\u00bb#2E5B61&#8243; background_enable_image=\u00bboff\u00bb background_size=\u00bbcontain\u00bb background_position=\u00bbtop_center\u00bb background_vertical_offset=\u00bb0%\u00bb custom_padding=\u00bb10vw||||false|false\u00bb custom_padding_tablet=\u00bb||||false|false\u00bb custom_padding_phone=\u00bb||||false|false\u00bb top_divider_height=\u00bb148px\u00bb top_divider_repeat=\u00bb1x\u00bb da_disable_devices=\u00bboff|off|off\u00bb saved_tabs=\u00bball\u00bb collapsed=\u00bboff\u00bb global_colors_info=\u00bb{}\u00bb da_is_popup=\u00bboff\u00bb da_exit_intent=\u00bboff\u00bb da_has_close=\u00bbon\u00bb da_alt_close=\u00bboff\u00bb da_dark_close=\u00bboff\u00bb da_not_modal=\u00bbon\u00bb da_is_singular=\u00bboff\u00bb da_with_loader=\u00bboff\u00bb da_has_shadow=\u00bbon\u00bb][\/et_pb_section][et_pb_section fb_built=\u00bb1&#8243; admin_label=\u00bbPopup &#8211; #1&#8243; module_id=\u00bb1&#8243; module_class=\u00bbpopup close-alt dark with-loader\u00bb _builder_version=\u00bb4.19.5&#8243; _module_preset=\u00bbdefault\u00bb background_color=\u00bbrgba(37,163,156,0.34)\u00bb width=\u00bb66%\u00bb max_width=\u00bb66%\u00bb da_is_popup=\u00bbon\u00bb da_popup_slug=\u00bb1&#8243; da_dark_close=\u00bbon\u00bb da_alt_close=\u00bbon\u00bb da_with_loader=\u00bbon\u00bb da_disable_devices=\u00bboff|off|off\u00bb global_colors_info=\u00bb{}\u00bb da_exit_intent=\u00bboff\u00bb da_has_close=\u00bbon\u00bb da_not_modal=\u00bbon\u00bb da_is_singular=\u00bboff\u00bb da_has_shadow=\u00bbon\u00bb][et_pb_row _builder_version=\u00bb4.19.5&#8243; _module_preset=\u00bbdefault\u00bb global_colors_info=\u00bb{}\u00bb][et_pb_column type=\u00bb4_4&#8243; _builder_version=\u00bb4.19.5&#8243; _module_preset=\u00bbdefault\u00bb global_colors_info=\u00bb{}\u00bb][et_pb_text module_id=\u00bb1&#8243; _builder_version=\u00bb4.20.0&#8243; _module_preset=\u00bbdefault\u00bb link_font=\u00bb||||on||||\u00bb link_text_color=\u00bb#00857C\u00bb header_2_text_color=\u00bb#00857C\u00bb background_color=\u00bb#FFFFFF\u00bb custom_margin=\u00bb||||true|false\u00bb custom_padding=\u00bb20px|20px|20px|20px|true|true\u00bb border_radii=\u00bbon|6px|6px|6px|6px\u00bb border_width_left=\u00bb5px\u00bb border_color_left=\u00bb#05A29B\u00bb box_shadow_style=\u00bbpreset2&#8243; global_colors_info=\u00bb{}\u00bb]<\/p>\n<h2 style=\"text-align: center;\"><strong>GRIPE<\/strong><\/h2>\n<p style=\"text-align: justify;\"><span>Vacunas inactivadas (i.m) a partir de los 6 meses. 6 meses \u2013 8 a\u00f1os: Una o ninguna dosis de vacuna con anterioridad: 2 dosis, separadas al menos 4 semanas. Vacunaci\u00f3n con anterioridad: 1 dosis anual &gt;8 a\u00f1os y personas adultas: Una dosis anual.<\/span><\/p>\n<p>[\/et_pb_text][\/et_pb_column][\/et_pb_row][\/et_pb_section][et_pb_section fb_built=\u00bb1&#8243; admin_label=\u00bbPopup &#8211; #2&#8243; module_id=\u00bb2&#8243; module_class=\u00bbpopup close-alt dark with-loader\u00bb _builder_version=\u00bb4.20.0&#8243; _module_preset=\u00bbdefault\u00bb background_color=\u00bbrgba(37,163,156,0.34)\u00bb width=\u00bb66%\u00bb max_width=\u00bb66%\u00bb da_is_popup=\u00bbon\u00bb da_popup_slug=\u00bb2&#8243; da_dark_close=\u00bbon\u00bb da_alt_close=\u00bbon\u00bb da_with_loader=\u00bbon\u00bb da_disable_devices=\u00bboff|off|off\u00bb global_colors_info=\u00bb{}\u00bb da_exit_intent=\u00bboff\u00bb da_has_close=\u00bbon\u00bb da_not_modal=\u00bbon\u00bb da_is_singular=\u00bboff\u00bb da_has_shadow=\u00bbon\u00bb][et_pb_row _builder_version=\u00bb4.19.5&#8243; _module_preset=\u00bbdefault\u00bb global_colors_info=\u00bb{}\u00bb][et_pb_column type=\u00bb4_4&#8243; _builder_version=\u00bb4.19.5&#8243; _module_preset=\u00bbdefault\u00bb global_colors_info=\u00bb{}\u00bb][et_pb_text module_id=\u00bb1&#8243; _builder_version=\u00bb4.20.0&#8243; _module_preset=\u00bbdefault\u00bb link_font=\u00bb||||on||||\u00bb link_text_color=\u00bb#00857C\u00bb header_font=\u00bb||||||||\u00bb header_2_font=\u00bb|||on|||||\u00bb header_2_text_color=\u00bb#00857C\u00bb background_color=\u00bb#FFFFFF\u00bb custom_margin=\u00bb||||true|false\u00bb custom_padding=\u00bb20px|20px|20px|20px|true|true\u00bb border_radii=\u00bbon|6px|6px|6px|6px\u00bb border_width_left=\u00bb5px\u00bb border_color_left=\u00bb#05A29B\u00bb box_shadow_style=\u00bbpreset2&#8243; global_colors_info=\u00bb{}\u00bb]<\/p>\n<h2 style=\"text-align: center;\"><strong>Enfermedad neumoc\u00f3cica invasora<\/strong><\/h2>\n<p style=\"text-align: justify;\"><strong><em>VNC<\/em><\/strong><span>, vacuna conjugada \u2013&gt; &lt;12 meses: seg\u00fan calendario (2, 4 y 11 meses); Menores&gt;12 meses sin vacunaci\u00f3n previa con VNC: dos dosis con intervalo de 8 semanas entre dosis; &gt;5 a\u00f1os, personas adultas y mayores de 65 a\u00f1os: una dosis de VNC13.\u00a0<\/span><strong><em>VNP23<\/em><\/strong><span>, vacuna polisac\u00e1rida. Una dosis. Se administrar\u00e1 una dosis de recuerdo con VNP23 al menos 5 a\u00f1os despu\u00e9s. &gt;65 a\u00f1os: una dosis VNP23, siempre que hayan transcurrido 5 a\u00f1os si se ha administrado alguna dosis anterior.\u00a0<\/span><strong><em>Pauta secuencial (VNC+VNP23)<\/em><\/strong><span>: Una dosis de VNC (en mayores de 5 a\u00f1os ser\u00e1 VNC13), seguida de una dosis de VNP23, con un intervalo de 12 meses y m\u00ednimo de 8 semanas. Si la persona ha recibido alguna dosis de VNP23, se recomienda la administraci\u00f3n de una dosis de VNC13, con un intervalo m\u00ednimo de 12 meses entre ambas. Tambi\u00e9n se recomienda una segunda dosis de VNP23 a los 5 a\u00f1os de la primera.<\/span><\/p>\n<p>[\/et_pb_text][\/et_pb_column][\/et_pb_row][\/et_pb_section][et_pb_section fb_built=\u00bb1&#8243; admin_label=\u00bbPopup &#8211; #3&#8243; module_id=\u00bb3&#8243; module_class=\u00bbpopup close-alt dark with-loader\u00bb _builder_version=\u00bb4.20.0&#8243; _module_preset=\u00bbdefault\u00bb background_color=\u00bbrgba(37,163,156,0.34)\u00bb width=\u00bb66%\u00bb max_width=\u00bb66%\u00bb da_is_popup=\u00bbon\u00bb da_popup_slug=\u00bb3&#8243; da_dark_close=\u00bbon\u00bb da_alt_close=\u00bbon\u00bb da_with_loader=\u00bbon\u00bb da_disable_devices=\u00bboff|off|off\u00bb global_colors_info=\u00bb{}\u00bb da_exit_intent=\u00bboff\u00bb da_has_close=\u00bbon\u00bb da_not_modal=\u00bbon\u00bb da_is_singular=\u00bboff\u00bb da_has_shadow=\u00bbon\u00bb][et_pb_row _builder_version=\u00bb4.19.5&#8243; _module_preset=\u00bbdefault\u00bb global_colors_info=\u00bb{}\u00bb][et_pb_column type=\u00bb4_4&#8243; _builder_version=\u00bb4.19.5&#8243; _module_preset=\u00bbdefault\u00bb global_colors_info=\u00bb{}\u00bb][et_pb_text module_id=\u00bb1&#8243; _builder_version=\u00bb4.20.0&#8243; _module_preset=\u00bbdefault\u00bb link_font=\u00bb||||on||||\u00bb link_text_color=\u00bb#00857C\u00bb header_font=\u00bb||||||||\u00bb header_2_font=\u00bb|||on|||||\u00bb header_2_text_color=\u00bb#00857C\u00bb background_color=\u00bb#FFFFFF\u00bb custom_margin=\u00bb||||true|false\u00bb custom_padding=\u00bb20px|20px|20px|20px|true|true\u00bb border_radii=\u00bbon|6px|6px|6px|6px\u00bb border_width_left=\u00bb5px\u00bb border_color_left=\u00bb#05A29B\u00bb box_shadow_style=\u00bbpreset2&#8243; global_colors_info=\u00bb{}\u00bb]<\/p>\n<h2 style=\"text-align: center;\"><strong>Hepatitis B en nefropat\u00edas<\/strong><\/h2>\n<p style=\"text-align: justify;\"><span>Edad &lt;12 meses: seg\u00fan calendario. Personas vacunadas previamente: Es necesario realizar seguimiento serologico. No respondedores, en caso de una exposici\u00f3n a VHB, deber\u00e1n recibir inmunoglobulina espec\u00edfica antihepatitis B. Inicio enfermedad: vacunaci\u00f3n est\u00e1ndar. En di\u00e1lisis y predi\u00e1lisis &lt;15 a\u00f1os: vacuna con 20 \u03bcg de AgHBs (pauta 0, 1, 6 meses). En di\u00e1lisis y predi\u00e1lisis \u226515 a\u00f1os: vacuna con 20 \u03bcg de AgHBs y adyuvante, pauta 0, 1, 2, 6 meses o vacuna de 40 \u03bcg de AgHBs, pauta 0, 1, 6 meses.<\/span><\/p>\n<p>[\/et_pb_text][\/et_pb_column][\/et_pb_row][\/et_pb_section][et_pb_section fb_built=\u00bb1&#8243; admin_label=\u00bbPopup &#8211; #4&#8243; module_id=\u00bb4&#8243; module_class=\u00bbpopup close-alt dark with-loader\u00bb _builder_version=\u00bb4.20.0&#8243; _module_preset=\u00bbdefault\u00bb background_color=\u00bbrgba(37,163,156,0.34)\u00bb width=\u00bb66%\u00bb max_width=\u00bb66%\u00bb da_is_popup=\u00bbon\u00bb da_popup_slug=\u00bb4&#8243; da_dark_close=\u00bbon\u00bb da_alt_close=\u00bbon\u00bb da_with_loader=\u00bbon\u00bb da_disable_devices=\u00bboff|off|off\u00bb global_colors_info=\u00bb{}\u00bb da_exit_intent=\u00bboff\u00bb da_has_close=\u00bbon\u00bb da_not_modal=\u00bbon\u00bb da_is_singular=\u00bboff\u00bb da_has_shadow=\u00bbon\u00bb][et_pb_row _builder_version=\u00bb4.19.5&#8243; _module_preset=\u00bbdefault\u00bb global_colors_info=\u00bb{}\u00bb][et_pb_column type=\u00bb4_4&#8243; _builder_version=\u00bb4.19.5&#8243; _module_preset=\u00bbdefault\u00bb global_colors_info=\u00bb{}\u00bb][et_pb_text module_id=\u00bb1&#8243; _builder_version=\u00bb4.20.0&#8243; _module_preset=\u00bbdefault\u00bb link_font=\u00bb||||on||||\u00bb link_text_color=\u00bb#00857C\u00bb header_font=\u00bb||||||||\u00bb header_2_font=\u00bb|||on|||||\u00bb header_2_text_color=\u00bb#00857C\u00bb background_color=\u00bb#FFFFFF\u00bb custom_margin=\u00bb||||true|false\u00bb custom_padding=\u00bb20px|20px|20px|20px|true|true\u00bb border_radii=\u00bbon|6px|6px|6px|6px\u00bb border_width_left=\u00bb5px\u00bb border_color_left=\u00bb#05A29B\u00bb box_shadow_style=\u00bbpreset2&#8243; global_colors_info=\u00bb{}\u00bb]<\/p>\n<h2 style=\"text-align: center;\"><strong>Neumococo en EIC<\/strong><\/h2>\n<p style=\"text-align: justify;\"><span>VNC13 seguida de VNP23 si inmunosupresi\u00f3n terap\u00e9utica.<\/span><\/p>\n<p>[\/et_pb_text][\/et_pb_column][\/et_pb_row][\/et_pb_section][et_pb_section fb_built=\u00bb1&#8243; admin_label=\u00bbPopup &#8211; #5&#8243; module_id=\u00bb5&#8243; module_class=\u00bbpopup close-alt dark with-loader\u00bb _builder_version=\u00bb4.20.0&#8243; _module_preset=\u00bbdefault\u00bb background_color=\u00bbrgba(37,163,156,0.34)\u00bb width=\u00bb66%\u00bb max_width=\u00bb66%\u00bb da_is_popup=\u00bbon\u00bb da_popup_slug=\u00bb5&#8243; da_dark_close=\u00bbon\u00bb da_alt_close=\u00bbon\u00bb da_with_loader=\u00bbon\u00bb da_disable_devices=\u00bboff|off|off\u00bb global_colors_info=\u00bb{}\u00bb da_exit_intent=\u00bboff\u00bb da_has_close=\u00bbon\u00bb da_not_modal=\u00bbon\u00bb da_is_singular=\u00bboff\u00bb da_has_shadow=\u00bbon\u00bb][et_pb_row _builder_version=\u00bb4.19.5&#8243; _module_preset=\u00bbdefault\u00bb global_colors_info=\u00bb{}\u00bb][et_pb_column type=\u00bb4_4&#8243; _builder_version=\u00bb4.19.5&#8243; _module_preset=\u00bbdefault\u00bb global_colors_info=\u00bb{}\u00bb][et_pb_text module_id=\u00bb1&#8243; _builder_version=\u00bb4.20.0&#8243; _module_preset=\u00bbdefault\u00bb link_font=\u00bb||||on||||\u00bb link_text_color=\u00bb#00857C\u00bb header_font=\u00bb||||||||\u00bb header_2_font=\u00bb|||on|||||\u00bb header_2_text_color=\u00bb#00857C\u00bb background_color=\u00bb#FFFFFF\u00bb custom_margin=\u00bb||||true|false\u00bb custom_padding=\u00bb20px|20px|20px|20px|true|true\u00bb border_radii=\u00bbon|6px|6px|6px|6px\u00bb border_width_left=\u00bb5px\u00bb border_color_left=\u00bb#05A29B\u00bb box_shadow_style=\u00bbpreset2&#8243; global_colors_info=\u00bb{}\u00bb]<\/p>\n<h2 style=\"text-align: center;\"><strong>Hepatitis B en EIC<\/strong><\/h2>\n<p style=\"text-align: justify;\"><span>Se administrar\u00e1 a los pacientes susceptibles con riesgo elevado de exposici\u00f3n (sexual, personas que se inyectan drogas, contacto de portador de AgHBs, infecci\u00f3n con VIH o VHC, hepatopat\u00edas cr\u00f3nicas, TOS\/TPH, recepci\u00f3n de hemoderivados o personal sanitario con riesgo ocupacional). Realizar marcadores (anti-HBc, anti-HBs, AgHBs) para confirmar susceptibilidad antes de indicar la vacunaci\u00f3n.<\/span><\/p>\n<p>[\/et_pb_text][\/et_pb_column][\/et_pb_row][\/et_pb_section][et_pb_section fb_built=\u00bb1&#8243; admin_label=\u00bbPopup &#8211; #6&#8243; module_id=\u00bb6&#8243; module_class=\u00bbpopup close-alt dark with-loader\u00bb _builder_version=\u00bb4.20.0&#8243; _module_preset=\u00bbdefault\u00bb background_color=\u00bbrgba(37,163,156,0.34)\u00bb width=\u00bb66%\u00bb max_width=\u00bb66%\u00bb da_is_popup=\u00bbon\u00bb da_popup_slug=\u00bb6&#8243; da_dark_close=\u00bbon\u00bb da_alt_close=\u00bbon\u00bb da_with_loader=\u00bbon\u00bb da_disable_devices=\u00bboff|off|off\u00bb global_colors_info=\u00bb{}\u00bb da_exit_intent=\u00bboff\u00bb da_has_close=\u00bbon\u00bb da_not_modal=\u00bbon\u00bb da_is_singular=\u00bboff\u00bb da_has_shadow=\u00bbon\u00bb][et_pb_row _builder_version=\u00bb4.19.5&#8243; _module_preset=\u00bbdefault\u00bb global_colors_info=\u00bb{}\u00bb][et_pb_column type=\u00bb4_4&#8243; _builder_version=\u00bb4.19.5&#8243; _module_preset=\u00bbdefault\u00bb global_colors_info=\u00bb{}\u00bb][et_pb_text module_id=\u00bb1&#8243; _builder_version=\u00bb4.20.0&#8243; _module_preset=\u00bbdefault\u00bb link_font=\u00bb||||on||||\u00bb link_text_color=\u00bb#00857C\u00bb header_font=\u00bb||||||||\u00bb header_2_font=\u00bb|||on|||||\u00bb header_2_text_color=\u00bb#00857C\u00bb background_color=\u00bb#FFFFFF\u00bb custom_margin=\u00bb||||true|false\u00bb custom_padding=\u00bb20px|20px|20px|20px|true|true\u00bb border_radii=\u00bbon|6px|6px|6px|6px\u00bb border_width_left=\u00bb5px\u00bb border_color_left=\u00bb#05A29B\u00bb box_shadow_style=\u00bbpreset2&#8243; global_colors_info=\u00bb{}\u00bb]<\/p>\n<h2 style=\"text-align: center;\"><strong>Hepatitis B en enfermedad cel\u00edaca<\/strong><\/h2>\n<p style=\"text-align: justify;\"><span>Realizar serolog\u00eda (anti-HBs) 4-8 semanas tras la vacunaci\u00f3n en menores seg\u00fan calendario de vacunaci\u00f3n, para valorar administraci\u00f3n de dosis de recuerdo. En edad adulta, no es necesaria la vacunaci\u00f3n si buen control diet\u00e9tico y sin asociaci\u00f3n de enfermedad autoinmune o maligna.<\/span><\/p>\n<p>[\/et_pb_text][\/et_pb_column][\/et_pb_row][\/et_pb_section]<\/p>\n","protected":false},"excerpt":{"rendered":"<p>Enfermedades cardiovasculares y respiratorias cr\u00f3nicasResumen de Vacunaci\u00f3n en pacientes con enfermedades cr\u00f3nicas\u00a0<div id=\"explicacion\" class=\"et_pb_module dsm_text_divider dsm_text_divider_0\">\n\t\t\t\t\n\t\t\t\t\n\t\t\t\t\n\t\t\t\t\n\t\t\t\t\n\t\t\t\t\n\t\t\t\t<div class=\"et_pb_module_inner\">\n\t\t\t\t\t<div id=\"explicacion\" class=\"dsm-text-divider-wrapper dsm-text-divider-align-center et_pb_bg_layout_light\">\n\t\t\t\t\n\t\t\t\t\n\t\t\t\t<div class=\"dsm-text-divider-before dsm-divider\"><\/div>\n\t\t\t\t<h3 class=\"dsm-text-divider-header et_pb_module_header\"><span>Resumen de Vacunaci\u00f3n en pacientes con enfermedades cr\u00f3nicas <\/span><\/h3>\n\t\t\t\t<div class=\"dsm-text-divider-after dsm-divider\"><\/div>\n\t\t\t<\/div>\n\t\t\t\t<\/div>\n\t\t\t<\/div>Tabla resumen &nbsp;GRIPE Vacunas inactivadas (i.m) a partir de los 6 meses. 6 meses \u2013 8 a\u00f1os: Una o ninguna dosis de vacuna con anterioridad: 2 dosis, separadas al [&hellip;]<\/p>\n","protected":false},"author":2,"featured_media":0,"parent":0,"menu_order":0,"comment_status":"closed","ping_status":"closed","template":"","meta":{"_et_pb_use_builder":"on","_et_pb_old_content":"","_et_gb_content_width":"1389","footnotes":""},"class_list":["post-1107","page","type-page","status-publish","hentry"],"_links":{"self":[{"href":"https:\/\/enfermeriayvacunas.es\/buscador-faq\/wp-json\/wp\/v2\/pages\/1107","targetHints":{"allow":["GET"]}}],"collection":[{"href":"https:\/\/enfermeriayvacunas.es\/buscador-faq\/wp-json\/wp\/v2\/pages"}],"about":[{"href":"https:\/\/enfermeriayvacunas.es\/buscador-faq\/wp-json\/wp\/v2\/types\/page"}],"author":[{"embeddable":true,"href":"https:\/\/enfermeriayvacunas.es\/buscador-faq\/wp-json\/wp\/v2\/users\/2"}],"replies":[{"embeddable":true,"href":"https:\/\/enfermeriayvacunas.es\/buscador-faq\/wp-json\/wp\/v2\/comments?post=1107"}],"version-history":[{"count":13,"href":"https:\/\/enfermeriayvacunas.es\/buscador-faq\/wp-json\/wp\/v2\/pages\/1107\/revisions"}],"predecessor-version":[{"id":1264,"href":"https:\/\/enfermeriayvacunas.es\/buscador-faq\/wp-json\/wp\/v2\/pages\/1107\/revisions\/1264"}],"wp:attachment":[{"href":"https:\/\/enfermeriayvacunas.es\/buscador-faq\/wp-json\/wp\/v2\/media?parent=1107"}],"curies":[{"name":"wp","href":"https:\/\/api.w.org\/{rel}","templated":true}]}}