{"id":1054,"date":"2023-03-03T11:09:20","date_gmt":"2023-03-03T10:09:20","guid":{"rendered":"https:\/\/enfermeriayvacunas.es\/buscador-faq\/?page_id=1054"},"modified":"2023-03-13T12:01:05","modified_gmt":"2023-03-13T11:01:05","slug":"enfermedades-neurologicas-y-neuromusculares-graves","status":"publish","type":"page","link":"https:\/\/enfermeriayvacunas.es\/buscador-faq\/enfermedades-neurologicas-y-neuromusculares-graves\/","title":{"rendered":"Enfermedades neurol\u00f3gicas y neuromusculares graves"},"content":{"rendered":"<p>[et_pb_section fb_built=\u00bb1&#8243; admin_label=\u00bbHeader\u00bb _builder_version=\u00bb4.19.5&#8243; _module_preset=\u00bbdefault\u00bb use_background_color_gradient=\u00bbon\u00bb background_color_gradient_stops=\u00bb#2e5b61 25%|rgba(46,91,97,0) 100%\u00bb background_color_gradient_overlays_image=\u00bbon\u00bb background_image=\u00bbhttps:\/\/enfermeriayvacunas.es\/buscador-faq\/wp-content\/uploads\/2023\/01\/therapy-22.jpg\u00bb background_position=\u00bbtop_center\u00bb background_vertical_offset=\u00bb0%\u00bb custom_margin=\u00bb150px||||false|false\u00bb custom_padding=\u00bb||16vw||false|false\u00bb da_disable_devices=\u00bboff|off|off\u00bb collapsed=\u00bboff\u00bb global_colors_info=\u00bb{}\u00bb da_is_popup=\u00bboff\u00bb da_exit_intent=\u00bboff\u00bb da_has_close=\u00bbon\u00bb da_alt_close=\u00bboff\u00bb da_dark_close=\u00bboff\u00bb da_not_modal=\u00bbon\u00bb da_is_singular=\u00bboff\u00bb da_with_loader=\u00bboff\u00bb da_has_shadow=\u00bbon\u00bb][et_pb_row _builder_version=\u00bb4.17.3&#8243; _module_preset=\u00bbdefault\u00bb width=\u00bb70%\u00bb width_tablet=\u00bb80%\u00bb width_phone=\u00bb80%\u00bb width_last_edited=\u00bbon|tablet\u00bb custom_padding=\u00bb10px|||||\u00bb global_colors_info=\u00bb{}\u00bb][et_pb_column type=\u00bb4_4&#8243; _builder_version=\u00bb4.17.1&#8243; _module_preset=\u00bbdefault\u00bb global_colors_info=\u00bb{}\u00bb][et_pb_text _builder_version=\u00bb4.20.0&#8243; _module_preset=\u00bbc16985e1-e0d6-4022-964d-e2bfc04fa633&#8243; header_font=\u00bbCormorant Garamond|700||on|||||\u00bb header_text_color=\u00bb#E1ECEA\u00bb header_font_size=\u00bb73px\u00bb header_line_height=\u00bb1.1em\u00bb text_orientation=\u00bbcenter\u00bb module_alignment=\u00bbcenter\u00bb custom_margin=\u00bb0px|0px|0px|0px|false|false\u00bb custom_padding=\u00bb0px|0px|0px|0px|false|false\u00bb header_font_size_tablet=\u00bb40px\u00bb header_font_size_phone=\u00bb24px\u00bb header_font_size_last_edited=\u00bbon|desktop\u00bb global_colors_info=\u00bb{}\u00bb]<\/p>\n<h1>Enfermedades neurol\u00f3gicas y neuromusculares graves<\/h1>\n<p>[\/et_pb_text][\/et_pb_column][\/et_pb_row][et_pb_row _builder_version=\u00bb4.19.5&#8243; _module_preset=\u00bbdefault\u00bb positioning=\u00bbabsolute\u00bb position_origin_a=\u00bbbottom_center\u00bb vertical_offset=\u00bb-1px\u00bb width=\u00bb100%\u00bb max_width=\u00bb100%\u00bb custom_padding=\u00bb||0px||false|false\u00bb global_colors_info=\u00bb{}\u00bb][et_pb_column type=\u00bb4_4&#8243; _builder_version=\u00bb4.17.3&#8243; _module_preset=\u00bbdefault\u00bb global_colors_info=\u00bb{}\u00bb][et_pb_image src=\u00bbhttps:\/\/enfermeriayvacunas.es\/buscador-faq\/wp-content\/uploads\/2023\/01\/therapy-17.png\u00bb title_text=\u00bbtherapy 17&#8243; force_fullwidth=\u00bbon\u00bb _builder_version=\u00bb4.19.5&#8243; _module_preset=\u00bbdefault\u00bb global_colors_info=\u00bb{}\u00bb][\/et_pb_image][\/et_pb_column][\/et_pb_row][\/et_pb_section][et_pb_section fb_built=\u00bb1&#8243; admin_label=\u00bbFAQ\u00bb _builder_version=\u00bb4.17.3&#8243; _module_preset=\u00bbdefault\u00bb top_divider_flip=\u00bbhorizontal\u00bb da_disable_devices=\u00bboff|off|off\u00bb collapsed=\u00bboff\u00bb global_colors_info=\u00bb{}\u00bb da_is_popup=\u00bboff\u00bb da_exit_intent=\u00bboff\u00bb da_has_close=\u00bbon\u00bb da_alt_close=\u00bboff\u00bb da_dark_close=\u00bboff\u00bb da_not_modal=\u00bbon\u00bb da_is_singular=\u00bboff\u00bb da_with_loader=\u00bboff\u00bb da_has_shadow=\u00bbon\u00bb][et_pb_row custom_padding_last_edited=\u00bbon|phone\u00bb _builder_version=\u00bb4.20.0&#8243; _module_preset=\u00bbdefault\u00bb use_background_color_gradient=\u00bbon\u00bb background_color_gradient_stops=\u00bb#e5e8f0 89%|rgba(229,232,240,0) 100%\u00bb custom_margin=\u00bb-17vw||||false|false\u00bb custom_margin_tablet=\u00bb-21vw||||false|false\u00bb custom_margin_phone=\u00bb||||false|false\u00bb custom_margin_last_edited=\u00bboff|desktop\u00bb custom_padding=\u00bb80px|80px|80px|80px|true|true\u00bb custom_padding_tablet=\u00bb30px|20px|30px|20px|true|true\u00bb custom_padding_phone=\u00bb20px|0px|20px|0px|true|true\u00bb global_colors_info=\u00bb{}\u00bb][et_pb_column type=\u00bb4_4&#8243; _builder_version=\u00bb4.17.3&#8243; _module_preset=\u00bbdefault\u00bb global_colors_info=\u00bb{}\u00bb][et_pb_text _builder_version=\u00bb4.20.0&#8243; _module_preset=\u00bbdefault\u00bb header_2_font=\u00bb|600|||||||\u00bb header_2_text_color=\u00bb#FFFFFF\u00bb header_2_font_size=\u00bb20px\u00bb background_color=\u00bb#05A29B\u00bb custom_margin=\u00bb||||true\u00bb custom_padding=\u00bb17px||10px|19px|false|false\u00bb link_option_url=\u00bb#explicacion\u00bb global_colors_info=\u00bb{}\u00bb]<\/p>\n<h2>Explicaci\u00f3n<\/h2>\n<p>[\/et_pb_text][et_pb_text _builder_version=\u00bb4.20.0&#8243; _module_preset=\u00bbdefault\u00bb header_2_font=\u00bb|600|||||||\u00bb header_2_text_color=\u00bb#FFFFFF\u00bb header_2_font_size=\u00bb20px\u00bb background_color=\u00bb#05A29B\u00bb custom_margin=\u00bb||||true\u00bb custom_padding=\u00bb17px||10px|19px|false|false\u00bb link_option_url=\u00bb#VI\u00bb global_colors_info=\u00bb{}\u00bb]<\/p>\n<h2>Recomendaciones espec\u00edficas de vacunaci\u00f3n<\/h2>\n<p>[\/et_pb_text][\/et_pb_column][\/et_pb_row][\/et_pb_section][et_pb_section fb_built=\u00bb1&#8243; custom_padding_last_edited=\u00bbon|desktop\u00bb admin_label=\u00bbFAQ\u00bb module_id=\u00bb10&#8243; _builder_version=\u00bb4.20.0&#8243; _module_preset=\u00bbdefault\u00bb background_color=\u00bbrgba(41,196,169,0.11)\u00bb background_image=\u00bbhttps:\/\/enfermeriayvacunas.es\/buscador-faq\/wp-content\/uploads\/2023\/01\/therapy-51-1.png\u00bb background_size=\u00bbcontain\u00bb background_position=\u00bbtop_center\u00bb background_vertical_offset=\u00bb0%\u00bb custom_padding=\u00bb0vw||||false|false\u00bb custom_padding_tablet=\u00bb||||false|false\u00bb custom_padding_phone=\u00bb||||false|false\u00bb top_divider_flip=\u00bbhorizontal\u00bb link_option_url=\u00bb#RECO\u00bb hover_enabled=\u00bb0&#8243; da_popup_slug=\u00bb10&#8243; da_disable_devices=\u00bboff|off|off\u00bb collapsed=\u00bboff\u00bb global_colors_info=\u00bb{}\u00bb sticky_enabled=\u00bb0&#8243; da_is_popup=\u00bboff\u00bb da_exit_intent=\u00bboff\u00bb da_has_close=\u00bbon\u00bb da_alt_close=\u00bboff\u00bb da_dark_close=\u00bboff\u00bb da_not_modal=\u00bbon\u00bb da_is_singular=\u00bboff\u00bb da_with_loader=\u00bboff\u00bb da_has_shadow=\u00bbon\u00bb][et_pb_row _builder_version=\u00bb4.20.0&#8243; _module_preset=\u00bbdefault\u00bb custom_margin=\u00bb||0px||false|false\u00bb custom_padding=\u00bb||0px||false|false\u00bb global_colors_info=\u00bb{}\u00bb][et_pb_column type=\u00bb4_4&#8243; _builder_version=\u00bb4.19.5&#8243; _module_preset=\u00bbdefault\u00bb global_colors_info=\u00bb{}\u00bb][dsm_text_divider header=\u00bbExplicaci\u00f3n\u00bb color=\u00bb#E09900&#8243; module_id=\u00bbexplicacion\u00bb _builder_version=\u00bb4.20.0&#8243; _module_preset=\u00bbdefault\u00bb header_font_size=\u00bb34px\u00bb hover_enabled=\u00bb0&#8243; global_colors_info=\u00bb{}\u00bb sticky_enabled=\u00bb0&#8243;][\/dsm_text_divider][et_pb_text module_id=\u00bb21&#8243; _builder_version=\u00bb4.20.0&#8243; _module_preset=\u00bbdefault\u00bb text_font_size=\u00bb16px\u00bb background_color=\u00bb#FFFFFF\u00bb custom_margin=\u00bb||||false|false\u00bb custom_padding=\u00bb25px|25px|25px|25px|true|true\u00bb border_radii=\u00bbon|6px|6px|6px|6px\u00bb box_shadow_style=\u00bbpreset2&#8243; global_colors_info=\u00bb{}\u00bb]<\/p>\n<p style=\"text-align: justify;\"><strong>Las enfermedades neurol\u00f3gicas<\/strong> son trastornos del sistema nervioso central y perif\u00e9rico que incluyen la epilepsia, la enfermedad de Alzheimer y otras demencias, enfermedades cerebrovasculares, esclerosis m\u00faltiple, enfermedad de Parkinson, infecciones del SNC, tumores, trastornos debido a traumatismos, etc. Las enfermedades neuromusculares (ENM) afectan a cualquier componente de la unidad motora: al sistema nervioso perif\u00e9rico, al m\u00fasculo esquel\u00e9tico, a la uni\u00f3n neuromuscular y a la m\u00e9dula espinal. El origen de la enfermedad puede ser por diferentes causas y producirse en cualquier etapa de la vida, pero m\u00e1s del 50% aparecen en la infancia. La esclerosis lateral amiotr\u00f3fica (ELA) es la enfermedad de la neurona motora m\u00e1s frecuente en la edad adulta y la tercera enfermedad neurodegenerativa en incidencia tras la demencia y la enfermedad de Parkinson.<\/p>\n<p style=\"text-align: justify;\">Se estima que mil millones de personas est\u00e1n afectadas por trastornos neurol\u00f3gicos en todo el mundo, con 6,8 millones de fallecimientos anuales, siendo el Alzheimer la enfermedad m\u00e1s frecuente (60-70%). Las ENM presentan una prevalencia mundial anual de alrededor de 286 casos por mill\u00f3n de habitantes. En Espa\u00f1a 7,5 millones de personas sufren alg\u00fan tipo de enfermedad neurol\u00f3gica (16% del total de la poblaci\u00f3n espa\u00f1ola). Los servicios de neurolog\u00eda atienden a m\u00e1s de 2,2 millones de pacientes al a\u00f1o. Se desconoce la prevalencia del conjunto de ENM, pero se estima que existen m\u00e1s de 60.000 afectados en Espa\u00f1a, de los cuales unos 3.000 con ELA, con una incidencia de 3 casos nuevos al d\u00eda.<\/p>\n<p style=\"text-align: justify;\">En general, en las personas que hayan desarrollado una enfermedad neurol\u00f3gica inflamatoria autoinmune tras la recepci\u00f3n de alguna vacuna, como s\u00edndrome Guillain Barr\u00e9 (SGB) o encefalomielitis, debe realizarse una valoraci\u00f3n individual de la administraci\u00f3n de m\u00e1s dosis de esa vacuna.<\/p>\n<p>[\/et_pb_text][dsm_text_divider header=\u00bbRecomendaciones espec\u00edficas de vacunaci\u00f3n\u00bb color=\u00bb#E09900&#8243; module_id=\u00bbVI\u00bb _builder_version=\u00bb4.20.0&#8243; _module_preset=\u00bbdefault\u00bb header_font_size=\u00bb34px\u00bb hover_enabled=\u00bb0&#8243; global_colors_info=\u00bb{}\u00bb sticky_enabled=\u00bb0&#8243;][\/dsm_text_divider][\/et_pb_column][\/et_pb_row][et_pb_row column_structure=\u00bb1_3,1_3,1_3&#8243; _builder_version=\u00bb4.19.5&#8243; _module_preset=\u00bbdefault\u00bb global_colors_info=\u00bb{}\u00bb theme_builder_area=\u00bbpost_content\u00bb][et_pb_column type=\u00bb1_3&#8243; _builder_version=\u00bb4.19.4&#8243; _module_preset=\u00bbdefault\u00bb global_colors_info=\u00bb{}\u00bb theme_builder_area=\u00bbpost_content\u00bb][et_pb_cta title=\u00bbTOSFERINA\u00bb button_url=\u00bb#1&#8243; button_text=\u00bbEXPLICACI\u00d3N\u00bb _builder_version=\u00bb4.20.0&#8243; _module_preset=\u00bbdefault\u00bb header_font=\u00bb|||on|||||\u00bb header_text_color=\u00bb#FFFFFF\u00bb background_enable_color=\u00bboff\u00bb use_background_color_gradient=\u00bbon\u00bb background_color_gradient_stops=\u00bb#05a29b 0%|rgba(41,196,169,0.39) 100%\u00bb custom_button=\u00bbon\u00bb button_text_color=\u00bb#FFFFFF\u00bb button_bg_color=\u00bb#00857C\u00bb hover_enabled=\u00bb0&#8243; border_width_left=\u00bb4px\u00bb border_color_left=\u00bb#E09900&#8243; global_colors_info=\u00bb{}\u00bb theme_builder_area=\u00bbpost_content\u00bb sticky_enabled=\u00bb0&#8243;][\/et_pb_cta][\/et_pb_column][et_pb_column _builder_version=\u00bb4.20.0&#8243; _module_preset=\u00bbdefault\u00bb type=\u00bb1_3&#8243; theme_builder_area=\u00bbpost_content\u00bb][et_pb_cta title=\u00bbGRIPE\u00bb button_url=\u00bb#2&#8243; button_text=\u00bbEXPLICACI\u00d3N\u00bb _builder_version=\u00bb4.20.0&#8243; _module_preset=\u00bbdefault\u00bb header_font=\u00bb|||on|||||\u00bb header_text_color=\u00bb#FFFFFF\u00bb background_enable_color=\u00bboff\u00bb use_background_color_gradient=\u00bbon\u00bb background_color_gradient_stops=\u00bb#05a29b 0%|rgba(41,196,169,0.39) 100%\u00bb custom_button=\u00bbon\u00bb button_text_color=\u00bb#FFFFFF\u00bb button_bg_color=\u00bb#00857C\u00bb hover_enabled=\u00bb0&#8243; border_color_all=\u00bb#fca800&#8243; border_width_top=\u00bb4px\u00bb global_colors_info=\u00bb{}\u00bb theme_builder_area=\u00bbpost_content\u00bb sticky_enabled=\u00bb0&#8243;][\/et_pb_cta][\/et_pb_column][et_pb_column type=\u00bb1_3&#8243; _builder_version=\u00bb4.19.4&#8243; _module_preset=\u00bbdefault\u00bb global_colors_info=\u00bb{}\u00bb theme_builder_area=\u00bbpost_content\u00bb][et_pb_cta title=\u00bbNEUMOCOCO\u00bb button_url=\u00bb#3&#8243; button_text=\u00bbEXPLICACI\u00d3N\u00bb _builder_version=\u00bb4.20.0&#8243; _module_preset=\u00bbdefault\u00bb header_font=\u00bb|||on|||||\u00bb header_text_color=\u00bb#FFFFFF\u00bb background_enable_color=\u00bboff\u00bb use_background_color_gradient=\u00bbon\u00bb background_color_gradient_stops=\u00bb#05a29b 0%|rgba(41,196,169,0.39) 100%\u00bb custom_button=\u00bbon\u00bb button_text_color=\u00bb#FFFFFF\u00bb button_bg_color=\u00bb#00857C\u00bb hover_enabled=\u00bb0&#8243; border_width_bottom=\u00bb4px\u00bb border_color_bottom=\u00bb#E09900&#8243; global_colors_info=\u00bb{}\u00bb theme_builder_area=\u00bbpost_content\u00bb sticky_enabled=\u00bb0&#8243;][\/et_pb_cta][\/et_pb_column][\/et_pb_row][\/et_pb_section][et_pb_section fb_built=\u00bb1&#8243; custom_padding_last_edited=\u00bbon|desktop\u00bb admin_label=\u00bbFooter\u00bb _builder_version=\u00bb4.19.5&#8243; _module_preset=\u00bbdefault\u00bb background_color=\u00bb#2E5B61&#8243; background_enable_image=\u00bboff\u00bb background_size=\u00bbcontain\u00bb background_position=\u00bbtop_center\u00bb background_vertical_offset=\u00bb0%\u00bb custom_padding=\u00bb10vw||||false|false\u00bb custom_padding_tablet=\u00bb||||false|false\u00bb custom_padding_phone=\u00bb||||false|false\u00bb top_divider_height=\u00bb148px\u00bb top_divider_repeat=\u00bb1x\u00bb da_disable_devices=\u00bboff|off|off\u00bb saved_tabs=\u00bball\u00bb collapsed=\u00bboff\u00bb global_colors_info=\u00bb{}\u00bb da_is_popup=\u00bboff\u00bb da_exit_intent=\u00bboff\u00bb da_has_close=\u00bbon\u00bb da_alt_close=\u00bboff\u00bb da_dark_close=\u00bboff\u00bb da_not_modal=\u00bbon\u00bb da_is_singular=\u00bboff\u00bb da_with_loader=\u00bboff\u00bb da_has_shadow=\u00bbon\u00bb][\/et_pb_section][et_pb_section fb_built=\u00bb1&#8243; admin_label=\u00bbPopup &#8211; #1&#8243; module_id=\u00bb1&#8243; module_class=\u00bbpopup\u00bb _builder_version=\u00bb4.20.0&#8243; _module_preset=\u00bbdefault\u00bb background_color=\u00bbrgba(37,163,156,0.34)\u00bb width=\u00bb66%\u00bb max_width=\u00bb66%\u00bb hover_enabled=\u00bb0&#8243; da_is_popup=\u00bbon\u00bb da_popup_slug=\u00bb1&#8243; da_disable_devices=\u00bboff|off|off\u00bb global_colors_info=\u00bb{}\u00bb theme_builder_area=\u00bbpost_content\u00bb sticky_enabled=\u00bb0&#8243; da_exit_intent=\u00bboff\u00bb da_has_close=\u00bbon\u00bb da_alt_close=\u00bboff\u00bb da_dark_close=\u00bboff\u00bb da_not_modal=\u00bbon\u00bb da_is_singular=\u00bboff\u00bb da_with_loader=\u00bboff\u00bb da_has_shadow=\u00bbon\u00bb][et_pb_row _builder_version=\u00bb4.19.5&#8243; _module_preset=\u00bbdefault\u00bb global_colors_info=\u00bb{}\u00bb theme_builder_area=\u00bbpost_content\u00bb][et_pb_column type=\u00bb4_4&#8243; _builder_version=\u00bb4.19.5&#8243; _module_preset=\u00bbdefault\u00bb global_colors_info=\u00bb{}\u00bb theme_builder_area=\u00bbpost_content\u00bb][et_pb_text _builder_version=\u00bb4.20.0&#8243; _module_preset=\u00bbdefault\u00bb link_font=\u00bb||||on||||\u00bb link_text_color=\u00bb#00857C\u00bb header_2_font=\u00bb|||on|||||\u00bb header_2_text_color=\u00bb#00857C\u00bb background_color=\u00bb#FFFFFF\u00bb custom_padding=\u00bb20px|20px|20px|20px|true|true\u00bb hover_enabled=\u00bb0&#8243; border_radii=\u00bbon|6px|6px|6px|6px\u00bb border_width_left=\u00bb5px\u00bb border_color_left=\u00bb#05A29B\u00bb box_shadow_style=\u00bbpreset2&#8243; global_colors_info=\u00bb{}\u00bb theme_builder_area=\u00bbpost_content\u00bb sticky_enabled=\u00bb0&#8243;]<\/p>\n<h2 class=\"Default\" style=\"text-align: center;\"><strong>Tosferina<\/strong><\/h2>\n<p style=\"text-align: justify;\"><span>En general, los menores con enfermedades neurol\u00f3gicas deben seguir las mismas recomendaciones de vacunaci\u00f3n sistem\u00e1tica que la poblaci\u00f3n general. No se considera apropiado contraindicar la vacunaci\u00f3n frente a tosferina en menores con epilepsia o con historia familiar de convulsiones u otras enfermedades neurol\u00f3gicas estables y no progresivas. Las vacunas combinadas con componentes frente a tosferina est\u00e1n contraindicadas en caso de haber presentado una encefalopat\u00eda de etiolog\u00eda desconocida en los 7 d\u00edas siguientes tras la administraci\u00f3n de una dosis anterior. En estos casos se podr\u00e1 administrar vacuna Td (frente a t\u00e9tanos y difteria de baja carga). La decisi\u00f3n de aplazar la vacunaci\u00f3n en menores se deber\u00e1 realizar de forma individualizada valorando el riesgo-beneficio.<\/span><\/p>\n<p>[\/et_pb_text][\/et_pb_column][\/et_pb_row][\/et_pb_section][et_pb_section fb_built=\u00bb1&#8243; admin_label=\u00bbPopup &#8211; #2&#8243; module_id=\u00bb2&#8243; module_class=\u00bbpopup\u00bb _builder_version=\u00bb4.20.0&#8243; _module_preset=\u00bbdefault\u00bb background_color=\u00bbrgba(37,163,156,0.34)\u00bb width=\u00bb66%\u00bb max_width=\u00bb66%\u00bb hover_enabled=\u00bb0&#8243; da_is_popup=\u00bbon\u00bb da_popup_slug=\u00bb2&#8243; da_disable_devices=\u00bboff|off|off\u00bb global_colors_info=\u00bb{}\u00bb theme_builder_area=\u00bbpost_content\u00bb sticky_enabled=\u00bb0&#8243; da_exit_intent=\u00bboff\u00bb da_has_close=\u00bbon\u00bb da_alt_close=\u00bboff\u00bb da_dark_close=\u00bboff\u00bb da_not_modal=\u00bbon\u00bb da_is_singular=\u00bboff\u00bb da_with_loader=\u00bboff\u00bb da_has_shadow=\u00bbon\u00bb][et_pb_row _builder_version=\u00bb4.19.5&#8243; _module_preset=\u00bbdefault\u00bb global_colors_info=\u00bb{}\u00bb theme_builder_area=\u00bbpost_content\u00bb][et_pb_column type=\u00bb4_4&#8243; _builder_version=\u00bb4.19.5&#8243; _module_preset=\u00bbdefault\u00bb global_colors_info=\u00bb{}\u00bb theme_builder_area=\u00bbpost_content\u00bb][et_pb_text _builder_version=\u00bb4.20.0&#8243; _module_preset=\u00bbdefault\u00bb link_font=\u00bb||||on||||\u00bb link_text_color=\u00bb#00857C\u00bb header_2_font=\u00bb|||on|||||\u00bb header_2_text_color=\u00bb#00857C\u00bb background_color=\u00bb#FFFFFF\u00bb custom_padding=\u00bb20px|20px|20px|20px|true|true\u00bb hover_enabled=\u00bb0&#8243; border_radii=\u00bbon|6px|6px|6px|6px\u00bb border_width_left=\u00bb5px\u00bb border_color_left=\u00bb#05A29B\u00bb box_shadow_style=\u00bbpreset2&#8243; global_colors_info=\u00bb{}\u00bb theme_builder_area=\u00bbpost_content\u00bb sticky_enabled=\u00bb0&#8243;]<\/p>\n<h2 class=\"Default\" style=\"text-align: center;\"><strong>GRIPE<\/strong><\/h2>\n<p>Se recomienda la vacunaci\u00f3n anual frente a la gripe, tanto a quienes padecen estas enfermedades como a los convivientes.<\/p>\n<p>[\/et_pb_text][\/et_pb_column][\/et_pb_row][\/et_pb_section][et_pb_section fb_built=\u00bb1&#8243; admin_label=\u00bbPopup &#8211; #3&#8243; module_id=\u00bb3&#8243; module_class=\u00bbpopup\u00bb _builder_version=\u00bb4.20.0&#8243; _module_preset=\u00bbdefault\u00bb background_color=\u00bbrgba(37,163,156,0.34)\u00bb width=\u00bb66%\u00bb max_width=\u00bb66%\u00bb hover_enabled=\u00bb0&#8243; da_is_popup=\u00bbon\u00bb da_popup_slug=\u00bb3&#8243; da_disable_devices=\u00bboff|off|off\u00bb global_colors_info=\u00bb{}\u00bb theme_builder_area=\u00bbpost_content\u00bb sticky_enabled=\u00bb0&#8243; da_exit_intent=\u00bboff\u00bb da_has_close=\u00bbon\u00bb da_alt_close=\u00bboff\u00bb da_dark_close=\u00bboff\u00bb da_not_modal=\u00bbon\u00bb da_is_singular=\u00bboff\u00bb da_with_loader=\u00bboff\u00bb da_has_shadow=\u00bbon\u00bb][et_pb_row _builder_version=\u00bb4.19.5&#8243; _module_preset=\u00bbdefault\u00bb global_colors_info=\u00bb{}\u00bb theme_builder_area=\u00bbpost_content\u00bb][et_pb_column type=\u00bb4_4&#8243; _builder_version=\u00bb4.19.5&#8243; _module_preset=\u00bbdefault\u00bb global_colors_info=\u00bb{}\u00bb theme_builder_area=\u00bbpost_content\u00bb][et_pb_text _builder_version=\u00bb4.20.0&#8243; _module_preset=\u00bbdefault\u00bb link_font=\u00bb||||on||||\u00bb link_text_color=\u00bb#00857C\u00bb header_2_font=\u00bb|||on|||||\u00bb header_2_text_color=\u00bb#00857C\u00bb background_color=\u00bb#FFFFFF\u00bb custom_padding=\u00bb20px|20px|20px|20px|true|true\u00bb hover_enabled=\u00bb0&#8243; border_radii=\u00bbon|6px|6px|6px|6px\u00bb border_width_left=\u00bb5px\u00bb border_color_left=\u00bb#05A29B\u00bb box_shadow_style=\u00bbpreset2&#8243; global_colors_info=\u00bb{}\u00bb theme_builder_area=\u00bbpost_content\u00bb sticky_enabled=\u00bb0&#8243;]<\/p>\n<h2 class=\"Default\" style=\"text-align: center;\"><strong>NEUMOCOCO<\/strong><\/h2>\n<p style=\"text-align: justify;\"><span>Se recomienda la vacunaci\u00f3n con VNP23 en personas con enfermedades neurol\u00f3gicas cr\u00f3nicas con dificultades de manejo de secreciones orales, como par\u00e1lisis cerebral o crisis convulsivas.<\/span><\/p>\n<p>[\/et_pb_text][\/et_pb_column][\/et_pb_row][\/et_pb_section]<\/p>\n","protected":false},"excerpt":{"rendered":"<p>Enfermedades neurol\u00f3gicas y neuromusculares gravesExplicaci\u00f3nRecomendaciones espec\u00edficas de vacunaci\u00f3n<div id=\"explicacion\" class=\"et_pb_module dsm_text_divider dsm_text_divider_0\">\n\t\t\t\t\n\t\t\t\t\n\t\t\t\t\n\t\t\t\t\n\t\t\t\t\n\t\t\t\t\n\t\t\t\t<div class=\"et_pb_module_inner\">\n\t\t\t\t\t<div id=\"explicacion\" class=\"dsm-text-divider-wrapper dsm-text-divider-align-center et_pb_bg_layout_light\">\n\t\t\t\t\n\t\t\t\t\n\t\t\t\t<div class=\"dsm-text-divider-before dsm-divider\"><\/div>\n\t\t\t\t<h3 class=\"dsm-text-divider-header et_pb_module_header\"><span>Explicaci\u00f3n<\/span><\/h3>\n\t\t\t\t<div class=\"dsm-text-divider-after dsm-divider\"><\/div>\n\t\t\t<\/div>\n\t\t\t\t<\/div>\n\t\t\t<\/div>Las enfermedades neurol\u00f3gicas son trastornos del sistema nervioso central y perif\u00e9rico que incluyen la epilepsia, la enfermedad de Alzheimer y otras demencias, enfermedades cerebrovasculares, esclerosis m\u00faltiple, enfermedad de Parkinson, infecciones del SNC, tumores, trastornos debido a traumatismos, etc. Las [&hellip;]<\/p>\n","protected":false},"author":2,"featured_media":0,"parent":0,"menu_order":0,"comment_status":"closed","ping_status":"closed","template":"","meta":{"_et_pb_use_builder":"on","_et_pb_old_content":"","_et_gb_content_width":"1389","footnotes":""},"class_list":["post-1054","page","type-page","status-publish","hentry"],"_links":{"self":[{"href":"https:\/\/enfermeriayvacunas.es\/buscador-faq\/wp-json\/wp\/v2\/pages\/1054","targetHints":{"allow":["GET"]}}],"collection":[{"href":"https:\/\/enfermeriayvacunas.es\/buscador-faq\/wp-json\/wp\/v2\/pages"}],"about":[{"href":"https:\/\/enfermeriayvacunas.es\/buscador-faq\/wp-json\/wp\/v2\/types\/page"}],"author":[{"embeddable":true,"href":"https:\/\/enfermeriayvacunas.es\/buscador-faq\/wp-json\/wp\/v2\/users\/2"}],"replies":[{"embeddable":true,"href":"https:\/\/enfermeriayvacunas.es\/buscador-faq\/wp-json\/wp\/v2\/comments?post=1054"}],"version-history":[{"count":6,"href":"https:\/\/enfermeriayvacunas.es\/buscador-faq\/wp-json\/wp\/v2\/pages\/1054\/revisions"}],"predecessor-version":[{"id":1247,"href":"https:\/\/enfermeriayvacunas.es\/buscador-faq\/wp-json\/wp\/v2\/pages\/1054\/revisions\/1247"}],"wp:attachment":[{"href":"https:\/\/enfermeriayvacunas.es\/buscador-faq\/wp-json\/wp\/v2\/media?parent=1054"}],"curies":[{"name":"wp","href":"https:\/\/api.w.org\/{rel}","templated":true}]}}