{"id":1050,"date":"2023-03-03T10:59:54","date_gmt":"2023-03-03T09:59:54","guid":{"rendered":"https:\/\/enfermeriayvacunas.es\/buscador-faq\/?page_id=1050"},"modified":"2023-03-13T16:24:57","modified_gmt":"2023-03-13T15:24:57","slug":"enfermedades-inflamatorias-cronicas","status":"publish","type":"page","link":"https:\/\/enfermeriayvacunas.es\/buscador-faq\/enfermedades-inflamatorias-cronicas\/","title":{"rendered":"Enfermedades inflamatorias cr\u00f3nicas"},"content":{"rendered":"<p>[et_pb_section fb_built=\u00bb1&#8243; admin_label=\u00bbHeader\u00bb _builder_version=\u00bb4.19.5&#8243; _module_preset=\u00bbdefault\u00bb use_background_color_gradient=\u00bbon\u00bb background_color_gradient_stops=\u00bb#2e5b61 25%|rgba(46,91,97,0) 100%\u00bb background_color_gradient_overlays_image=\u00bbon\u00bb background_image=\u00bbhttps:\/\/enfermeriayvacunas.es\/buscador-faq\/wp-content\/uploads\/2023\/01\/therapy-22.jpg\u00bb background_position=\u00bbtop_center\u00bb background_vertical_offset=\u00bb0%\u00bb custom_margin=\u00bb150px||||false|false\u00bb custom_padding=\u00bb||16vw||false|false\u00bb da_disable_devices=\u00bboff|off|off\u00bb collapsed=\u00bboff\u00bb global_colors_info=\u00bb{}\u00bb da_is_popup=\u00bboff\u00bb da_exit_intent=\u00bboff\u00bb da_has_close=\u00bbon\u00bb da_alt_close=\u00bboff\u00bb da_dark_close=\u00bboff\u00bb da_not_modal=\u00bbon\u00bb da_is_singular=\u00bboff\u00bb da_with_loader=\u00bboff\u00bb da_has_shadow=\u00bbon\u00bb][et_pb_row _builder_version=\u00bb4.17.3&#8243; _module_preset=\u00bbdefault\u00bb width=\u00bb70%\u00bb width_tablet=\u00bb80%\u00bb width_phone=\u00bb80%\u00bb width_last_edited=\u00bbon|tablet\u00bb custom_padding=\u00bb10px|||||\u00bb global_colors_info=\u00bb{}\u00bb][et_pb_column type=\u00bb4_4&#8243; _builder_version=\u00bb4.17.1&#8243; _module_preset=\u00bbdefault\u00bb global_colors_info=\u00bb{}\u00bb][et_pb_text _builder_version=\u00bb4.20.0&#8243; _module_preset=\u00bbc16985e1-e0d6-4022-964d-e2bfc04fa633&#8243; header_font=\u00bbCormorant Garamond|700||on|||||\u00bb header_text_color=\u00bb#E1ECEA\u00bb header_font_size=\u00bb73px\u00bb header_line_height=\u00bb1.1em\u00bb text_orientation=\u00bbcenter\u00bb module_alignment=\u00bbcenter\u00bb custom_margin=\u00bb0px|0px|0px|0px|false|false\u00bb custom_padding=\u00bb0px|0px|0px|0px|false|false\u00bb header_font_size_tablet=\u00bb40px\u00bb header_font_size_phone=\u00bb24px\u00bb header_font_size_last_edited=\u00bbon|desktop\u00bb global_colors_info=\u00bb{}\u00bb]<\/p>\n<h1>Enfermedades inflamatorias cr\u00f3nicas<\/h1>\n<p>[\/et_pb_text][\/et_pb_column][\/et_pb_row][et_pb_row _builder_version=\u00bb4.19.5&#8243; _module_preset=\u00bbdefault\u00bb positioning=\u00bbabsolute\u00bb position_origin_a=\u00bbbottom_center\u00bb vertical_offset=\u00bb-1px\u00bb width=\u00bb100%\u00bb max_width=\u00bb100%\u00bb custom_padding=\u00bb||0px||false|false\u00bb global_colors_info=\u00bb{}\u00bb][et_pb_column type=\u00bb4_4&#8243; _builder_version=\u00bb4.17.3&#8243; _module_preset=\u00bbdefault\u00bb global_colors_info=\u00bb{}\u00bb][et_pb_image src=\u00bbhttps:\/\/enfermeriayvacunas.es\/buscador-faq\/wp-content\/uploads\/2023\/01\/therapy-17.png\u00bb title_text=\u00bbtherapy 17&#8243; force_fullwidth=\u00bbon\u00bb _builder_version=\u00bb4.19.5&#8243; _module_preset=\u00bbdefault\u00bb global_colors_info=\u00bb{}\u00bb][\/et_pb_image][\/et_pb_column][\/et_pb_row][\/et_pb_section][et_pb_section fb_built=\u00bb1&#8243; admin_label=\u00bbFAQ\u00bb _builder_version=\u00bb4.17.3&#8243; _module_preset=\u00bbdefault\u00bb top_divider_flip=\u00bbhorizontal\u00bb da_disable_devices=\u00bboff|off|off\u00bb collapsed=\u00bboff\u00bb global_colors_info=\u00bb{}\u00bb da_is_popup=\u00bboff\u00bb da_exit_intent=\u00bboff\u00bb da_has_close=\u00bbon\u00bb da_alt_close=\u00bboff\u00bb da_dark_close=\u00bboff\u00bb da_not_modal=\u00bbon\u00bb da_is_singular=\u00bboff\u00bb da_with_loader=\u00bboff\u00bb da_has_shadow=\u00bbon\u00bb][et_pb_row custom_padding_last_edited=\u00bbon|phone\u00bb _builder_version=\u00bb4.20.0&#8243; _module_preset=\u00bbdefault\u00bb use_background_color_gradient=\u00bbon\u00bb background_color_gradient_stops=\u00bb#e5e8f0 89%|rgba(229,232,240,0) 100%\u00bb custom_margin=\u00bb-17vw||||false|false\u00bb custom_margin_tablet=\u00bb-21vw||||false|false\u00bb custom_margin_phone=\u00bb||||false|false\u00bb custom_margin_last_edited=\u00bboff|desktop\u00bb custom_padding=\u00bb80px|80px|80px|80px|true|true\u00bb custom_padding_tablet=\u00bb30px|20px|30px|20px|true|true\u00bb custom_padding_phone=\u00bb20px|0px|20px|0px|true|true\u00bb global_colors_info=\u00bb{}\u00bb][et_pb_column type=\u00bb4_4&#8243; _builder_version=\u00bb4.17.3&#8243; _module_preset=\u00bbdefault\u00bb global_colors_info=\u00bb{}\u00bb][et_pb_text _builder_version=\u00bb4.20.0&#8243; _module_preset=\u00bbdefault\u00bb header_2_font=\u00bb|600|||||||\u00bb header_2_text_color=\u00bb#FFFFFF\u00bb header_2_font_size=\u00bb20px\u00bb background_color=\u00bb#05A29B\u00bb custom_margin=\u00bb||||true\u00bb custom_padding=\u00bb17px||10px|19px|false|false\u00bb link_option_url=\u00bb#explicacion\u00bb global_colors_info=\u00bb{}\u00bb]<\/p>\n<h2>Explicaci\u00f3n<\/h2>\n<p>[\/et_pb_text][et_pb_text _builder_version=\u00bb4.20.0&#8243; _module_preset=\u00bbdefault\u00bb header_2_font=\u00bb|600|||||||\u00bb header_2_text_color=\u00bb#FFFFFF\u00bb header_2_font_size=\u00bb20px\u00bb background_color=\u00bb#05A29B\u00bb custom_margin=\u00bb||||true\u00bb custom_padding=\u00bb17px||10px|19px|false|false\u00bb link_option_url=\u00bb#VI\u00bb global_colors_info=\u00bb{}\u00bb]<\/p>\n<h2>Recomendaciones espec\u00edficas de vacunaci\u00f3n<\/h2>\n<p>[\/et_pb_text][\/et_pb_column][\/et_pb_row][\/et_pb_section][et_pb_section fb_built=\u00bb1&#8243; custom_padding_last_edited=\u00bbon|desktop\u00bb admin_label=\u00bbFAQ\u00bb module_id=\u00bb10&#8243; _builder_version=\u00bb4.20.0&#8243; _module_preset=\u00bbdefault\u00bb background_color=\u00bbrgba(41,196,169,0.11)\u00bb background_image=\u00bbhttps:\/\/enfermeriayvacunas.es\/buscador-faq\/wp-content\/uploads\/2023\/01\/therapy-51-1.png\u00bb background_size=\u00bbcontain\u00bb background_position=\u00bbtop_center\u00bb background_vertical_offset=\u00bb0%\u00bb custom_padding=\u00bb0vw||||false|false\u00bb custom_padding_tablet=\u00bb||||false|false\u00bb custom_padding_phone=\u00bb||||false|false\u00bb top_divider_flip=\u00bbhorizontal\u00bb link_option_url=\u00bb#RECO\u00bb hover_enabled=\u00bb0&#8243; da_popup_slug=\u00bb10&#8243; da_disable_devices=\u00bboff|off|off\u00bb collapsed=\u00bboff\u00bb global_colors_info=\u00bb{}\u00bb sticky_enabled=\u00bb0&#8243; da_is_popup=\u00bboff\u00bb da_exit_intent=\u00bboff\u00bb da_has_close=\u00bbon\u00bb da_alt_close=\u00bboff\u00bb da_dark_close=\u00bboff\u00bb da_not_modal=\u00bbon\u00bb da_is_singular=\u00bboff\u00bb da_with_loader=\u00bboff\u00bb da_has_shadow=\u00bbon\u00bb][et_pb_row _builder_version=\u00bb4.20.0&#8243; _module_preset=\u00bbdefault\u00bb custom_margin=\u00bb||0px||false|false\u00bb custom_padding=\u00bb||0px||false|false\u00bb global_colors_info=\u00bb{}\u00bb][et_pb_column type=\u00bb4_4&#8243; _builder_version=\u00bb4.19.5&#8243; _module_preset=\u00bbdefault\u00bb global_colors_info=\u00bb{}\u00bb][dsm_text_divider header=\u00bbExplicaci\u00f3n\u00bb color=\u00bb#E09900&#8243; module_id=\u00bbexplicacion\u00bb _builder_version=\u00bb4.20.0&#8243; _module_preset=\u00bbdefault\u00bb header_font_size=\u00bb34px\u00bb global_colors_info=\u00bb{}\u00bb][\/dsm_text_divider][et_pb_text module_id=\u00bb21&#8243; _builder_version=\u00bb4.20.0&#8243; _module_preset=\u00bbdefault\u00bb text_font_size=\u00bb16px\u00bb background_color=\u00bb#FFFFFF\u00bb custom_margin=\u00bb||||false|false\u00bb custom_padding=\u00bb25px|25px|25px|25px|true|true\u00bb border_radii=\u00bbon|6px|6px|6px|6px\u00bb box_shadow_style=\u00bbpreset2&#8243; global_colors_info=\u00bb{}\u00bb]<\/p>\n<p style=\"text-align: justify;\">En este grupo se incluyen la enfermedad Inflamatoria Intestinal (EII), artropat\u00edas inflamatorias y tambi\u00e9n determinadas condiciones dermatol\u00f3gicas inflamatorias. En este apartado se tratar\u00e1n las recomendaciones en EII (enfermedad de Crohn y colitis ulcerosa) y artropat\u00edas inflamatorias (lupus eritematoso sist\u00e9mico \u2013LES-, artritis reumatoide o juvenil, etc.), en las que las infecciones inmunoprevenibles causan importante morbilidad y mortalidad.<\/p>\n<p style=\"text-align: justify;\">La enfermedad de Crohn (EC) y la colitis ulcerosa (CU) se caracterizan por la inflamaci\u00f3n cr\u00f3nica del tracto gastrointestinal. Se postula que factores gen\u00e9ticos y ambientales llevan a la alteraci\u00f3n de la flora intestinal con la consiguiente desregulaci\u00f3n de la inmunidad intestinal.<\/p>\n<p style=\"text-align: justify;\">Entre las enfermedades reum\u00e1ticas se encuentran las articulares (artritis reumatoide, osteoartritis, artritis reumatoide juvenil) y las del tejido conectivo (LES). Suelen ser progresivas y en todas ellas subyace una alteraci\u00f3n de la respuesta inmune e inflamatoria. Se estima una prevalencia mundial de m\u00e1s de 14 millones de casos solo de la artritis reumatoide, con unas 26.500 muertes anuales en 2015. Para el total de enfermedades reum\u00e1ticas se estima una prevalencia en el 2015 de m\u00e1s de mil millones de casos a nivel mundial, con casi 80.000 muertes.<\/p>\n<p style=\"text-align: justify;\">El riesgo de enfermedades inmunoprevenibles en las personas con enfermedades inflamatorias se debe tanto a una respuesta alterada del sistema inmune como a la posible malnutrici\u00f3n (en EII) y a la inmunosupresi\u00f3n ocasionada por los tratamientos espec\u00edficos utilizados, as\u00ed como por otras patolog\u00edas asociadas. Es importante tener en cuenta que las recomendaciones de vacunaci\u00f3n dependen del grado de inmunosupresi\u00f3n por la enfermedad o por el tipo de tratamiento administrado.<\/p>\n<p style=\"text-align: justify;\">Se debe vacunar antes de iniciar tratamiento inmunosupresor para conseguir una \u00f3ptima respuesta inmune. En general, las personas en tratamiento con inmunosupresores deben estar vacunadas frente a sarampi\u00f3n, rub\u00e9ola, parotiditis (triple v\u00edrica), varicela, t\u00e9tanos y difteria, neumococo y vacunaci\u00f3n anual frente a la gripe.<\/p>\n<p style=\"text-align: justify;\">Las personas con estas enfermedades no tratadas con f\u00e1rmacos inmunosupresores, o en tratamiento con inmunomoduladores a dosis no inmunosupresoras, se consideran inmunocompetentes y deben recibir las vacunas recomendadas en poblaci\u00f3n general.<\/p>\n<p>[\/et_pb_text][dsm_text_divider header=\u00bbRecomendaciones espec\u00edficas de vacunaci\u00f3n\u00bb color=\u00bb#E09900&#8243; module_id=\u00bbVI\u00bb _builder_version=\u00bb4.20.0&#8243; _module_preset=\u00bbdefault\u00bb header_font_size=\u00bb34px\u00bb global_colors_info=\u00bb{}\u00bb][\/dsm_text_divider][\/et_pb_column][\/et_pb_row][et_pb_row column_structure=\u00bb1_2,1_2&#8243; _builder_version=\u00bb4.20.0&#8243; _module_preset=\u00bbdefault\u00bb global_colors_info=\u00bb{}\u00bb theme_builder_area=\u00bbpost_content\u00bb][et_pb_column type=\u00bb1_2&#8243; _builder_version=\u00bb4.20.0&#8243; _module_preset=\u00bbdefault\u00bb global_colors_info=\u00bb{}\u00bb theme_builder_area=\u00bbpost_content\u00bb][et_pb_cta title=\u00bbTRIPLE V\u00cdRICA\u00bb button_url=\u00bb#1&#8243; button_text=\u00bbEXPLICACI\u00d3N\u00bb _builder_version=\u00bb4.20.0&#8243; _module_preset=\u00bbdefault\u00bb header_font=\u00bb|||on|||||\u00bb header_text_color=\u00bb#FFFFFF\u00bb background_enable_color=\u00bboff\u00bb use_background_color_gradient=\u00bbon\u00bb background_color_gradient_stops=\u00bb#05a29b 0%|rgba(41,196,169,0.39) 100%\u00bb custom_button=\u00bbon\u00bb button_text_color=\u00bb#FFFFFF\u00bb button_bg_color=\u00bb#00857C\u00bb width=\u00bb77%\u00bb hover_enabled=\u00bb0&#8243; border_width_left=\u00bb4px\u00bb border_color_left=\u00bb#E09900&#8243; global_colors_info=\u00bb{}\u00bb theme_builder_area=\u00bbpost_content\u00bb sticky_enabled=\u00bb0&#8243; title__hover_enabled=\u00bbon|desktop\u00bb title__hover=\u00bbTRIPLE V\u00cdRICA\u00bb][\/et_pb_cta][\/et_pb_column][et_pb_column type=\u00bb1_2&#8243; _builder_version=\u00bb4.20.0&#8243; _module_preset=\u00bbdefault\u00bb global_colors_info=\u00bb{}\u00bb theme_builder_area=\u00bbpost_content\u00bb][et_pb_cta title=\u00bbVARICELA\u00bb button_url=\u00bb#2&#8243; button_text=\u00bbEXPLICACI\u00d3N\u00bb _builder_version=\u00bb4.20.0&#8243; _module_preset=\u00bbdefault\u00bb header_font=\u00bb|||on|||||\u00bb header_text_color=\u00bb#FFFFFF\u00bb background_enable_color=\u00bboff\u00bb use_background_color_gradient=\u00bbon\u00bb background_color_gradient_stops=\u00bb#05a29b 0%|rgba(41,196,169,0.39) 100%\u00bb custom_button=\u00bbon\u00bb button_text_color=\u00bb#FFFFFF\u00bb button_bg_color=\u00bb#00857C\u00bb width=\u00bb77%\u00bb hover_enabled=\u00bb0&#8243; border_color_top=\u00bb#E09900&#8243; border_color_bottom=\u00bb#E09900&#8243; border_color_left=\u00bb#E09900&#8243; global_colors_info=\u00bb{}\u00bb theme_builder_area=\u00bbpost_content\u00bb border_width_right=\u00bb4px\u00bb border_color_right=\u00bb#E09900&#8243; sticky_enabled=\u00bb0&#8243;][\/et_pb_cta][\/et_pb_column][\/et_pb_row][et_pb_row column_structure=\u00bb1_3,1_3,1_3&#8243; _builder_version=\u00bb4.19.5&#8243; _module_preset=\u00bbdefault\u00bb global_colors_info=\u00bb{}\u00bb theme_builder_area=\u00bbpost_content\u00bb][et_pb_column type=\u00bb1_3&#8243; _builder_version=\u00bb4.19.4&#8243; _module_preset=\u00bbdefault\u00bb global_colors_info=\u00bb{}\u00bb theme_builder_area=\u00bbpost_content\u00bb][et_pb_cta title=\u00bbhepatitis b\u00bb button_url=\u00bb#3&#8243; button_text=\u00bbEXPLICACI\u00d3N\u00bb _builder_version=\u00bb4.20.0&#8243; _module_preset=\u00bbdefault\u00bb header_font=\u00bb|||on|||||\u00bb header_text_color=\u00bb#FFFFFF\u00bb background_enable_color=\u00bboff\u00bb use_background_color_gradient=\u00bbon\u00bb background_color_gradient_stops=\u00bb#05a29b 0%|rgba(41,196,169,0.39) 100%\u00bb custom_button=\u00bbon\u00bb button_text_color=\u00bb#FFFFFF\u00bb button_bg_color=\u00bb#00857C\u00bb hover_enabled=\u00bb0&#8243; border_color_all=\u00bb#fca800&#8243; border_width_top=\u00bb4px\u00bb global_colors_info=\u00bb{}\u00bb theme_builder_area=\u00bbpost_content\u00bb sticky_enabled=\u00bb0&#8243;][\/et_pb_cta][\/et_pb_column][et_pb_column type=\u00bb1_3&#8243; _builder_version=\u00bb4.19.4&#8243; _module_preset=\u00bbdefault\u00bb global_colors_info=\u00bb{}\u00bb theme_builder_area=\u00bbpost_content\u00bb][et_pb_cta title=\u00bbNEUMOCOCO\u00bb button_url=\u00bb#4&#8243; button_text=\u00bbEXPLICACI\u00d3N\u00bb _builder_version=\u00bb4.20.0&#8243; _module_preset=\u00bbdefault\u00bb header_font=\u00bb|||on|||||\u00bb header_text_color=\u00bb#FFFFFF\u00bb background_enable_color=\u00bboff\u00bb use_background_color_gradient=\u00bbon\u00bb background_color_gradient_stops=\u00bb#05a29b 0%|rgba(41,196,169,0.39) 100%\u00bb custom_button=\u00bbon\u00bb button_text_color=\u00bb#FFFFFF\u00bb button_bg_color=\u00bb#00857C\u00bb hover_enabled=\u00bb0&#8243; border_width_bottom=\u00bb4px\u00bb border_color_bottom=\u00bb#E09900&#8243; global_colors_info=\u00bb{}\u00bb theme_builder_area=\u00bbpost_content\u00bb sticky_enabled=\u00bb0&#8243;][\/et_pb_cta][\/et_pb_column][et_pb_column type=\u00bb1_3&#8243; _builder_version=\u00bb4.20.0&#8243; _module_preset=\u00bbdefault\u00bb global_colors_info=\u00bb{}\u00bb theme_builder_area=\u00bbpost_content\u00bb][et_pb_cta title=\u00bbGRIPE\u00bb button_url=\u00bb#5&#8243; button_text=\u00bbEXPLICACI\u00d3N\u00bb _builder_version=\u00bb4.20.0&#8243; _module_preset=\u00bbdefault\u00bb header_font=\u00bb|||on|||||\u00bb header_text_color=\u00bb#FFFFFF\u00bb background_enable_color=\u00bboff\u00bb use_background_color_gradient=\u00bbon\u00bb background_color_gradient_stops=\u00bb#05a29b 0%|rgba(41,196,169,0.39) 100%\u00bb custom_button=\u00bbon\u00bb button_text_color=\u00bb#FFFFFF\u00bb button_bg_color=\u00bb#00857C\u00bb hover_enabled=\u00bb0&#8243; border_width_left=\u00bb4px\u00bb border_color_left=\u00bb#E09900&#8243; global_colors_info=\u00bb{}\u00bb theme_builder_area=\u00bbpost_content\u00bb sticky_enabled=\u00bb0&#8243;][\/et_pb_cta][\/et_pb_column][\/et_pb_row][\/et_pb_section][et_pb_section fb_built=\u00bb1&#8243; custom_padding_last_edited=\u00bbon|desktop\u00bb admin_label=\u00bbFooter\u00bb _builder_version=\u00bb4.19.5&#8243; _module_preset=\u00bbdefault\u00bb background_color=\u00bb#2E5B61&#8243; background_enable_image=\u00bboff\u00bb background_size=\u00bbcontain\u00bb background_position=\u00bbtop_center\u00bb background_vertical_offset=\u00bb0%\u00bb custom_padding=\u00bb10vw||||false|false\u00bb custom_padding_tablet=\u00bb||||false|false\u00bb custom_padding_phone=\u00bb||||false|false\u00bb top_divider_height=\u00bb148px\u00bb top_divider_repeat=\u00bb1x\u00bb da_disable_devices=\u00bboff|off|off\u00bb saved_tabs=\u00bball\u00bb collapsed=\u00bboff\u00bb global_colors_info=\u00bb{}\u00bb da_is_popup=\u00bboff\u00bb da_exit_intent=\u00bboff\u00bb da_has_close=\u00bbon\u00bb da_alt_close=\u00bboff\u00bb da_dark_close=\u00bboff\u00bb da_not_modal=\u00bbon\u00bb da_is_singular=\u00bboff\u00bb da_with_loader=\u00bboff\u00bb da_has_shadow=\u00bbon\u00bb][\/et_pb_section][et_pb_section fb_built=\u00bb1&#8243; admin_label=\u00bbPopup &#8211; #1&#8243; module_id=\u00bb1&#8243; module_class=\u00bbpopup\u00bb _builder_version=\u00bb4.20.0&#8243; _module_preset=\u00bbdefault\u00bb background_color=\u00bbrgba(37,163,156,0.34)\u00bb width=\u00bb66%\u00bb max_width=\u00bb66%\u00bb hover_enabled=\u00bb0&#8243; da_is_popup=\u00bbon\u00bb da_popup_slug=\u00bb1&#8243; da_disable_devices=\u00bboff|off|off\u00bb global_colors_info=\u00bb{}\u00bb theme_builder_area=\u00bbpost_content\u00bb sticky_enabled=\u00bb0&#8243; da_exit_intent=\u00bboff\u00bb da_has_close=\u00bbon\u00bb da_alt_close=\u00bboff\u00bb da_dark_close=\u00bboff\u00bb da_not_modal=\u00bbon\u00bb da_is_singular=\u00bboff\u00bb da_with_loader=\u00bboff\u00bb da_has_shadow=\u00bbon\u00bb][et_pb_row _builder_version=\u00bb4.19.5&#8243; _module_preset=\u00bbdefault\u00bb global_colors_info=\u00bb{}\u00bb theme_builder_area=\u00bbpost_content\u00bb][et_pb_column type=\u00bb4_4&#8243; _builder_version=\u00bb4.19.5&#8243; _module_preset=\u00bbdefault\u00bb global_colors_info=\u00bb{}\u00bb theme_builder_area=\u00bbpost_content\u00bb][et_pb_text _builder_version=\u00bb4.20.0&#8243; _module_preset=\u00bbdefault\u00bb link_font=\u00bb||||on||||\u00bb link_text_color=\u00bb#00857C\u00bb header_2_font=\u00bb|||on|||||\u00bb header_2_text_color=\u00bb#00857C\u00bb background_color=\u00bb#FFFFFF\u00bb custom_padding=\u00bb20px|20px|20px|20px|true|true\u00bb hover_enabled=\u00bb0&#8243; border_radii=\u00bbon|6px|6px|6px|6px\u00bb border_width_left=\u00bb5px\u00bb border_color_left=\u00bb#05A29B\u00bb box_shadow_style=\u00bbpreset2&#8243; global_colors_info=\u00bb{}\u00bb theme_builder_area=\u00bbpost_content\u00bb sticky_enabled=\u00bb0&#8243;]<\/p>\n<h2 class=\"Default\" style=\"text-align: center;\"><strong>Triple v\u00edrica<\/strong><\/h2>\n<p style=\"text-align: justify;\">Se realizar\u00e1n marcadores de infecci\u00f3n, preferiblemente pretratamiento, en caso de no disponer de documentaci\u00f3n de haber recibido dos dosis de vacuna. En caso de negatividad, se administrar\u00e1 una o dos dosis de vacuna triple v\u00edrica (seg\u00fan las recibidas previamente) al menos cuatro semanas antes de iniciar el tratamiento. Si se encuentra en tratamiento inmunosupresor, esperar al menos tres meses despu\u00e9s de finalizado. No es necesaria la serolog\u00eda posterior.<\/p>\n<p>[\/et_pb_text][\/et_pb_column][\/et_pb_row][\/et_pb_section][et_pb_section fb_built=\u00bb1&#8243; admin_label=\u00bbPopup &#8211; #2&#8243; module_id=\u00bb2&#8243; module_class=\u00bbpopup\u00bb _builder_version=\u00bb4.20.0&#8243; _module_preset=\u00bbdefault\u00bb background_color=\u00bbrgba(37,163,156,0.34)\u00bb width=\u00bb66%\u00bb max_width=\u00bb66%\u00bb hover_enabled=\u00bb0&#8243; da_is_popup=\u00bbon\u00bb da_popup_slug=\u00bb2&#8243; da_disable_devices=\u00bboff|off|off\u00bb global_colors_info=\u00bb{}\u00bb theme_builder_area=\u00bbpost_content\u00bb sticky_enabled=\u00bb0&#8243; da_exit_intent=\u00bboff\u00bb da_has_close=\u00bbon\u00bb da_alt_close=\u00bboff\u00bb da_dark_close=\u00bboff\u00bb da_not_modal=\u00bbon\u00bb da_is_singular=\u00bboff\u00bb da_with_loader=\u00bboff\u00bb da_has_shadow=\u00bbon\u00bb][et_pb_row _builder_version=\u00bb4.19.5&#8243; _module_preset=\u00bbdefault\u00bb global_colors_info=\u00bb{}\u00bb theme_builder_area=\u00bbpost_content\u00bb][et_pb_column type=\u00bb4_4&#8243; _builder_version=\u00bb4.19.5&#8243; _module_preset=\u00bbdefault\u00bb global_colors_info=\u00bb{}\u00bb theme_builder_area=\u00bbpost_content\u00bb][et_pb_text _builder_version=\u00bb4.20.0&#8243; _module_preset=\u00bbdefault\u00bb link_font=\u00bb||||on||||\u00bb link_text_color=\u00bb#00857C\u00bb header_2_font=\u00bb|||on|||||\u00bb header_2_text_color=\u00bb#00857C\u00bb background_color=\u00bb#FFFFFF\u00bb custom_padding=\u00bb20px|20px|20px|20px|true|true\u00bb hover_enabled=\u00bb0&#8243; border_radii=\u00bbon|6px|6px|6px|6px\u00bb border_width_left=\u00bb5px\u00bb border_color_left=\u00bb#05A29B\u00bb box_shadow_style=\u00bbpreset2&#8243; global_colors_info=\u00bb{}\u00bb theme_builder_area=\u00bbpost_content\u00bb sticky_enabled=\u00bb0&#8243;]<\/p>\n<h2 class=\"Default\" style=\"text-align: center;\"><strong>Varicela<\/strong><\/h2>\n<p style=\"text-align: justify;\">Se realizar\u00e1 serolog\u00eda espec\u00edfica pretratamiento incluso en el caso de que sean positivos los antecedentes de padecimiento previo, no siendo necesaria si con anterioridad se han recibido dos dosis de vacuna. Si es negativa, recibir\u00e1 una o dos dosis (seg\u00fan las recibidas previamente) al menos cuatro semanas antes de iniciar el tratamiento. Si se encuentra en tratamiento inmunosupresor, esperar al menos tres meses despu\u00e9s de finalizado. No es necesaria la serolog\u00eda posterior.<\/p>\n<p>[\/et_pb_text][\/et_pb_column][\/et_pb_row][\/et_pb_section][et_pb_section fb_built=\u00bb1&#8243; admin_label=\u00bbPopup &#8211; #3&#8243; module_id=\u00bb3&#8243; module_class=\u00bbpopup\u00bb _builder_version=\u00bb4.20.0&#8243; _module_preset=\u00bbdefault\u00bb background_color=\u00bbrgba(37,163,156,0.34)\u00bb width=\u00bb66%\u00bb max_width=\u00bb66%\u00bb hover_enabled=\u00bb0&#8243; da_is_popup=\u00bbon\u00bb da_popup_slug=\u00bb3&#8243; da_disable_devices=\u00bboff|off|off\u00bb global_colors_info=\u00bb{}\u00bb theme_builder_area=\u00bbpost_content\u00bb sticky_enabled=\u00bb0&#8243; da_exit_intent=\u00bboff\u00bb da_has_close=\u00bbon\u00bb da_alt_close=\u00bboff\u00bb da_dark_close=\u00bboff\u00bb da_not_modal=\u00bbon\u00bb da_is_singular=\u00bboff\u00bb da_with_loader=\u00bboff\u00bb da_has_shadow=\u00bbon\u00bb][et_pb_row _builder_version=\u00bb4.19.5&#8243; _module_preset=\u00bbdefault\u00bb global_colors_info=\u00bb{}\u00bb theme_builder_area=\u00bbpost_content\u00bb][et_pb_column type=\u00bb4_4&#8243; _builder_version=\u00bb4.19.5&#8243; _module_preset=\u00bbdefault\u00bb global_colors_info=\u00bb{}\u00bb theme_builder_area=\u00bbpost_content\u00bb][et_pb_text _builder_version=\u00bb4.20.0&#8243; _module_preset=\u00bbdefault\u00bb link_font=\u00bb||||on||||\u00bb link_text_color=\u00bb#00857C\u00bb header_2_font=\u00bb|||on|||||\u00bb header_2_text_color=\u00bb#00857C\u00bb background_color=\u00bb#FFFFFF\u00bb custom_padding=\u00bb20px|20px|20px|20px|true|true\u00bb hover_enabled=\u00bb0&#8243; border_radii=\u00bbon|6px|6px|6px|6px\u00bb border_width_left=\u00bb5px\u00bb border_color_left=\u00bb#05A29B\u00bb box_shadow_style=\u00bbpreset2&#8243; global_colors_info=\u00bb{}\u00bb theme_builder_area=\u00bbpost_content\u00bb sticky_enabled=\u00bb0&#8243;]<\/p>\n<h2 class=\"Default\" style=\"text-align: center;\"><strong>Hepatitis B<\/strong><\/h2>\n<p style=\"text-align: justify;\">Solo se recomienda en quienes presentan riesgo elevado de infecci\u00f3n y tras realizar estudio serol\u00f3gico (AgHBs, anti-HBs y anti-HBc).<\/p>\n<p>[\/et_pb_text][\/et_pb_column][\/et_pb_row][\/et_pb_section][et_pb_section fb_built=\u00bb1&#8243; admin_label=\u00bbPopup &#8211; #4&#8243; module_id=\u00bb4&#8243; module_class=\u00bbpopup\u00bb _builder_version=\u00bb4.20.0&#8243; _module_preset=\u00bbdefault\u00bb background_color=\u00bbrgba(37,163,156,0.34)\u00bb width=\u00bb66%\u00bb max_width=\u00bb66%\u00bb hover_enabled=\u00bb0&#8243; da_is_popup=\u00bbon\u00bb da_popup_slug=\u00bb4&#8243; da_disable_devices=\u00bboff|off|off\u00bb global_colors_info=\u00bb{}\u00bb theme_builder_area=\u00bbpost_content\u00bb sticky_enabled=\u00bb0&#8243; da_exit_intent=\u00bboff\u00bb da_has_close=\u00bbon\u00bb da_alt_close=\u00bboff\u00bb da_dark_close=\u00bboff\u00bb da_not_modal=\u00bbon\u00bb da_is_singular=\u00bboff\u00bb da_with_loader=\u00bboff\u00bb da_has_shadow=\u00bbon\u00bb][et_pb_row _builder_version=\u00bb4.19.5&#8243; _module_preset=\u00bbdefault\u00bb global_colors_info=\u00bb{}\u00bb theme_builder_area=\u00bbpost_content\u00bb][et_pb_column type=\u00bb4_4&#8243; _builder_version=\u00bb4.19.5&#8243; _module_preset=\u00bbdefault\u00bb global_colors_info=\u00bb{}\u00bb theme_builder_area=\u00bbpost_content\u00bb][et_pb_text _builder_version=\u00bb4.20.0&#8243; _module_preset=\u00bbdefault\u00bb link_font=\u00bb||||on||||\u00bb link_text_color=\u00bb#00857C\u00bb header_2_font=\u00bb|||on|||||\u00bb header_2_text_color=\u00bb#00857C\u00bb background_color=\u00bb#FFFFFF\u00bb custom_padding=\u00bb20px|20px|20px|20px|true|true\u00bb hover_enabled=\u00bb0&#8243; border_radii=\u00bbon|6px|6px|6px|6px\u00bb border_width_left=\u00bb5px\u00bb border_color_left=\u00bb#05A29B\u00bb box_shadow_style=\u00bbpreset2&#8243; global_colors_info=\u00bb{}\u00bb theme_builder_area=\u00bbpost_content\u00bb sticky_enabled=\u00bb0&#8243;]<\/p>\n<h2 class=\"Default\" style=\"text-align: center;\"><strong>Neumococo<\/strong><\/h2>\n<p style=\"text-align: justify;\">En caso de presentar inmunosupresi\u00f3n se administrar\u00e1 pauta secuencial (VNC13+VNP23) con intervalo de separaci\u00f3n recomendado entre dosis de 12 meses (m\u00ednimo de 8 semanas).<\/p>\n<p>[\/et_pb_text][\/et_pb_column][\/et_pb_row][\/et_pb_section][et_pb_section fb_built=\u00bb1&#8243; admin_label=\u00bbPopup &#8211; #5&#8243; module_id=\u00bb5&#8243; module_class=\u00bbpopup\u00bb _builder_version=\u00bb4.20.0&#8243; _module_preset=\u00bbdefault\u00bb background_color=\u00bbrgba(37,163,156,0.34)\u00bb width=\u00bb66%\u00bb max_width=\u00bb66%\u00bb hover_enabled=\u00bb0&#8243; da_is_popup=\u00bbon\u00bb da_popup_slug=\u00bb5&#8243; da_disable_devices=\u00bboff|off|off\u00bb global_colors_info=\u00bb{}\u00bb theme_builder_area=\u00bbpost_content\u00bb sticky_enabled=\u00bb0&#8243; da_exit_intent=\u00bboff\u00bb da_has_close=\u00bbon\u00bb da_alt_close=\u00bboff\u00bb da_dark_close=\u00bboff\u00bb da_not_modal=\u00bbon\u00bb da_is_singular=\u00bboff\u00bb da_with_loader=\u00bboff\u00bb da_has_shadow=\u00bbon\u00bb][et_pb_row _builder_version=\u00bb4.19.5&#8243; _module_preset=\u00bbdefault\u00bb global_colors_info=\u00bb{}\u00bb theme_builder_area=\u00bbpost_content\u00bb][et_pb_column type=\u00bb4_4&#8243; _builder_version=\u00bb4.19.5&#8243; _module_preset=\u00bbdefault\u00bb global_colors_info=\u00bb{}\u00bb theme_builder_area=\u00bbpost_content\u00bb][et_pb_text _builder_version=\u00bb4.20.0&#8243; _module_preset=\u00bbdefault\u00bb link_font=\u00bb||||on||||\u00bb link_text_color=\u00bb#00857C\u00bb header_2_font=\u00bb|||on|||||\u00bb header_2_text_color=\u00bb#00857C\u00bb background_color=\u00bb#FFFFFF\u00bb custom_padding=\u00bb20px|20px|20px|20px|true|true\u00bb hover_enabled=\u00bb0&#8243; border_radii=\u00bbon|6px|6px|6px|6px\u00bb border_width_left=\u00bb5px\u00bb border_color_left=\u00bb#05A29B\u00bb box_shadow_style=\u00bbpreset2&#8243; global_colors_info=\u00bb{}\u00bb theme_builder_area=\u00bbpost_content\u00bb sticky_enabled=\u00bb0&#8243;]<\/p>\n<h2 class=\"Default\" style=\"text-align: center;\"><strong>Gripe<\/strong><\/h2>\n<p style=\"text-align: justify;\">Se recomienda la vacunaci\u00f3n anual.<\/p>\n<p>[\/et_pb_text][\/et_pb_column][\/et_pb_row][\/et_pb_section]<\/p>\n","protected":false},"excerpt":{"rendered":"<p>Enfermedades inflamatorias cr\u00f3nicasExplicaci\u00f3nRecomendaciones espec\u00edficas de vacunaci\u00f3n<div id=\"explicacion\" class=\"et_pb_module dsm_text_divider dsm_text_divider_0\">\n\t\t\t\t\n\t\t\t\t\n\t\t\t\t\n\t\t\t\t\n\t\t\t\t\n\t\t\t\t\n\t\t\t\t<div class=\"et_pb_module_inner\">\n\t\t\t\t\t<div id=\"explicacion\" class=\"dsm-text-divider-wrapper dsm-text-divider-align-center et_pb_bg_layout_light\">\n\t\t\t\t\n\t\t\t\t\n\t\t\t\t<div class=\"dsm-text-divider-before dsm-divider\"><\/div>\n\t\t\t\t<h3 class=\"dsm-text-divider-header et_pb_module_header\"><span>Explicaci\u00f3n<\/span><\/h3>\n\t\t\t\t<div class=\"dsm-text-divider-after dsm-divider\"><\/div>\n\t\t\t<\/div>\n\t\t\t\t<\/div>\n\t\t\t<\/div>En este grupo se incluyen la enfermedad Inflamatoria Intestinal (EII), artropat\u00edas inflamatorias y tambi\u00e9n determinadas condiciones dermatol\u00f3gicas inflamatorias. En este apartado se tratar\u00e1n las recomendaciones en EII (enfermedad de Crohn y colitis ulcerosa) y artropat\u00edas inflamatorias (lupus eritematoso sist\u00e9mico \u2013LES-, artritis reumatoide o [&hellip;]<\/p>\n","protected":false},"author":2,"featured_media":0,"parent":0,"menu_order":0,"comment_status":"closed","ping_status":"closed","template":"","meta":{"_et_pb_use_builder":"on","_et_pb_old_content":"","_et_gb_content_width":"1389","footnotes":""},"class_list":["post-1050","page","type-page","status-publish","hentry"],"_links":{"self":[{"href":"https:\/\/enfermeriayvacunas.es\/buscador-faq\/wp-json\/wp\/v2\/pages\/1050","targetHints":{"allow":["GET"]}}],"collection":[{"href":"https:\/\/enfermeriayvacunas.es\/buscador-faq\/wp-json\/wp\/v2\/pages"}],"about":[{"href":"https:\/\/enfermeriayvacunas.es\/buscador-faq\/wp-json\/wp\/v2\/types\/page"}],"author":[{"embeddable":true,"href":"https:\/\/enfermeriayvacunas.es\/buscador-faq\/wp-json\/wp\/v2\/users\/2"}],"replies":[{"embeddable":true,"href":"https:\/\/enfermeriayvacunas.es\/buscador-faq\/wp-json\/wp\/v2\/comments?post=1050"}],"version-history":[{"count":8,"href":"https:\/\/enfermeriayvacunas.es\/buscador-faq\/wp-json\/wp\/v2\/pages\/1050\/revisions"}],"predecessor-version":[{"id":1272,"href":"https:\/\/enfermeriayvacunas.es\/buscador-faq\/wp-json\/wp\/v2\/pages\/1050\/revisions\/1272"}],"wp:attachment":[{"href":"https:\/\/enfermeriayvacunas.es\/buscador-faq\/wp-json\/wp\/v2\/media?parent=1050"}],"curies":[{"name":"wp","href":"https:\/\/api.w.org\/{rel}","templated":true}]}}